{"id":168316,"date":"2013-10-25T19:47:38","date_gmt":"2013-10-25T23:47:38","guid":{"rendered":"https:\/\/irpp-policy-options.local\/events\/electoral-and-civic-involvement-of-canadas-immigrant-communities\/"},"modified":"2013-10-25T19:47:38","modified_gmt":"2013-10-25T23:47:38","slug":"electoral-and-civic-involvement-of-canadas-immigrant-communities","status":"publish","type":"events","link":"https:\/\/potestlaunch.irpp.org\/fr\/events\/electoral-and-civic-involvement-of-canadas-immigrant-communities\/","title":{"rendered":"Electoral and Civic Involvement of Canada&rsquo;s Immigrant Communities"},"content":{"rendered":"<p style=\"color: #000000;\">Le 25 octobre 2013, l&rsquo;IRPP a tenu un atelier sur la participation \u00e9lectorale et civique des communaut\u00e9s d&rsquo;immigrants au Canada, appuy\u00e9 par \u00c9lections Canada, Samara, la Fondation Maytree et le Centre pour l&rsquo;\u00e9tude de la citoyennet\u00e9 d\u00e9mocratique de l&rsquo;Universit\u00e9 McGill. Sp\u00e9cialistes universitaires, d\u00e9l\u00e9gu\u00e9s des gouvernements, anciens militants de partis politiques et repr\u00e9sentants d&rsquo;organisations gouvernementales \u2013 en tout plus de 30 participants \u2013 s&rsquo;\u00e9taient r\u00e9unis dans les bureaux de Samara \u00e0 Toronto.<\/p>\n<p style=\"color: #000000;\"><strong>Pr\u00e9sentations:<\/strong><\/p>\n<p><iframe id=\"doc_97434\" class=\"scribd_iframe_embed\" src=\"https:\/\/www.scribd.com\/embeds\/312008579\/content?start_page=1&amp;view_mode=scroll&amp;access_key=key-ADRWdDgh01FpoazHa24F&amp;show_recommendations=true\" width=\"100%\" height=\"600\" frameborder=\"0\" scrolling=\"no\" data-auto-height=\"false\" data-aspect-ratio=\"1.3323485967503692\"><\/iframe><\/p>\n<p style=\"color: #000000;\"><strong>Session 1: Trends in Minority Representation and Public Attitudes<\/strong><\/p>\n<p style=\"color: #000000;\">Karen Bird<\/p>\n<p style=\"color: #000000;\">Antoine Bilodeau<\/p>\n<p style=\"color: #000000;\">Livianna Tossutti and\u00a0Jane Hilderman<\/p>\n<p style=\"color: #000000;\"><strong>Session 2: City Council Representativeness and Local Dynamics<\/strong><\/p>\n<p style=\"color: #000000;\">Myer Siemiatycki<\/p>\n<p style=\"color: #000000;\">Wendy Cukier<\/p>\n<p style=\"color: #000000;\">Chima Nkemdirim<\/p>\n<p style=\"color: #000000;\"><strong>Session 3: Recruitment and Candidate Selection<\/strong><\/p>\n<p style=\"color: #000000;\">Greg Sorbara<\/p>\n<p style=\"color: #000000;\">Raj Sihota<\/p>\n<p style=\"color: #000000;\">Alejandra Bravo<\/p>\n<p style=\"color: #000000;\">Matt Smith<\/p>\n<p style=\"color: #000000;\"><strong>Session 4: Civic Participation and the Role of Civil Society Organizations<\/strong><\/p>\n<p style=\"color: #000000;\">Alison Loat<\/p>\n<p style=\"color: #000000;\">Eyob Naizghi<\/p>\n<p style=\"color: #000000;\">Anne-Marie Pham<\/p>\n<p style=\"color: #000000;\">St\u00e9phanie Casimir<\/p>\n<p style=\"color: #000000;\"><strong>Session 5: Summing Up<\/strong><\/p>\n<p style=\"color: #000000;\">Ratna Omidvar<\/p>\n","protected":false},"excerpt":{"rendered":"<p>Le 25 octobre 2013, l&rsquo;IRPP a tenu un atelier sur la participation \u00e9lectorale et civique des communaut\u00e9s d&rsquo;immigrants au Canada.<\/p>\n","protected":false},"featured_media":134163,"parent":0,"template":"","meta":{"_acf_changed":false,"content-type":"","ep_exclude_from_search":false},"event-source":[],"event-type":[6672,6660],"class_list":["post-168316","events","type-events","status-publish","has-post-thumbnail","hentry","event-type-atelier","event-type-events"],"acf":[],"yoast_head":"<!-- This site is optimized with the Yoast SEO plugin v25.2 - https:\/\/yoast.com\/wordpress\/plugins\/seo\/ -->\n<title>Electoral and Civic Involvement of Canada&#039;s Immigrant Communities<\/title>\n<meta name=\"description\" content=\"Le 25 octobre 2013, l&#039;IRPP a tenu un atelier sur la participation \u00e9lectorale et civique des communaut\u00e9s d&#039;immigrants au Canada.\" \/>\n<meta name=\"robots\" content=\"index, follow, max-snippet:-1, max-image-preview:large, max-video-preview:-1\" \/>\n<link rel=\"canonical\" href=\"https:\/\/potestlaunch.irpp.org\/fr\/events\/electoral-and-civic-involvement-of-canadas-immigrant-communities\/\" \/>\n<meta property=\"og:locale\" content=\"fr_FR\" \/>\n<meta property=\"og:type\" content=\"article\" \/>\n<meta property=\"og:title\" content=\"Electoral and Civic Involvement of Canada&#039;s Immigrant Communities\" \/>\n<meta property=\"og:description\" content=\"Le 25 octobre 2013, l&#039;IRPP a tenu un atelier sur la participation \u00e9lectorale et civique des communaut\u00e9s d&#039;immigrants au Canada.\" \/>\n<meta property=\"og:url\" content=\"https:\/\/potestlaunch.irpp.org\/fr\/events\/electoral-and-civic-involvement-of-canadas-immigrant-communities\/\" \/>\n<meta property=\"og:site_name\" content=\"Policy Options\" \/>\n<meta property=\"article:publisher\" content=\"https:\/\/www.facebook.com\/IRPP.org\" \/>\n<meta property=\"og:image\" content=\"https:\/\/potestlaunch.irpp.org\/wp-content\/uploads\/2025\/03\/canadian-with-flag.jpg\" \/>\n\t<meta property=\"og:image:width\" content=\"2000\" \/>\n\t<meta property=\"og:image:height\" content=\"700\" \/>\n\t<meta property=\"og:image:type\" content=\"image\/jpeg\" \/>\n<meta name=\"twitter:card\" content=\"summary_large_image\" \/>\n<meta name=\"twitter:site\" content=\"@irpp\" \/>\n<meta name=\"twitter:label1\" content=\"Est. reading time\" \/>\n\t<meta name=\"twitter:data1\" content=\"1 minute\" \/>\n<script type=\"application\/ld+json\" class=\"yoast-schema-graph\">{\"@context\":\"https:\/\/schema.org\",\"@graph\":[{\"@type\":\"WebPage\",\"@id\":\"https:\/\/potestlaunch.irpp.org\/fr\/events\/electoral-and-civic-involvement-of-canadas-immigrant-communities\/\",\"url\":\"https:\/\/potestlaunch.irpp.org\/fr\/events\/electoral-and-civic-involvement-of-canadas-immigrant-communities\/\",\"name\":\"Electoral and Civic Involvement of Canada's Immigrant Communities\",\"isPartOf\":{\"@id\":\"https:\/\/potestlaunch.irpp.org\/fr\/#website\"},\"primaryImageOfPage\":{\"@id\":\"https:\/\/potestlaunch.irpp.org\/fr\/events\/electoral-and-civic-involvement-of-canadas-immigrant-communities\/#primaryimage\"},\"image\":{\"@id\":\"https:\/\/potestlaunch.irpp.org\/fr\/events\/electoral-and-civic-involvement-of-canadas-immigrant-communities\/#primaryimage\"},\"thumbnailUrl\":\"https:\/\/potestlaunch.irpp.org\/wp-content\/uploads\/2025\/03\/canadian-with-flag.jpg\",\"datePublished\":\"2013-10-25T23:47:38+00:00\",\"description\":\"Le 25 octobre 2013, l'IRPP a tenu un atelier sur la participation \u00e9lectorale et civique des communaut\u00e9s d'immigrants au Canada.\",\"breadcrumb\":{\"@id\":\"https:\/\/potestlaunch.irpp.org\/fr\/events\/electoral-and-civic-involvement-of-canadas-immigrant-communities\/#breadcrumb\"},\"inLanguage\":\"fr-FR\",\"potentialAction\":[{\"@type\":\"ReadAction\",\"target\":[\"https:\/\/potestlaunch.irpp.org\/fr\/events\/electoral-and-civic-involvement-of-canadas-immigrant-communities\/\"]}]},{\"@type\":\"ImageObject\",\"inLanguage\":\"fr-FR\",\"@id\":\"https:\/\/potestlaunch.irpp.org\/fr\/events\/electoral-and-civic-involvement-of-canadas-immigrant-communities\/#primaryimage\",\"url\":\"https:\/\/potestlaunch.irpp.org\/wp-content\/uploads\/2025\/03\/canadian-with-flag.jpg\",\"contentUrl\":\"https:\/\/potestlaunch.irpp.org\/wp-content\/uploads\/2025\/03\/canadian-with-flag.jpg\",\"width\":2000,\"height\":700},{\"@type\":\"BreadcrumbList\",\"@id\":\"https:\/\/potestlaunch.irpp.org\/fr\/events\/electoral-and-civic-involvement-of-canadas-immigrant-communities\/#breadcrumb\",\"itemListElement\":[{\"@type\":\"ListItem\",\"position\":1,\"name\":\"Home\",\"item\":\"https:\/\/potestlaunch.irpp.org\/fr\/\"},{\"@type\":\"ListItem\",\"position\":2,\"name\":\"Electoral and Civic Involvement of Canada&#8217;s Immigrant Communities\"}]},{\"@type\":\"WebSite\",\"@id\":\"https:\/\/potestlaunch.irpp.org\/fr\/#website\",\"url\":\"https:\/\/potestlaunch.irpp.org\/fr\/\",\"name\":\"Policy Options\",\"description\":\"Institute for Research on Public Policy\",\"publisher\":{\"@id\":\"https:\/\/potestlaunch.irpp.org\/fr\/#organization\"},\"potentialAction\":[{\"@type\":\"SearchAction\",\"target\":{\"@type\":\"EntryPoint\",\"urlTemplate\":\"https:\/\/potestlaunch.irpp.org\/fr\/?s={search_term_string}\"},\"query-input\":{\"@type\":\"PropertyValueSpecification\",\"valueRequired\":true,\"valueName\":\"search_term_string\"}}],\"inLanguage\":\"fr-FR\"},{\"@type\":\"Organization\",\"@id\":\"https:\/\/potestlaunch.irpp.org\/fr\/#organization\",\"name\":\"Policy Options\",\"url\":\"https:\/\/potestlaunch.irpp.org\/fr\/\",\"logo\":{\"@type\":\"ImageObject\",\"inLanguage\":\"fr-FR\",\"@id\":\"https:\/\/potestlaunch.irpp.org\/fr\/#\/schema\/logo\/image\/\",\"url\":\"https:\/\/potestlaunch.irpp.org\/wp-content\/uploads\/2024\/11\/PolicyOptions_Logo.png\",\"contentUrl\":\"https:\/\/potestlaunch.irpp.org\/wp-content\/uploads\/2024\/11\/PolicyOptions_Logo.png\",\"width\":1200,\"height\":365,\"caption\":\"Policy Options\"},\"image\":{\"@id\":\"https:\/\/potestlaunch.irpp.org\/fr\/#\/schema\/logo\/image\/\"},\"sameAs\":[\"https:\/\/www.facebook.com\/IRPP.org\",\"https:\/\/x.com\/irpp\"]}]}<\/script>\n<!-- \/ Yoast SEO plugin. -->","yoast_head_json":{"title":"Electoral and Civic Involvement of Canada's Immigrant Communities","description":"Le 25 octobre 2013, l'IRPP a tenu un atelier sur la participation \u00e9lectorale et civique des communaut\u00e9s d'immigrants au Canada.","robots":{"index":"index","follow":"follow","max-snippet":"max-snippet:-1","max-image-preview":"max-image-preview:large","max-video-preview":"max-video-preview:-1"},"canonical":"https:\/\/potestlaunch.irpp.org\/fr\/events\/electoral-and-civic-involvement-of-canadas-immigrant-communities\/","og_locale":"fr_FR","og_type":"article","og_title":"Electoral and Civic Involvement of Canada's Immigrant Communities","og_description":"Le 25 octobre 2013, l'IRPP a tenu un atelier sur la participation \u00e9lectorale et civique des communaut\u00e9s d'immigrants au Canada.","og_url":"https:\/\/potestlaunch.irpp.org\/fr\/events\/electoral-and-civic-involvement-of-canadas-immigrant-communities\/","og_site_name":"Policy Options","article_publisher":"https:\/\/www.facebook.com\/IRPP.org","og_image":[{"width":2000,"height":700,"url":"https:\/\/potestlaunch.irpp.org\/wp-content\/uploads\/2025\/03\/canadian-with-flag.jpg","type":"image\/jpeg"}],"twitter_card":"summary_large_image","twitter_site":"@irpp","twitter_misc":{"Est. reading time":"1 minute"},"schema":{"@context":"https:\/\/schema.org","@graph":[{"@type":"WebPage","@id":"https:\/\/potestlaunch.irpp.org\/fr\/events\/electoral-and-civic-involvement-of-canadas-immigrant-communities\/","url":"https:\/\/potestlaunch.irpp.org\/fr\/events\/electoral-and-civic-involvement-of-canadas-immigrant-communities\/","name":"Electoral and Civic Involvement of Canada's Immigrant Communities","isPartOf":{"@id":"https:\/\/potestlaunch.irpp.org\/fr\/#website"},"primaryImageOfPage":{"@id":"https:\/\/potestlaunch.irpp.org\/fr\/events\/electoral-and-civic-involvement-of-canadas-immigrant-communities\/#primaryimage"},"image":{"@id":"https:\/\/potestlaunch.irpp.org\/fr\/events\/electoral-and-civic-involvement-of-canadas-immigrant-communities\/#primaryimage"},"thumbnailUrl":"https:\/\/potestlaunch.irpp.org\/wp-content\/uploads\/2025\/03\/canadian-with-flag.jpg","datePublished":"2013-10-25T23:47:38+00:00","description":"Le 25 octobre 2013, l'IRPP a tenu un atelier sur la participation \u00e9lectorale et civique des communaut\u00e9s d'immigrants au Canada.","breadcrumb":{"@id":"https:\/\/potestlaunch.irpp.org\/fr\/events\/electoral-and-civic-involvement-of-canadas-immigrant-communities\/#breadcrumb"},"inLanguage":"fr-FR","potentialAction":[{"@type":"ReadAction","target":["https:\/\/potestlaunch.irpp.org\/fr\/events\/electoral-and-civic-involvement-of-canadas-immigrant-communities\/"]}]},{"@type":"ImageObject","inLanguage":"fr-FR","@id":"https:\/\/potestlaunch.irpp.org\/fr\/events\/electoral-and-civic-involvement-of-canadas-immigrant-communities\/#primaryimage","url":"https:\/\/potestlaunch.irpp.org\/wp-content\/uploads\/2025\/03\/canadian-with-flag.jpg","contentUrl":"https:\/\/potestlaunch.irpp.org\/wp-content\/uploads\/2025\/03\/canadian-with-flag.jpg","width":2000,"height":700},{"@type":"BreadcrumbList","@id":"https:\/\/potestlaunch.irpp.org\/fr\/events\/electoral-and-civic-involvement-of-canadas-immigrant-communities\/#breadcrumb","itemListElement":[{"@type":"ListItem","position":1,"name":"Home","item":"https:\/\/potestlaunch.irpp.org\/fr\/"},{"@type":"ListItem","position":2,"name":"Electoral and Civic Involvement of Canada&#8217;s Immigrant Communities"}]},{"@type":"WebSite","@id":"https:\/\/potestlaunch.irpp.org\/fr\/#website","url":"https:\/\/potestlaunch.irpp.org\/fr\/","name":"Policy Options","description":"Institute for Research on Public Policy","publisher":{"@id":"https:\/\/potestlaunch.irpp.org\/fr\/#organization"},"potentialAction":[{"@type":"SearchAction","target":{"@type":"EntryPoint","urlTemplate":"https:\/\/potestlaunch.irpp.org\/fr\/?s={search_term_string}"},"query-input":{"@type":"PropertyValueSpecification","valueRequired":true,"valueName":"search_term_string"}}],"inLanguage":"fr-FR"},{"@type":"Organization","@id":"https:\/\/potestlaunch.irpp.org\/fr\/#organization","name":"Policy Options","url":"https:\/\/potestlaunch.irpp.org\/fr\/","logo":{"@type":"ImageObject","inLanguage":"fr-FR","@id":"https:\/\/potestlaunch.irpp.org\/fr\/#\/schema\/logo\/image\/","url":"https:\/\/potestlaunch.irpp.org\/wp-content\/uploads\/2024\/11\/PolicyOptions_Logo.png","contentUrl":"https:\/\/potestlaunch.irpp.org\/wp-content\/uploads\/2024\/11\/PolicyOptions_Logo.png","width":1200,"height":365,"caption":"Policy Options"},"image":{"@id":"https:\/\/potestlaunch.irpp.org\/fr\/#\/schema\/logo\/image\/"},"sameAs":["https:\/\/www.facebook.com\/IRPP.org","https:\/\/x.com\/irpp"]}]}},"_links":{"self":[{"href":"https:\/\/potestlaunch.irpp.org\/fr\/wp-json\/wp\/v2\/events\/168316","targetHints":{"allow":["GET"]}}],"collection":[{"href":"https:\/\/potestlaunch.irpp.org\/fr\/wp-json\/wp\/v2\/events"}],"about":[{"href":"https:\/\/potestlaunch.irpp.org\/fr\/wp-json\/wp\/v2\/types\/events"}],"wp:featuredmedia":[{"embeddable":true,"href":"https:\/\/potestlaunch.irpp.org\/fr\/wp-json\/wp\/v2\/media\/134163"}],"wp:attachment":[{"href":"https:\/\/potestlaunch.irpp.org\/fr\/wp-json\/wp\/v2\/media?parent=168316"}],"wp:term":[{"taxonomy":"event-source","embeddable":true,"href":"https:\/\/potestlaunch.irpp.org\/fr\/wp-json\/wp\/v2\/event-source?post=168316"},{"taxonomy":"event-type","embeddable":true,"href":"https:\/\/potestlaunch.irpp.org\/fr\/wp-json\/wp\/v2\/event-type?post=168316"}],"curies":[{"name":"wp","href":"https:\/\/api.w.org\/{rel}","templated":true}]}}