{"id":168408,"date":"2016-02-01T15:56:00","date_gmt":"2016-02-01T20:56:00","guid":{"rendered":"https:\/\/irpp-policy-options.local\/events\/income-inequality-the-canadian-story\/"},"modified":"2025-04-01T14:38:01","modified_gmt":"2025-04-01T18:38:01","slug":"income-inequality-the-canadian-story","status":"publish","type":"events","link":"https:\/\/potestlaunch.irpp.org\/fr\/events\/income-inequality-the-canadian-story\/","title":{"rendered":"Income Inequality: The Canadian Story"},"content":{"rendered":"<p>Depuis plusieurs ann\u00e9es, les in\u00e9galit\u00e9s croissantes de revenu sont au c\u0153ur du d\u00e9bat public canadien. Cet enjeu fait d\u00e9sormais partie des grandes priorit\u00e9s du nouveau gouvernement f\u00e9d\u00e9ral. En f\u00e9vrier 2016, l&rsquo;IRPP a publi\u00e9 l&rsquo;ouvrage <a href=\"https:\/\/irpp.org\/fr\/recherche\/en-fr\/\"><em>Income Inequality:The Canadian Story<\/em><\/a>, le cinqui\u00e8me de sa collection L&rsquo;art de l&rsquo;\u00c9tat. L&rsquo;honorable Jean-Yves Duclos, ministre de la Famille, des Enfants et du D\u00e9veloppement social, a assist\u00e9 au lancement.<\/p>\n<p>Cet ouvrage est le fruit d&rsquo;une collaboration de recherche de deux ans entre l&rsquo;IRPP et le R\u00e9seau canadien de chercheurs dans le domaine du march\u00e9 du travail et des comp\u00e9tences (RCCMTC). Il r\u00e9unit les travaux de 27 \u00e9minents experts canadiens, qui examinent les tendances en mati\u00e8re d&rsquo;in\u00e9galit\u00e9s de revenu au Canada, les facteurs contribuant \u00e0 leur croissance marqu\u00e9e depuis les ann\u00e9es 1980, ainsi que le r\u00f4le des politiques. Leurs recherches et analyses visent \u00e0 \u00e9clairer le d\u00e9bat public, durant les ann\u00e9es \u00e0 venir, sur ces enjeux cl\u00e9s de la soci\u00e9t\u00e9 canadienne.<\/p>\n<p>&nbsp;<\/p>\n<p><a href=\"https:\/\/potestlaunch.irpp.org\/wp-content\/uploads\/2025\/03\/book-cover.png\" rel=\"attachment wp-att-6427\"><img decoding=\"async\" class=\"alignleft wp-image-6427 size-full\" src=\"https:\/\/potestlaunch.irpp.org\/wp-content\/uploads\/2025\/03\/book-cover.png\" alt=\"book-cover\" width=\"166\" height=\"250\" \/><\/a>\u00ab Cet ouvrage propose une analyse approfondie des tendances en mati\u00e8re d&rsquo;in\u00e9galit\u00e9s au Canada, y compris de leurs sch\u00e9mas sous-jacents et des r\u00e9ponses politiques qu&rsquo;elles suscitent. C&rsquo;est une lecture indispensable pour quiconque souhaite comprendre l&rsquo;inqui\u00e9tante \u00e9volution de ces tendances, tant au Canada qu&rsquo;ailleurs dans le monde, et cherche des moyens d&rsquo;action pour y rem\u00e9dier. \u00bb<br \/>\n\u2014 JOSEPH E. STIGLITZ, Prix Nobel d&rsquo;\u00e9conomie, Universit\u00e9 Columbia<\/p>\n<p>&nbsp;<\/p>\n","protected":false},"excerpt":{"rendered":"<p>Depuis plusieurs ann\u00e9es, les in\u00e9galit\u00e9s croissantes de revenu sont au c\u0153ur du d\u00e9bat public canadien. Cet enjeu fait d\u00e9sormais partie des grandes priorit\u00e9s du nouveau gouvernement f\u00e9d\u00e9ral. En f\u00e9vrier 2016, l&rsquo;IRPP a publi\u00e9 l&rsquo;ouvrage Income Inequality:The Canadian Story, le cinqui\u00e8me de sa collection L&rsquo;art de l&rsquo;\u00c9tat. L&rsquo;honorable Jean-Yves Duclos, ministre de la Famille, des Enfants [&hellip;]<\/p>\n","protected":false},"featured_media":134442,"parent":0,"template":"","meta":{"_acf_changed":false,"content-type":"","ep_exclude_from_search":false},"event-source":[],"event-type":[6660,6673],"class_list":["post-168408","events","type-events","status-publish","has-post-thumbnail","hentry","event-type-events","event-type-lancement-de-livre"],"acf":[],"yoast_head":"<!-- This site is optimized with the Yoast SEO plugin v25.2 - https:\/\/yoast.com\/wordpress\/plugins\/seo\/ -->\n<title>Income Inequality: The Canadian Story - Policy Options<\/title>\n<meta name=\"robots\" content=\"index, follow, max-snippet:-1, max-image-preview:large, max-video-preview:-1\" \/>\n<link rel=\"canonical\" href=\"https:\/\/potestlaunch.irpp.org\/fr\/events\/income-inequality-the-canadian-story\/\" \/>\n<meta property=\"og:locale\" content=\"fr_FR\" \/>\n<meta property=\"og:type\" content=\"article\" \/>\n<meta property=\"og:title\" content=\"Income Inequality: The Canadian Story - Policy Options\" \/>\n<meta property=\"og:description\" content=\"Depuis plusieurs ann\u00e9es, les in\u00e9galit\u00e9s croissantes de revenu sont au c\u0153ur du d\u00e9bat public canadien. Cet enjeu fait d\u00e9sormais partie des grandes priorit\u00e9s du nouveau gouvernement f\u00e9d\u00e9ral. En f\u00e9vrier 2016, l&rsquo;IRPP a publi\u00e9 l&rsquo;ouvrage Income Inequality:The Canadian Story, le cinqui\u00e8me de sa collection L&rsquo;art de l&rsquo;\u00c9tat. L&rsquo;honorable Jean-Yves Duclos, ministre de la Famille, des Enfants [&hellip;]\" \/>\n<meta property=\"og:url\" content=\"https:\/\/potestlaunch.irpp.org\/fr\/events\/income-inequality-the-canadian-story\/\" \/>\n<meta property=\"og:site_name\" content=\"Policy Options\" \/>\n<meta property=\"article:publisher\" content=\"https:\/\/www.facebook.com\/IRPP.org\" \/>\n<meta property=\"article:modified_time\" content=\"2025-04-01T18:38:01+00:00\" \/>\n<meta property=\"og:image\" content=\"https:\/\/potestlaunch.irpp.org\/wp-content\/uploads\/2025\/03\/Income-inequality.jpg\" \/>\n\t<meta property=\"og:image:width\" content=\"2000\" \/>\n\t<meta property=\"og:image:height\" content=\"700\" \/>\n\t<meta property=\"og:image:type\" content=\"image\/jpeg\" \/>\n<meta name=\"twitter:card\" content=\"summary_large_image\" \/>\n<meta name=\"twitter:site\" content=\"@irpp\" \/>\n<meta name=\"twitter:label1\" content=\"Est. reading time\" \/>\n\t<meta name=\"twitter:data1\" content=\"1 minute\" \/>\n<script type=\"application\/ld+json\" class=\"yoast-schema-graph\">{\"@context\":\"https:\/\/schema.org\",\"@graph\":[{\"@type\":\"WebPage\",\"@id\":\"https:\/\/potestlaunch.irpp.org\/fr\/events\/income-inequality-the-canadian-story\/\",\"url\":\"https:\/\/potestlaunch.irpp.org\/fr\/events\/income-inequality-the-canadian-story\/\",\"name\":\"Income Inequality: The Canadian Story - Policy Options\",\"isPartOf\":{\"@id\":\"https:\/\/potestlaunch.irpp.org\/fr\/#website\"},\"primaryImageOfPage\":{\"@id\":\"https:\/\/potestlaunch.irpp.org\/fr\/events\/income-inequality-the-canadian-story\/#primaryimage\"},\"image\":{\"@id\":\"https:\/\/potestlaunch.irpp.org\/fr\/events\/income-inequality-the-canadian-story\/#primaryimage\"},\"thumbnailUrl\":\"https:\/\/potestlaunch.irpp.org\/wp-content\/uploads\/2025\/03\/Income-inequality.jpg\",\"datePublished\":\"2016-02-01T20:56:00+00:00\",\"dateModified\":\"2025-04-01T18:38:01+00:00\",\"breadcrumb\":{\"@id\":\"https:\/\/potestlaunch.irpp.org\/fr\/events\/income-inequality-the-canadian-story\/#breadcrumb\"},\"inLanguage\":\"fr-FR\",\"potentialAction\":[{\"@type\":\"ReadAction\",\"target\":[\"https:\/\/potestlaunch.irpp.org\/fr\/events\/income-inequality-the-canadian-story\/\"]}]},{\"@type\":\"ImageObject\",\"inLanguage\":\"fr-FR\",\"@id\":\"https:\/\/potestlaunch.irpp.org\/fr\/events\/income-inequality-the-canadian-story\/#primaryimage\",\"url\":\"https:\/\/potestlaunch.irpp.org\/wp-content\/uploads\/2025\/03\/Income-inequality.jpg\",\"contentUrl\":\"https:\/\/potestlaunch.irpp.org\/wp-content\/uploads\/2025\/03\/Income-inequality.jpg\",\"width\":2000,\"height\":700},{\"@type\":\"BreadcrumbList\",\"@id\":\"https:\/\/potestlaunch.irpp.org\/fr\/events\/income-inequality-the-canadian-story\/#breadcrumb\",\"itemListElement\":[{\"@type\":\"ListItem\",\"position\":1,\"name\":\"Home\",\"item\":\"https:\/\/potestlaunch.irpp.org\/fr\/\"},{\"@type\":\"ListItem\",\"position\":2,\"name\":\"Income Inequality: The Canadian Story\"}]},{\"@type\":\"WebSite\",\"@id\":\"https:\/\/potestlaunch.irpp.org\/fr\/#website\",\"url\":\"https:\/\/potestlaunch.irpp.org\/fr\/\",\"name\":\"Policy Options\",\"description\":\"Institute for Research on Public Policy\",\"publisher\":{\"@id\":\"https:\/\/potestlaunch.irpp.org\/fr\/#organization\"},\"potentialAction\":[{\"@type\":\"SearchAction\",\"target\":{\"@type\":\"EntryPoint\",\"urlTemplate\":\"https:\/\/potestlaunch.irpp.org\/fr\/?s={search_term_string}\"},\"query-input\":{\"@type\":\"PropertyValueSpecification\",\"valueRequired\":true,\"valueName\":\"search_term_string\"}}],\"inLanguage\":\"fr-FR\"},{\"@type\":\"Organization\",\"@id\":\"https:\/\/potestlaunch.irpp.org\/fr\/#organization\",\"name\":\"Policy Options\",\"url\":\"https:\/\/potestlaunch.irpp.org\/fr\/\",\"logo\":{\"@type\":\"ImageObject\",\"inLanguage\":\"fr-FR\",\"@id\":\"https:\/\/potestlaunch.irpp.org\/fr\/#\/schema\/logo\/image\/\",\"url\":\"https:\/\/potestlaunch.irpp.org\/wp-content\/uploads\/2024\/11\/PolicyOptions_Logo.png\",\"contentUrl\":\"https:\/\/potestlaunch.irpp.org\/wp-content\/uploads\/2024\/11\/PolicyOptions_Logo.png\",\"width\":1200,\"height\":365,\"caption\":\"Policy Options\"},\"image\":{\"@id\":\"https:\/\/potestlaunch.irpp.org\/fr\/#\/schema\/logo\/image\/\"},\"sameAs\":[\"https:\/\/www.facebook.com\/IRPP.org\",\"https:\/\/x.com\/irpp\"]}]}<\/script>\n<!-- \/ Yoast SEO plugin. -->","yoast_head_json":{"title":"Income Inequality: The Canadian Story - Policy Options","robots":{"index":"index","follow":"follow","max-snippet":"max-snippet:-1","max-image-preview":"max-image-preview:large","max-video-preview":"max-video-preview:-1"},"canonical":"https:\/\/potestlaunch.irpp.org\/fr\/events\/income-inequality-the-canadian-story\/","og_locale":"fr_FR","og_type":"article","og_title":"Income Inequality: The Canadian Story - Policy Options","og_description":"Depuis plusieurs ann\u00e9es, les in\u00e9galit\u00e9s croissantes de revenu sont au c\u0153ur du d\u00e9bat public canadien. Cet enjeu fait d\u00e9sormais partie des grandes priorit\u00e9s du nouveau gouvernement f\u00e9d\u00e9ral. En f\u00e9vrier 2016, l&rsquo;IRPP a publi\u00e9 l&rsquo;ouvrage Income Inequality:The Canadian Story, le cinqui\u00e8me de sa collection L&rsquo;art de l&rsquo;\u00c9tat. L&rsquo;honorable Jean-Yves Duclos, ministre de la Famille, des Enfants [&hellip;]","og_url":"https:\/\/potestlaunch.irpp.org\/fr\/events\/income-inequality-the-canadian-story\/","og_site_name":"Policy Options","article_publisher":"https:\/\/www.facebook.com\/IRPP.org","article_modified_time":"2025-04-01T18:38:01+00:00","og_image":[{"width":2000,"height":700,"url":"https:\/\/potestlaunch.irpp.org\/wp-content\/uploads\/2025\/03\/Income-inequality.jpg","type":"image\/jpeg"}],"twitter_card":"summary_large_image","twitter_site":"@irpp","twitter_misc":{"Est. reading time":"1 minute"},"schema":{"@context":"https:\/\/schema.org","@graph":[{"@type":"WebPage","@id":"https:\/\/potestlaunch.irpp.org\/fr\/events\/income-inequality-the-canadian-story\/","url":"https:\/\/potestlaunch.irpp.org\/fr\/events\/income-inequality-the-canadian-story\/","name":"Income Inequality: The Canadian Story - Policy Options","isPartOf":{"@id":"https:\/\/potestlaunch.irpp.org\/fr\/#website"},"primaryImageOfPage":{"@id":"https:\/\/potestlaunch.irpp.org\/fr\/events\/income-inequality-the-canadian-story\/#primaryimage"},"image":{"@id":"https:\/\/potestlaunch.irpp.org\/fr\/events\/income-inequality-the-canadian-story\/#primaryimage"},"thumbnailUrl":"https:\/\/potestlaunch.irpp.org\/wp-content\/uploads\/2025\/03\/Income-inequality.jpg","datePublished":"2016-02-01T20:56:00+00:00","dateModified":"2025-04-01T18:38:01+00:00","breadcrumb":{"@id":"https:\/\/potestlaunch.irpp.org\/fr\/events\/income-inequality-the-canadian-story\/#breadcrumb"},"inLanguage":"fr-FR","potentialAction":[{"@type":"ReadAction","target":["https:\/\/potestlaunch.irpp.org\/fr\/events\/income-inequality-the-canadian-story\/"]}]},{"@type":"ImageObject","inLanguage":"fr-FR","@id":"https:\/\/potestlaunch.irpp.org\/fr\/events\/income-inequality-the-canadian-story\/#primaryimage","url":"https:\/\/potestlaunch.irpp.org\/wp-content\/uploads\/2025\/03\/Income-inequality.jpg","contentUrl":"https:\/\/potestlaunch.irpp.org\/wp-content\/uploads\/2025\/03\/Income-inequality.jpg","width":2000,"height":700},{"@type":"BreadcrumbList","@id":"https:\/\/potestlaunch.irpp.org\/fr\/events\/income-inequality-the-canadian-story\/#breadcrumb","itemListElement":[{"@type":"ListItem","position":1,"name":"Home","item":"https:\/\/potestlaunch.irpp.org\/fr\/"},{"@type":"ListItem","position":2,"name":"Income Inequality: The Canadian Story"}]},{"@type":"WebSite","@id":"https:\/\/potestlaunch.irpp.org\/fr\/#website","url":"https:\/\/potestlaunch.irpp.org\/fr\/","name":"Policy Options","description":"Institute for Research on Public Policy","publisher":{"@id":"https:\/\/potestlaunch.irpp.org\/fr\/#organization"},"potentialAction":[{"@type":"SearchAction","target":{"@type":"EntryPoint","urlTemplate":"https:\/\/potestlaunch.irpp.org\/fr\/?s={search_term_string}"},"query-input":{"@type":"PropertyValueSpecification","valueRequired":true,"valueName":"search_term_string"}}],"inLanguage":"fr-FR"},{"@type":"Organization","@id":"https:\/\/potestlaunch.irpp.org\/fr\/#organization","name":"Policy Options","url":"https:\/\/potestlaunch.irpp.org\/fr\/","logo":{"@type":"ImageObject","inLanguage":"fr-FR","@id":"https:\/\/potestlaunch.irpp.org\/fr\/#\/schema\/logo\/image\/","url":"https:\/\/potestlaunch.irpp.org\/wp-content\/uploads\/2024\/11\/PolicyOptions_Logo.png","contentUrl":"https:\/\/potestlaunch.irpp.org\/wp-content\/uploads\/2024\/11\/PolicyOptions_Logo.png","width":1200,"height":365,"caption":"Policy Options"},"image":{"@id":"https:\/\/potestlaunch.irpp.org\/fr\/#\/schema\/logo\/image\/"},"sameAs":["https:\/\/www.facebook.com\/IRPP.org","https:\/\/x.com\/irpp"]}]}},"_links":{"self":[{"href":"https:\/\/potestlaunch.irpp.org\/fr\/wp-json\/wp\/v2\/events\/168408","targetHints":{"allow":["GET"]}}],"collection":[{"href":"https:\/\/potestlaunch.irpp.org\/fr\/wp-json\/wp\/v2\/events"}],"about":[{"href":"https:\/\/potestlaunch.irpp.org\/fr\/wp-json\/wp\/v2\/types\/events"}],"wp:featuredmedia":[{"embeddable":true,"href":"https:\/\/potestlaunch.irpp.org\/fr\/wp-json\/wp\/v2\/media\/134442"}],"wp:attachment":[{"href":"https:\/\/potestlaunch.irpp.org\/fr\/wp-json\/wp\/v2\/media?parent=168408"}],"wp:term":[{"taxonomy":"event-source","embeddable":true,"href":"https:\/\/potestlaunch.irpp.org\/fr\/wp-json\/wp\/v2\/event-source?post=168408"},{"taxonomy":"event-type","embeddable":true,"href":"https:\/\/potestlaunch.irpp.org\/fr\/wp-json\/wp\/v2\/event-type?post=168408"}],"curies":[{"name":"wp","href":"https:\/\/api.w.org\/{rel}","templated":true}]}}