{"id":169449,"date":"2023-04-05T14:12:34","date_gmt":"2023-04-05T18:12:34","guid":{"rendered":"https:\/\/irpp-policy-options.local\/events\/diner-et-discours-principale\/"},"modified":"2023-04-05T14:12:34","modified_gmt":"2023-04-05T18:12:34","slug":"diner-et-discours-principale","status":"publish","type":"events","link":"https:\/\/potestlaunch.irpp.org\/fr\/events\/diner-et-discours-principale\/","title":{"rendered":"Institutions r\u00e9silientes : discours principal et souper"},"content":{"rendered":"<p>La premi\u00e8re journ\u00e9e de la conf\u00e9rence sur les institutions r\u00e9silientes se terminera par un d\u00eener au Centre national des Arts, au cours duquel <strong>Alasdair Roberts<\/strong>, professeur de politique publique \u00e0 l\u2019Universit\u00e9 du Massachusetts \u00e0 Amherst, chercheur invit\u00e9 Jocelyne Bourgon \u00e0 l\u2019\u00c9cole de la fonction publique du Canada et professeur invit\u00e9 \u00e0 l\u2019\u00c9cole de politique et d\u2019administration publiques de l\u2019Universit\u00e9 de Carleton, prononcera le discours principal.<\/p>\n<p><em>Arriv\u00e9e et cocktail : 17\u00a0h\u00a030 \u00e0 18\u00a0h\u00a030<\/em><em><br \/>\nSouper : 18\u00a0h\u00a030 \u00e0 20\u00a0h\u00a030<\/em><\/p>\n<p><strong>\u00c0 propos du discours d&rsquo;ouverture : CONSTRUIRE UN PAYS ADAPTABLE<\/strong><\/p>\n<p>Les pays qui veulent prosp\u00e9rer dans cette \u00e9poque turbulente doivent \u00eatre capables de s&rsquo;adapter. Ils doivent \u00eatre en mesure de reconfigurer leurs institutions publiques pour relever de nouveaux d\u00e9fis et r\u00e9pondre \u00e0 l&rsquo;\u00e9volution des attentes du public. Notre d\u00e9fi consiste \u00e0 d\u00e9montrer que les d\u00e9mocraties occidentales comme le Canada peuvent \u00eatre aussi agiles sous pression que les syst\u00e8mes autoritaires technocratiques comme la Chine.<\/p>\n<p>Contrairement aux id\u00e9es re\u00e7ues, le Canada a de bons ant\u00e9c\u00e9dents en mati\u00e8re d&rsquo;adaptabilit\u00e9. Son syst\u00e8me gouvernemental s&rsquo;est transform\u00e9 au cours des quarante derni\u00e8res ann\u00e9es. Les caract\u00e9ristiques distinctives de l&rsquo;approche canadienne de la gouvernance, notamment l&rsquo;investissement important dans la planification et le souci de prot\u00e9ger la sph\u00e8re publique, ont permis au pays de r\u00e9pondre efficacement aux nouvelles conditions et id\u00e9es au cours de cette p\u00e9riode.<\/p>\n<p>La capacit\u00e9 d&rsquo;adaptation est toutefois maintenant menac\u00e9e. Nous nous sommes orient\u00e9s vers une politique \u00e0 court terme et avons d\u00e9sinvesti dans la planification. Les changements technologiques ont perturb\u00e9 la sph\u00e8re publique et nos services aux citoyens semblent moins agiles. Nous avons besoin d&rsquo;un programme de r\u00e9forme ax\u00e9 sur l&rsquo;am\u00e9lioration de notre flexibilit\u00e9 pour les d\u00e9cennies dangereuses \u00e0 venir.<\/p>\n<p>Pour\u00a0tous\u00a0renseignements, pri\u00e8re de contacter Judy Manny \u00e0\u00a0<a href=\"mailto:jmanny@irpp.org?subject=Webinaire%20%7C%20Qui%20a%20comp%C3%A9tence%20sur%20l%27intelligence%20artificielle%20%3F%20\" target=\"_blank\" rel=\"noopener\">jmanny@irpp.org<\/a>.<\/p>\n<p><strong>Audio<\/strong><\/p>\n","protected":false},"excerpt":{"rendered":"<p>La premi\u00e8re journ\u00e9e de la conf\u00e9rence sur les institutions r\u00e9silientes se terminera par un d\u00eener au Centre national des Arts, au cours duquel Alasdair Roberts, professeur de politique publique \u00e0 l\u2019Universit\u00e9 du Massachusetts \u00e0 Amherst, chercheur invit\u00e9 Jocelyne Bourgon \u00e0 l\u2019\u00c9cole de la fonction publique du Canada et professeur invit\u00e9 \u00e0 l\u2019\u00c9cole de politique et [&hellip;]<\/p>\n","protected":false},"featured_media":137075,"parent":0,"template":"","meta":{"_acf_changed":false,"content-type":"","ep_exclude_from_search":false},"event-source":[6687],"event-type":[6682,6660],"class_list":["post-169449","events","type-events","status-publish","has-post-thumbnail","hentry","event-source-centre-dexcellence","event-type-celebration","event-type-events"],"acf":[],"yoast_head":"<!-- This site is optimized with the Yoast SEO plugin v25.2 - https:\/\/yoast.com\/wordpress\/plugins\/seo\/ -->\n<title>Institutions r\u00e9silientes : discours principal et souper - Policy Options<\/title>\n<meta name=\"robots\" content=\"index, follow, max-snippet:-1, max-image-preview:large, max-video-preview:-1\" \/>\n<link rel=\"canonical\" href=\"https:\/\/potestlaunch.irpp.org\/fr\/events\/diner-et-discours-principale\/\" \/>\n<meta property=\"og:locale\" content=\"fr_FR\" \/>\n<meta property=\"og:type\" content=\"article\" \/>\n<meta property=\"og:title\" content=\"Institutions r\u00e9silientes : discours principal et souper - Policy Options\" \/>\n<meta property=\"og:description\" content=\"La premi\u00e8re journ\u00e9e de la conf\u00e9rence sur les institutions r\u00e9silientes se terminera par un d\u00eener au Centre national des Arts, au cours duquel Alasdair Roberts, professeur de politique publique \u00e0 l\u2019Universit\u00e9 du Massachusetts \u00e0 Amherst, chercheur invit\u00e9 Jocelyne Bourgon \u00e0 l\u2019\u00c9cole de la fonction publique du Canada et professeur invit\u00e9 \u00e0 l\u2019\u00c9cole de politique et [&hellip;]\" \/>\n<meta property=\"og:url\" content=\"https:\/\/potestlaunch.irpp.org\/fr\/events\/diner-et-discours-principale\/\" \/>\n<meta property=\"og:site_name\" content=\"Policy Options\" \/>\n<meta property=\"article:publisher\" content=\"https:\/\/www.facebook.com\/IRPP.org\" \/>\n<meta property=\"og:image\" content=\"https:\/\/potestlaunch.irpp.org\/wp-content\/uploads\/2025\/03\/RI-Keynote-web-crop_sm.jpg\" \/>\n\t<meta property=\"og:image:width\" content=\"1920\" \/>\n\t<meta property=\"og:image:height\" content=\"1080\" \/>\n\t<meta property=\"og:image:type\" content=\"image\/jpeg\" \/>\n<meta name=\"twitter:card\" content=\"summary_large_image\" \/>\n<meta name=\"twitter:site\" content=\"@irpp\" \/>\n<meta name=\"twitter:label1\" content=\"Est. reading time\" \/>\n\t<meta name=\"twitter:data1\" content=\"2 minutes\" \/>\n<script type=\"application\/ld+json\" class=\"yoast-schema-graph\">{\"@context\":\"https:\/\/schema.org\",\"@graph\":[{\"@type\":\"WebPage\",\"@id\":\"https:\/\/potestlaunch.irpp.org\/fr\/events\/diner-et-discours-principale\/\",\"url\":\"https:\/\/potestlaunch.irpp.org\/fr\/events\/diner-et-discours-principale\/\",\"name\":\"Institutions r\u00e9silientes : discours principal et souper - Policy Options\",\"isPartOf\":{\"@id\":\"https:\/\/potestlaunch.irpp.org\/fr\/#website\"},\"primaryImageOfPage\":{\"@id\":\"https:\/\/potestlaunch.irpp.org\/fr\/events\/diner-et-discours-principale\/#primaryimage\"},\"image\":{\"@id\":\"https:\/\/potestlaunch.irpp.org\/fr\/events\/diner-et-discours-principale\/#primaryimage\"},\"thumbnailUrl\":\"https:\/\/potestlaunch.irpp.org\/wp-content\/uploads\/2025\/03\/RI-Keynote-web-crop_sm.jpg\",\"datePublished\":\"2023-04-05T18:12:34+00:00\",\"breadcrumb\":{\"@id\":\"https:\/\/potestlaunch.irpp.org\/fr\/events\/diner-et-discours-principale\/#breadcrumb\"},\"inLanguage\":\"fr-FR\",\"potentialAction\":[{\"@type\":\"ReadAction\",\"target\":[\"https:\/\/potestlaunch.irpp.org\/fr\/events\/diner-et-discours-principale\/\"]}]},{\"@type\":\"ImageObject\",\"inLanguage\":\"fr-FR\",\"@id\":\"https:\/\/potestlaunch.irpp.org\/fr\/events\/diner-et-discours-principale\/#primaryimage\",\"url\":\"https:\/\/potestlaunch.irpp.org\/wp-content\/uploads\/2025\/03\/RI-Keynote-web-crop_sm.jpg\",\"contentUrl\":\"https:\/\/potestlaunch.irpp.org\/wp-content\/uploads\/2025\/03\/RI-Keynote-web-crop_sm.jpg\",\"width\":1920,\"height\":1080,\"caption\":\"Ottawa at night\"},{\"@type\":\"BreadcrumbList\",\"@id\":\"https:\/\/potestlaunch.irpp.org\/fr\/events\/diner-et-discours-principale\/#breadcrumb\",\"itemListElement\":[{\"@type\":\"ListItem\",\"position\":1,\"name\":\"Home\",\"item\":\"https:\/\/potestlaunch.irpp.org\/fr\/\"},{\"@type\":\"ListItem\",\"position\":2,\"name\":\"Institutions r\u00e9silientes : discours principal et souper\"}]},{\"@type\":\"WebSite\",\"@id\":\"https:\/\/potestlaunch.irpp.org\/fr\/#website\",\"url\":\"https:\/\/potestlaunch.irpp.org\/fr\/\",\"name\":\"Policy Options\",\"description\":\"Institute for Research on Public Policy\",\"publisher\":{\"@id\":\"https:\/\/potestlaunch.irpp.org\/fr\/#organization\"},\"potentialAction\":[{\"@type\":\"SearchAction\",\"target\":{\"@type\":\"EntryPoint\",\"urlTemplate\":\"https:\/\/potestlaunch.irpp.org\/fr\/?s={search_term_string}\"},\"query-input\":{\"@type\":\"PropertyValueSpecification\",\"valueRequired\":true,\"valueName\":\"search_term_string\"}}],\"inLanguage\":\"fr-FR\"},{\"@type\":\"Organization\",\"@id\":\"https:\/\/potestlaunch.irpp.org\/fr\/#organization\",\"name\":\"Policy Options\",\"url\":\"https:\/\/potestlaunch.irpp.org\/fr\/\",\"logo\":{\"@type\":\"ImageObject\",\"inLanguage\":\"fr-FR\",\"@id\":\"https:\/\/potestlaunch.irpp.org\/fr\/#\/schema\/logo\/image\/\",\"url\":\"https:\/\/potestlaunch.irpp.org\/wp-content\/uploads\/2024\/11\/PolicyOptions_Logo.png\",\"contentUrl\":\"https:\/\/potestlaunch.irpp.org\/wp-content\/uploads\/2024\/11\/PolicyOptions_Logo.png\",\"width\":1200,\"height\":365,\"caption\":\"Policy Options\"},\"image\":{\"@id\":\"https:\/\/potestlaunch.irpp.org\/fr\/#\/schema\/logo\/image\/\"},\"sameAs\":[\"https:\/\/www.facebook.com\/IRPP.org\",\"https:\/\/x.com\/irpp\"]}]}<\/script>\n<!-- \/ Yoast SEO plugin. -->","yoast_head_json":{"title":"Institutions r\u00e9silientes : discours principal et souper - Policy Options","robots":{"index":"index","follow":"follow","max-snippet":"max-snippet:-1","max-image-preview":"max-image-preview:large","max-video-preview":"max-video-preview:-1"},"canonical":"https:\/\/potestlaunch.irpp.org\/fr\/events\/diner-et-discours-principale\/","og_locale":"fr_FR","og_type":"article","og_title":"Institutions r\u00e9silientes : discours principal et souper - Policy Options","og_description":"La premi\u00e8re journ\u00e9e de la conf\u00e9rence sur les institutions r\u00e9silientes se terminera par un d\u00eener au Centre national des Arts, au cours duquel Alasdair Roberts, professeur de politique publique \u00e0 l\u2019Universit\u00e9 du Massachusetts \u00e0 Amherst, chercheur invit\u00e9 Jocelyne Bourgon \u00e0 l\u2019\u00c9cole de la fonction publique du Canada et professeur invit\u00e9 \u00e0 l\u2019\u00c9cole de politique et [&hellip;]","og_url":"https:\/\/potestlaunch.irpp.org\/fr\/events\/diner-et-discours-principale\/","og_site_name":"Policy Options","article_publisher":"https:\/\/www.facebook.com\/IRPP.org","og_image":[{"width":1920,"height":1080,"url":"https:\/\/potestlaunch.irpp.org\/wp-content\/uploads\/2025\/03\/RI-Keynote-web-crop_sm.jpg","type":"image\/jpeg"}],"twitter_card":"summary_large_image","twitter_site":"@irpp","twitter_misc":{"Est. reading time":"2 minutes"},"schema":{"@context":"https:\/\/schema.org","@graph":[{"@type":"WebPage","@id":"https:\/\/potestlaunch.irpp.org\/fr\/events\/diner-et-discours-principale\/","url":"https:\/\/potestlaunch.irpp.org\/fr\/events\/diner-et-discours-principale\/","name":"Institutions r\u00e9silientes : discours principal et souper - Policy Options","isPartOf":{"@id":"https:\/\/potestlaunch.irpp.org\/fr\/#website"},"primaryImageOfPage":{"@id":"https:\/\/potestlaunch.irpp.org\/fr\/events\/diner-et-discours-principale\/#primaryimage"},"image":{"@id":"https:\/\/potestlaunch.irpp.org\/fr\/events\/diner-et-discours-principale\/#primaryimage"},"thumbnailUrl":"https:\/\/potestlaunch.irpp.org\/wp-content\/uploads\/2025\/03\/RI-Keynote-web-crop_sm.jpg","datePublished":"2023-04-05T18:12:34+00:00","breadcrumb":{"@id":"https:\/\/potestlaunch.irpp.org\/fr\/events\/diner-et-discours-principale\/#breadcrumb"},"inLanguage":"fr-FR","potentialAction":[{"@type":"ReadAction","target":["https:\/\/potestlaunch.irpp.org\/fr\/events\/diner-et-discours-principale\/"]}]},{"@type":"ImageObject","inLanguage":"fr-FR","@id":"https:\/\/potestlaunch.irpp.org\/fr\/events\/diner-et-discours-principale\/#primaryimage","url":"https:\/\/potestlaunch.irpp.org\/wp-content\/uploads\/2025\/03\/RI-Keynote-web-crop_sm.jpg","contentUrl":"https:\/\/potestlaunch.irpp.org\/wp-content\/uploads\/2025\/03\/RI-Keynote-web-crop_sm.jpg","width":1920,"height":1080,"caption":"Ottawa at night"},{"@type":"BreadcrumbList","@id":"https:\/\/potestlaunch.irpp.org\/fr\/events\/diner-et-discours-principale\/#breadcrumb","itemListElement":[{"@type":"ListItem","position":1,"name":"Home","item":"https:\/\/potestlaunch.irpp.org\/fr\/"},{"@type":"ListItem","position":2,"name":"Institutions r\u00e9silientes : discours principal et souper"}]},{"@type":"WebSite","@id":"https:\/\/potestlaunch.irpp.org\/fr\/#website","url":"https:\/\/potestlaunch.irpp.org\/fr\/","name":"Policy Options","description":"Institute for Research on Public Policy","publisher":{"@id":"https:\/\/potestlaunch.irpp.org\/fr\/#organization"},"potentialAction":[{"@type":"SearchAction","target":{"@type":"EntryPoint","urlTemplate":"https:\/\/potestlaunch.irpp.org\/fr\/?s={search_term_string}"},"query-input":{"@type":"PropertyValueSpecification","valueRequired":true,"valueName":"search_term_string"}}],"inLanguage":"fr-FR"},{"@type":"Organization","@id":"https:\/\/potestlaunch.irpp.org\/fr\/#organization","name":"Policy Options","url":"https:\/\/potestlaunch.irpp.org\/fr\/","logo":{"@type":"ImageObject","inLanguage":"fr-FR","@id":"https:\/\/potestlaunch.irpp.org\/fr\/#\/schema\/logo\/image\/","url":"https:\/\/potestlaunch.irpp.org\/wp-content\/uploads\/2024\/11\/PolicyOptions_Logo.png","contentUrl":"https:\/\/potestlaunch.irpp.org\/wp-content\/uploads\/2024\/11\/PolicyOptions_Logo.png","width":1200,"height":365,"caption":"Policy Options"},"image":{"@id":"https:\/\/potestlaunch.irpp.org\/fr\/#\/schema\/logo\/image\/"},"sameAs":["https:\/\/www.facebook.com\/IRPP.org","https:\/\/x.com\/irpp"]}]}},"_links":{"self":[{"href":"https:\/\/potestlaunch.irpp.org\/fr\/wp-json\/wp\/v2\/events\/169449","targetHints":{"allow":["GET"]}}],"collection":[{"href":"https:\/\/potestlaunch.irpp.org\/fr\/wp-json\/wp\/v2\/events"}],"about":[{"href":"https:\/\/potestlaunch.irpp.org\/fr\/wp-json\/wp\/v2\/types\/events"}],"wp:featuredmedia":[{"embeddable":true,"href":"https:\/\/potestlaunch.irpp.org\/fr\/wp-json\/wp\/v2\/media\/137075"}],"wp:attachment":[{"href":"https:\/\/potestlaunch.irpp.org\/fr\/wp-json\/wp\/v2\/media?parent=169449"}],"wp:term":[{"taxonomy":"event-source","embeddable":true,"href":"https:\/\/potestlaunch.irpp.org\/fr\/wp-json\/wp\/v2\/event-source?post=169449"},{"taxonomy":"event-type","embeddable":true,"href":"https:\/\/potestlaunch.irpp.org\/fr\/wp-json\/wp\/v2\/event-type?post=169449"}],"curies":[{"name":"wp","href":"https:\/\/api.w.org\/{rel}","templated":true}]}}