{"id":169476,"date":"2023-09-22T15:06:05","date_gmt":"2023-09-22T19:06:05","guid":{"rendered":"https:\/\/irpp-policy-options.local\/events\/inequality-en-direct\/"},"modified":"2023-09-22T15:06:05","modified_gmt":"2023-09-22T19:06:05","slug":"inequality-en-direct","status":"publish","type":"events","link":"https:\/\/potestlaunch.irpp.org\/fr\/events\/inequality-en-direct\/","title":{"rendered":"Enregistrement en direct du balado In\/Equality : Joe Soss et les in\u00e9galit\u00e9s sociales"},"content":{"rendered":"<p><span data-contrast=\"auto\">Les in\u00e9galit\u00e9s sociales n\u2019ont montr\u00e9 aucun signe de recul au Canada ou dans le monde. La pand\u00e9mie de COVID-19 a d\u00e9montr\u00e9 la persistance d\u2019in\u00e9galit\u00e9s profond\u00e9ment enracin\u00e9es, fond\u00e9es sur la race et le sexe. Parall\u00e8lement, la r\u00e9surgence du mouvement Black Lives Matter en faveur de la justice raciale a forc\u00e9 un examen du poids des pouvoirs et des privil\u00e8ges dans notre soci\u00e9t\u00e9.<\/span><span data-ccp-props=\"{&quot;201341983&quot;:0,&quot;335559739&quot;:160,&quot;335559740&quot;:259}\">\u00a0<\/span><\/p>\n<p><span data-contrast=\"auto\">Bien que les d\u00e9cideurs politiques continuent d\u2019essayer de s\u2019attaquer aux nombreuses dimensions des in\u00e9galit\u00e9s, les disparit\u00e9s \u00e9conomiques, raciales et entre les sexes subsistent. Pire encore, de nombreuses d\u00e9cisions en mati\u00e8re de politiques publiques ont \u00e9t\u00e9 complices de la perp\u00e9tuation des in\u00e9galit\u00e9s sociales.<\/span><span data-ccp-props=\"{&quot;201341983&quot;:0,&quot;335559739&quot;:160,&quot;335559740&quot;:259}\">\u00a0<\/span><\/p>\n<p><span data-contrast=\"auto\">Cette conversation en personne entre Debra Thompson, professeure agr\u00e9g\u00e9e de sciences politiques \u00e0 l\u2019Universit\u00e9 McGill et animatrice du balado In\/Equality de l\u2019IRPP, et Joe Soss, titulaire de la chaire Cowles pour l\u2019\u00e9tude de la fonction publique \u00e0 l\u2019Universit\u00e9 du Minnesota, abordera ces pr\u00e9occupations de front, en examinant l\u2019intersection entre les politiques publiques et les in\u00e9galit\u00e9s sociales.<\/span><span data-ccp-props=\"{&quot;201341983&quot;:0,&quot;335559739&quot;:160,&quot;335559740&quot;:259}\">\u00a0<\/span><\/p>\n<p><span data-contrast=\"auto\">Joignez-vous \u00e0 nous pour le tout premier enregistrement en direct du balado In\/Equality pr\u00e9sent\u00e9 par <\/span><i><span data-contrast=\"auto\">Options politiques<\/span><\/i><span data-contrast=\"auto\">\u202f!<\/span><span data-ccp-props=\"{&quot;201341983&quot;:0,&quot;335559739&quot;:160,&quot;335559740&quot;:259}\">\u00a0<\/span><\/p>\n<p><strong><span class=\"TextRun SCXW256169118 BCX0\" lang=\"FR-CA\" xml_lang=\"FR-CA\" data-contrast=\"auto\"><span class=\"NormalTextRun SCXW256169118 BCX0\">La discussion aura lieu en anglais et sera suivie par une r\u00e9ception de r\u00e9seautage.<\/span><\/span><span class=\"EOP SCXW256169118 BCX0\" data-ccp-props=\"{&quot;201341983&quot;:0,&quot;335559739&quot;:160,&quot;335559740&quot;:259}\">\u00a0<\/span><\/strong><\/p>\n","protected":false},"excerpt":{"rendered":"<p>Les in\u00e9galit\u00e9s sociales n\u2019ont montr\u00e9 aucun signe de recul au Canada ou dans le monde. La pand\u00e9mie de COVID-19 a d\u00e9montr\u00e9 la persistance d\u2019in\u00e9galit\u00e9s profond\u00e9ment enracin\u00e9es, fond\u00e9es sur la race et le sexe. Parall\u00e8lement, la r\u00e9surgence du mouvement Black Lives Matter en faveur de la justice raciale a forc\u00e9 un examen du poids des pouvoirs [&hellip;]<\/p>\n","protected":false},"featured_media":137305,"parent":0,"template":"","meta":{"_acf_changed":false,"content-type":"","ep_exclude_from_search":false},"event-source":[6647,6677],"event-type":[6660,6676],"class_list":["post-169476","events","type-events","status-publish","has-post-thumbnail","hentry","event-source-irpp","event-source-options-politiques","event-type-events","event-type-panel"],"acf":[],"yoast_head":"<!-- This site is optimized with the Yoast SEO plugin v25.2 - https:\/\/yoast.com\/wordpress\/plugins\/seo\/ -->\n<title>Enregistrement en direct du balado In\/Equality : Joe Soss et les in\u00e9galit\u00e9s sociales - Policy Options<\/title>\n<meta name=\"description\" content=\"Joignez-vous \u00e0 nous pour le tout premier enregistrement en direct du balado In\/Equality pr\u00e9sent\u00e9 par Options politiques\u202f!\u00a0\" \/>\n<meta name=\"robots\" content=\"index, follow, max-snippet:-1, max-image-preview:large, max-video-preview:-1\" \/>\n<link rel=\"canonical\" href=\"https:\/\/potestlaunch.irpp.org\/fr\/events\/inequality-en-direct\/\" \/>\n<meta property=\"og:locale\" content=\"fr_FR\" \/>\n<meta property=\"og:type\" content=\"article\" \/>\n<meta property=\"og:title\" content=\"Enregistrement en direct du balado In\/Equality : Joe Soss et les in\u00e9galit\u00e9s sociales - Policy Options\" \/>\n<meta property=\"og:description\" content=\"Joignez-vous \u00e0 nous pour le tout premier enregistrement en direct du balado In\/Equality pr\u00e9sent\u00e9 par Options politiques\u202f!\u00a0\" \/>\n<meta property=\"og:url\" content=\"https:\/\/potestlaunch.irpp.org\/fr\/events\/inequality-en-direct\/\" \/>\n<meta property=\"og:site_name\" content=\"Policy Options\" \/>\n<meta property=\"article:publisher\" content=\"https:\/\/www.facebook.com\/IRPP.org\" \/>\n<meta property=\"og:image\" content=\"https:\/\/potestlaunch.irpp.org\/wp-content\/uploads\/2025\/03\/InEquality-Podcast-Joe-Soss-Small.jpg\" \/>\n\t<meta property=\"og:image:width\" content=\"1920\" \/>\n\t<meta property=\"og:image:height\" content=\"1080\" \/>\n\t<meta property=\"og:image:type\" content=\"image\/jpeg\" \/>\n<meta name=\"twitter:card\" content=\"summary_large_image\" \/>\n<meta name=\"twitter:site\" content=\"@irpp\" \/>\n<meta name=\"twitter:label1\" content=\"Est. reading time\" \/>\n\t<meta name=\"twitter:data1\" content=\"1 minute\" \/>\n<script type=\"application\/ld+json\" class=\"yoast-schema-graph\">{\"@context\":\"https:\/\/schema.org\",\"@graph\":[{\"@type\":\"WebPage\",\"@id\":\"https:\/\/potestlaunch.irpp.org\/fr\/events\/inequality-en-direct\/\",\"url\":\"https:\/\/potestlaunch.irpp.org\/fr\/events\/inequality-en-direct\/\",\"name\":\"Enregistrement en direct du balado In\/Equality : Joe Soss et les in\u00e9galit\u00e9s sociales - Policy Options\",\"isPartOf\":{\"@id\":\"https:\/\/potestlaunch.irpp.org\/fr\/#website\"},\"primaryImageOfPage\":{\"@id\":\"https:\/\/potestlaunch.irpp.org\/fr\/events\/inequality-en-direct\/#primaryimage\"},\"image\":{\"@id\":\"https:\/\/potestlaunch.irpp.org\/fr\/events\/inequality-en-direct\/#primaryimage\"},\"thumbnailUrl\":\"https:\/\/potestlaunch.irpp.org\/wp-content\/uploads\/2025\/03\/InEquality-Podcast-Joe-Soss-Small.jpg\",\"datePublished\":\"2023-09-22T19:06:05+00:00\",\"description\":\"Joignez-vous \u00e0 nous pour le tout premier enregistrement en direct du balado In\/Equality pr\u00e9sent\u00e9 par Options politiques\u202f!\u00a0\",\"breadcrumb\":{\"@id\":\"https:\/\/potestlaunch.irpp.org\/fr\/events\/inequality-en-direct\/#breadcrumb\"},\"inLanguage\":\"fr-FR\",\"potentialAction\":[{\"@type\":\"ReadAction\",\"target\":[\"https:\/\/potestlaunch.irpp.org\/fr\/events\/inequality-en-direct\/\"]}]},{\"@type\":\"ImageObject\",\"inLanguage\":\"fr-FR\",\"@id\":\"https:\/\/potestlaunch.irpp.org\/fr\/events\/inequality-en-direct\/#primaryimage\",\"url\":\"https:\/\/potestlaunch.irpp.org\/wp-content\/uploads\/2025\/03\/InEquality-Podcast-Joe-Soss-Small.jpg\",\"contentUrl\":\"https:\/\/potestlaunch.irpp.org\/wp-content\/uploads\/2025\/03\/InEquality-Podcast-Joe-Soss-Small.jpg\",\"width\":1920,\"height\":1080},{\"@type\":\"BreadcrumbList\",\"@id\":\"https:\/\/potestlaunch.irpp.org\/fr\/events\/inequality-en-direct\/#breadcrumb\",\"itemListElement\":[{\"@type\":\"ListItem\",\"position\":1,\"name\":\"Home\",\"item\":\"https:\/\/potestlaunch.irpp.org\/fr\/\"},{\"@type\":\"ListItem\",\"position\":2,\"name\":\"Enregistrement en direct du balado In\/Equality : Joe Soss et les in\u00e9galit\u00e9s sociales\"}]},{\"@type\":\"WebSite\",\"@id\":\"https:\/\/potestlaunch.irpp.org\/fr\/#website\",\"url\":\"https:\/\/potestlaunch.irpp.org\/fr\/\",\"name\":\"Policy Options\",\"description\":\"Institute for Research on Public Policy\",\"publisher\":{\"@id\":\"https:\/\/potestlaunch.irpp.org\/fr\/#organization\"},\"potentialAction\":[{\"@type\":\"SearchAction\",\"target\":{\"@type\":\"EntryPoint\",\"urlTemplate\":\"https:\/\/potestlaunch.irpp.org\/fr\/?s={search_term_string}\"},\"query-input\":{\"@type\":\"PropertyValueSpecification\",\"valueRequired\":true,\"valueName\":\"search_term_string\"}}],\"inLanguage\":\"fr-FR\"},{\"@type\":\"Organization\",\"@id\":\"https:\/\/potestlaunch.irpp.org\/fr\/#organization\",\"name\":\"Policy Options\",\"url\":\"https:\/\/potestlaunch.irpp.org\/fr\/\",\"logo\":{\"@type\":\"ImageObject\",\"inLanguage\":\"fr-FR\",\"@id\":\"https:\/\/potestlaunch.irpp.org\/fr\/#\/schema\/logo\/image\/\",\"url\":\"https:\/\/potestlaunch.irpp.org\/wp-content\/uploads\/2024\/11\/PolicyOptions_Logo.png\",\"contentUrl\":\"https:\/\/potestlaunch.irpp.org\/wp-content\/uploads\/2024\/11\/PolicyOptions_Logo.png\",\"width\":1200,\"height\":365,\"caption\":\"Policy Options\"},\"image\":{\"@id\":\"https:\/\/potestlaunch.irpp.org\/fr\/#\/schema\/logo\/image\/\"},\"sameAs\":[\"https:\/\/www.facebook.com\/IRPP.org\",\"https:\/\/x.com\/irpp\"]}]}<\/script>\n<!-- \/ Yoast SEO plugin. -->","yoast_head_json":{"title":"Enregistrement en direct du balado In\/Equality : Joe Soss et les in\u00e9galit\u00e9s sociales - Policy Options","description":"Joignez-vous \u00e0 nous pour le tout premier enregistrement en direct du balado In\/Equality pr\u00e9sent\u00e9 par Options politiques\u202f!\u00a0","robots":{"index":"index","follow":"follow","max-snippet":"max-snippet:-1","max-image-preview":"max-image-preview:large","max-video-preview":"max-video-preview:-1"},"canonical":"https:\/\/potestlaunch.irpp.org\/fr\/events\/inequality-en-direct\/","og_locale":"fr_FR","og_type":"article","og_title":"Enregistrement en direct du balado In\/Equality : Joe Soss et les in\u00e9galit\u00e9s sociales - Policy Options","og_description":"Joignez-vous \u00e0 nous pour le tout premier enregistrement en direct du balado In\/Equality pr\u00e9sent\u00e9 par Options politiques\u202f!\u00a0","og_url":"https:\/\/potestlaunch.irpp.org\/fr\/events\/inequality-en-direct\/","og_site_name":"Policy Options","article_publisher":"https:\/\/www.facebook.com\/IRPP.org","og_image":[{"width":1920,"height":1080,"url":"https:\/\/potestlaunch.irpp.org\/wp-content\/uploads\/2025\/03\/InEquality-Podcast-Joe-Soss-Small.jpg","type":"image\/jpeg"}],"twitter_card":"summary_large_image","twitter_site":"@irpp","twitter_misc":{"Est. reading time":"1 minute"},"schema":{"@context":"https:\/\/schema.org","@graph":[{"@type":"WebPage","@id":"https:\/\/potestlaunch.irpp.org\/fr\/events\/inequality-en-direct\/","url":"https:\/\/potestlaunch.irpp.org\/fr\/events\/inequality-en-direct\/","name":"Enregistrement en direct du balado In\/Equality : Joe Soss et les in\u00e9galit\u00e9s sociales - Policy Options","isPartOf":{"@id":"https:\/\/potestlaunch.irpp.org\/fr\/#website"},"primaryImageOfPage":{"@id":"https:\/\/potestlaunch.irpp.org\/fr\/events\/inequality-en-direct\/#primaryimage"},"image":{"@id":"https:\/\/potestlaunch.irpp.org\/fr\/events\/inequality-en-direct\/#primaryimage"},"thumbnailUrl":"https:\/\/potestlaunch.irpp.org\/wp-content\/uploads\/2025\/03\/InEquality-Podcast-Joe-Soss-Small.jpg","datePublished":"2023-09-22T19:06:05+00:00","description":"Joignez-vous \u00e0 nous pour le tout premier enregistrement en direct du balado In\/Equality pr\u00e9sent\u00e9 par Options politiques\u202f!\u00a0","breadcrumb":{"@id":"https:\/\/potestlaunch.irpp.org\/fr\/events\/inequality-en-direct\/#breadcrumb"},"inLanguage":"fr-FR","potentialAction":[{"@type":"ReadAction","target":["https:\/\/potestlaunch.irpp.org\/fr\/events\/inequality-en-direct\/"]}]},{"@type":"ImageObject","inLanguage":"fr-FR","@id":"https:\/\/potestlaunch.irpp.org\/fr\/events\/inequality-en-direct\/#primaryimage","url":"https:\/\/potestlaunch.irpp.org\/wp-content\/uploads\/2025\/03\/InEquality-Podcast-Joe-Soss-Small.jpg","contentUrl":"https:\/\/potestlaunch.irpp.org\/wp-content\/uploads\/2025\/03\/InEquality-Podcast-Joe-Soss-Small.jpg","width":1920,"height":1080},{"@type":"BreadcrumbList","@id":"https:\/\/potestlaunch.irpp.org\/fr\/events\/inequality-en-direct\/#breadcrumb","itemListElement":[{"@type":"ListItem","position":1,"name":"Home","item":"https:\/\/potestlaunch.irpp.org\/fr\/"},{"@type":"ListItem","position":2,"name":"Enregistrement en direct du balado In\/Equality : Joe Soss et les in\u00e9galit\u00e9s sociales"}]},{"@type":"WebSite","@id":"https:\/\/potestlaunch.irpp.org\/fr\/#website","url":"https:\/\/potestlaunch.irpp.org\/fr\/","name":"Policy Options","description":"Institute for Research on Public Policy","publisher":{"@id":"https:\/\/potestlaunch.irpp.org\/fr\/#organization"},"potentialAction":[{"@type":"SearchAction","target":{"@type":"EntryPoint","urlTemplate":"https:\/\/potestlaunch.irpp.org\/fr\/?s={search_term_string}"},"query-input":{"@type":"PropertyValueSpecification","valueRequired":true,"valueName":"search_term_string"}}],"inLanguage":"fr-FR"},{"@type":"Organization","@id":"https:\/\/potestlaunch.irpp.org\/fr\/#organization","name":"Policy Options","url":"https:\/\/potestlaunch.irpp.org\/fr\/","logo":{"@type":"ImageObject","inLanguage":"fr-FR","@id":"https:\/\/potestlaunch.irpp.org\/fr\/#\/schema\/logo\/image\/","url":"https:\/\/potestlaunch.irpp.org\/wp-content\/uploads\/2024\/11\/PolicyOptions_Logo.png","contentUrl":"https:\/\/potestlaunch.irpp.org\/wp-content\/uploads\/2024\/11\/PolicyOptions_Logo.png","width":1200,"height":365,"caption":"Policy Options"},"image":{"@id":"https:\/\/potestlaunch.irpp.org\/fr\/#\/schema\/logo\/image\/"},"sameAs":["https:\/\/www.facebook.com\/IRPP.org","https:\/\/x.com\/irpp"]}]}},"_links":{"self":[{"href":"https:\/\/potestlaunch.irpp.org\/fr\/wp-json\/wp\/v2\/events\/169476","targetHints":{"allow":["GET"]}}],"collection":[{"href":"https:\/\/potestlaunch.irpp.org\/fr\/wp-json\/wp\/v2\/events"}],"about":[{"href":"https:\/\/potestlaunch.irpp.org\/fr\/wp-json\/wp\/v2\/types\/events"}],"wp:featuredmedia":[{"embeddable":true,"href":"https:\/\/potestlaunch.irpp.org\/fr\/wp-json\/wp\/v2\/media\/137305"}],"wp:attachment":[{"href":"https:\/\/potestlaunch.irpp.org\/fr\/wp-json\/wp\/v2\/media?parent=169476"}],"wp:term":[{"taxonomy":"event-source","embeddable":true,"href":"https:\/\/potestlaunch.irpp.org\/fr\/wp-json\/wp\/v2\/event-source?post=169476"},{"taxonomy":"event-type","embeddable":true,"href":"https:\/\/potestlaunch.irpp.org\/fr\/wp-json\/wp\/v2\/event-type?post=169476"}],"curies":[{"name":"wp","href":"https:\/\/api.w.org\/{rel}","templated":true}]}}