{"id":169570,"date":"2024-03-13T19:41:52","date_gmt":"2024-03-13T23:41:52","guid":{"rendered":"https:\/\/irpp-policy-options.local\/events\/institutions-resilientes-apprendre-la-pandemie-de-covid-19-au-canada\/"},"modified":"2024-03-13T19:41:52","modified_gmt":"2024-03-13T23:41:52","slug":"institutions-resilientes-apprendre-la-pandemie-de-covid-19-au-canada","status":"publish","type":"events","link":"https:\/\/potestlaunch.irpp.org\/fr\/events\/institutions-resilientes-apprendre-la-pandemie-de-covid-19-au-canada\/","title":{"rendered":"Institutions r\u00e9silientes : Apprendre de la pand\u00e9mie de COVID-19 au Canada"},"content":{"rendered":"<p>On se souvient tous de ces semaines surr\u00e9alistes de mars 2020. Le coronavirus faisait des ravages dans le monde entier et dans nos communaut\u00e9s. Les dirigeants politiques du Canada ont annonc\u00e9 des fermetures \u00e0 grande \u00e9chelle qui ont affect\u00e9 toutes les facettes de notre quotidien. Nous ne pouvions imaginer l&rsquo;impact \u00e0 long terme de la pand\u00e9mie sur nos familles, nos entreprises, les finances publiques et le syst\u00e8me de sant\u00e9.<\/p>\n<p>Quatre ans plus tard, il convient de se poser la question suivante : les institutions canadiennes ont-elles tir\u00e9 des le\u00e7ons de cette crise traumatisante qui s\u2019est d\u00e9velopp\u00e9 en montagnes russes ? Seront-elles pr\u00eates pour la prochaine ?<\/p>\n<p>La r\u00e9ponse courte est insatisfaisante\u00a0: \u00ab oui et non \u00bb. Nos gouvernements n&rsquo;ont qu&rsquo;une vision fragmentaire de ce qui s&rsquo;est pass\u00e9 pendant la pand\u00e9mie. Les provinces, les territoires, les minist\u00e8res f\u00e9d\u00e9raux et les fonctionnaires ont fait leurs propres examens de la pand\u00e9mie, mais ce n&rsquo;est pas suffisant.<\/p>\n<p><a href=\"https:\/\/centre.irpp.org\/fr\/research-studies\/institutions-resilientes-apprendre-pandemie-covid19-canada\/\"><em>Institutions r\u00e9silientes : Apprendre de la pand\u00e9mie de COVID-19 au Canada<\/em><\/a>, un nouveau rapport du Centre d&rsquo;excellence sur la f\u00e9d\u00e9ration canadienne de l&rsquo;Institut de recherche en politiques publiques et de l&rsquo;Institut sur la gouvernance, est la premi\u00e8re publication \u00e0 examiner l&rsquo;impact de la COVID-19 sur les institutions publiques \u00e0 travers le pays, en mettant l&rsquo;accent sur la sant\u00e9 publique, la fonction publique, le f\u00e9d\u00e9ralisme et la d\u00e9mocratie.<\/p>\n<p>Le mercredi 3 avril \u00e0 Toronto nous avons eu une conversation sur la fa\u00e7on de rendre les institutions canadiennes plus r\u00e9silientes afin qu&rsquo;elles soient mieux \u00e0 m\u00eame de r\u00e9pondre aux crises futures. Les pan\u00e9listes <strong>David Lametti<\/strong> (avocat chez Fasken Martineau DuMoulin et ancien ministre de la justice et procureur g\u00e9n\u00e9ral), <strong>Fahad Razak<\/strong> (Chaire de recherche du Canada sur les donn\u00e9es de sant\u00e9 et leur analyse) et <strong>Lori Turnbull<\/strong> (directrice de l&rsquo;\u00c9cole d&rsquo;administration publique de l&rsquo;Universit\u00e9 Dalhousie) ont discut\u00e9s des conclusions du rapport et de ce que le gouvernement peut faire mieux lors de la prochaine crise.<\/p>\n<p>La discussion \u00e9tait anim\u00e9e par <strong>Charles Breton<\/strong>, directeur du Centre d&rsquo;excellence sur la f\u00e9d\u00e9ration canadienne. Il s&rsquo;agissait d&rsquo;un \u00e9v\u00e9nement hybride qui se d\u00e9roulera en personne \u00e0 la Toronto Reference Library et en ligne via Zoom.<\/p>\n<p><strong>Vid\u00e9o<\/strong><\/p>\n<p><iframe title=\"YouTube video player\" src=\"https:\/\/www.youtube.com\/embed\/Rgr8ZynuK88?si=fny3xGapfdFrV8g9?rel=0\" width=\"100%\" height=\"415\" frameborder=\"0\" allowfullscreen=\"allowfullscreen\" data-mce-fragment=\"1\"><\/iframe><\/p>\n","protected":false},"excerpt":{"rendered":"<p>On se souvient tous de ces semaines surr\u00e9alistes de mars 2020. Le coronavirus faisait des ravages dans le monde entier et dans nos communaut\u00e9s. Les dirigeants politiques du Canada ont annonc\u00e9 des fermetures \u00e0 grande \u00e9chelle qui ont affect\u00e9 toutes les facettes de notre quotidien. Nous ne pouvions imaginer l&rsquo;impact \u00e0 long terme de la [&hellip;]<\/p>\n","protected":false},"featured_media":137483,"parent":0,"template":"","meta":{"_acf_changed":false,"content-type":"","ep_exclude_from_search":false},"event-source":[6687,6647],"event-type":[6660,6676],"class_list":["post-169570","events","type-events","status-publish","has-post-thumbnail","hentry","event-source-centre-dexcellence","event-source-irpp","event-type-events","event-type-panel"],"acf":[],"yoast_head":"<!-- This site is optimized with the Yoast SEO plugin v25.2 - https:\/\/yoast.com\/wordpress\/plugins\/seo\/ -->\n<title>Institutions r\u00e9silientes : Apprendre de la pand\u00e9mie de COVID-19 au Canada - Policy Options<\/title>\n<meta name=\"robots\" content=\"index, follow, max-snippet:-1, max-image-preview:large, max-video-preview:-1\" \/>\n<link rel=\"canonical\" href=\"https:\/\/potestlaunch.irpp.org\/fr\/events\/institutions-resilientes-apprendre-la-pandemie-de-covid-19-au-canada\/\" \/>\n<meta property=\"og:locale\" content=\"fr_FR\" \/>\n<meta property=\"og:type\" content=\"article\" \/>\n<meta property=\"og:title\" content=\"Institutions r\u00e9silientes : Apprendre de la pand\u00e9mie de COVID-19 au Canada - Policy Options\" \/>\n<meta property=\"og:description\" content=\"On se souvient tous de ces semaines surr\u00e9alistes de mars 2020. Le coronavirus faisait des ravages dans le monde entier et dans nos communaut\u00e9s. Les dirigeants politiques du Canada ont annonc\u00e9 des fermetures \u00e0 grande \u00e9chelle qui ont affect\u00e9 toutes les facettes de notre quotidien. Nous ne pouvions imaginer l&rsquo;impact \u00e0 long terme de la [&hellip;]\" \/>\n<meta property=\"og:url\" content=\"https:\/\/potestlaunch.irpp.org\/fr\/events\/institutions-resilientes-apprendre-la-pandemie-de-covid-19-au-canada\/\" \/>\n<meta property=\"og:site_name\" content=\"Policy Options\" \/>\n<meta property=\"article:publisher\" content=\"https:\/\/www.facebook.com\/IRPP.org\" \/>\n<meta property=\"og:image\" content=\"https:\/\/potestlaunch.irpp.org\/wp-content\/uploads\/2025\/03\/Resilient-Institutions-Learning-from-Canadas-COVID-19-Pandemic-1024x576-1.jpg\" \/>\n\t<meta property=\"og:image:width\" content=\"1024\" \/>\n\t<meta property=\"og:image:height\" content=\"576\" \/>\n\t<meta property=\"og:image:type\" content=\"image\/jpeg\" \/>\n<meta name=\"twitter:card\" content=\"summary_large_image\" \/>\n<meta name=\"twitter:site\" content=\"@irpp\" \/>\n<meta name=\"twitter:label1\" content=\"Est. reading time\" \/>\n\t<meta name=\"twitter:data1\" content=\"2 minutes\" \/>\n<script type=\"application\/ld+json\" class=\"yoast-schema-graph\">{\"@context\":\"https:\/\/schema.org\",\"@graph\":[{\"@type\":\"WebPage\",\"@id\":\"https:\/\/potestlaunch.irpp.org\/fr\/events\/institutions-resilientes-apprendre-la-pandemie-de-covid-19-au-canada\/\",\"url\":\"https:\/\/potestlaunch.irpp.org\/fr\/events\/institutions-resilientes-apprendre-la-pandemie-de-covid-19-au-canada\/\",\"name\":\"Institutions r\u00e9silientes : Apprendre de la pand\u00e9mie de COVID-19 au Canada - Policy Options\",\"isPartOf\":{\"@id\":\"https:\/\/potestlaunch.irpp.org\/fr\/#website\"},\"primaryImageOfPage\":{\"@id\":\"https:\/\/potestlaunch.irpp.org\/fr\/events\/institutions-resilientes-apprendre-la-pandemie-de-covid-19-au-canada\/#primaryimage\"},\"image\":{\"@id\":\"https:\/\/potestlaunch.irpp.org\/fr\/events\/institutions-resilientes-apprendre-la-pandemie-de-covid-19-au-canada\/#primaryimage\"},\"thumbnailUrl\":\"https:\/\/potestlaunch.irpp.org\/wp-content\/uploads\/2025\/03\/Resilient-Institutions-Learning-from-Canadas-COVID-19-Pandemic-1024x576-1.jpg\",\"datePublished\":\"2024-03-13T23:41:52+00:00\",\"breadcrumb\":{\"@id\":\"https:\/\/potestlaunch.irpp.org\/fr\/events\/institutions-resilientes-apprendre-la-pandemie-de-covid-19-au-canada\/#breadcrumb\"},\"inLanguage\":\"fr-FR\",\"potentialAction\":[{\"@type\":\"ReadAction\",\"target\":[\"https:\/\/potestlaunch.irpp.org\/fr\/events\/institutions-resilientes-apprendre-la-pandemie-de-covid-19-au-canada\/\"]}]},{\"@type\":\"ImageObject\",\"inLanguage\":\"fr-FR\",\"@id\":\"https:\/\/potestlaunch.irpp.org\/fr\/events\/institutions-resilientes-apprendre-la-pandemie-de-covid-19-au-canada\/#primaryimage\",\"url\":\"https:\/\/potestlaunch.irpp.org\/wp-content\/uploads\/2025\/03\/Resilient-Institutions-Learning-from-Canadas-COVID-19-Pandemic-1024x576-1.jpg\",\"contentUrl\":\"https:\/\/potestlaunch.irpp.org\/wp-content\/uploads\/2025\/03\/Resilient-Institutions-Learning-from-Canadas-COVID-19-Pandemic-1024x576-1.jpg\",\"width\":1024,\"height\":576},{\"@type\":\"BreadcrumbList\",\"@id\":\"https:\/\/potestlaunch.irpp.org\/fr\/events\/institutions-resilientes-apprendre-la-pandemie-de-covid-19-au-canada\/#breadcrumb\",\"itemListElement\":[{\"@type\":\"ListItem\",\"position\":1,\"name\":\"Home\",\"item\":\"https:\/\/potestlaunch.irpp.org\/fr\/\"},{\"@type\":\"ListItem\",\"position\":2,\"name\":\"Institutions r\u00e9silientes : Apprendre de la pand\u00e9mie de COVID-19 au Canada\"}]},{\"@type\":\"WebSite\",\"@id\":\"https:\/\/potestlaunch.irpp.org\/fr\/#website\",\"url\":\"https:\/\/potestlaunch.irpp.org\/fr\/\",\"name\":\"Policy Options\",\"description\":\"Institute for Research on Public Policy\",\"publisher\":{\"@id\":\"https:\/\/potestlaunch.irpp.org\/fr\/#organization\"},\"potentialAction\":[{\"@type\":\"SearchAction\",\"target\":{\"@type\":\"EntryPoint\",\"urlTemplate\":\"https:\/\/potestlaunch.irpp.org\/fr\/?s={search_term_string}\"},\"query-input\":{\"@type\":\"PropertyValueSpecification\",\"valueRequired\":true,\"valueName\":\"search_term_string\"}}],\"inLanguage\":\"fr-FR\"},{\"@type\":\"Organization\",\"@id\":\"https:\/\/potestlaunch.irpp.org\/fr\/#organization\",\"name\":\"Policy Options\",\"url\":\"https:\/\/potestlaunch.irpp.org\/fr\/\",\"logo\":{\"@type\":\"ImageObject\",\"inLanguage\":\"fr-FR\",\"@id\":\"https:\/\/potestlaunch.irpp.org\/fr\/#\/schema\/logo\/image\/\",\"url\":\"https:\/\/potestlaunch.irpp.org\/wp-content\/uploads\/2024\/11\/PolicyOptions_Logo.png\",\"contentUrl\":\"https:\/\/potestlaunch.irpp.org\/wp-content\/uploads\/2024\/11\/PolicyOptions_Logo.png\",\"width\":1200,\"height\":365,\"caption\":\"Policy Options\"},\"image\":{\"@id\":\"https:\/\/potestlaunch.irpp.org\/fr\/#\/schema\/logo\/image\/\"},\"sameAs\":[\"https:\/\/www.facebook.com\/IRPP.org\",\"https:\/\/x.com\/irpp\"]}]}<\/script>\n<!-- \/ Yoast SEO plugin. -->","yoast_head_json":{"title":"Institutions r\u00e9silientes : Apprendre de la pand\u00e9mie de COVID-19 au Canada - Policy Options","robots":{"index":"index","follow":"follow","max-snippet":"max-snippet:-1","max-image-preview":"max-image-preview:large","max-video-preview":"max-video-preview:-1"},"canonical":"https:\/\/potestlaunch.irpp.org\/fr\/events\/institutions-resilientes-apprendre-la-pandemie-de-covid-19-au-canada\/","og_locale":"fr_FR","og_type":"article","og_title":"Institutions r\u00e9silientes : Apprendre de la pand\u00e9mie de COVID-19 au Canada - Policy Options","og_description":"On se souvient tous de ces semaines surr\u00e9alistes de mars 2020. Le coronavirus faisait des ravages dans le monde entier et dans nos communaut\u00e9s. Les dirigeants politiques du Canada ont annonc\u00e9 des fermetures \u00e0 grande \u00e9chelle qui ont affect\u00e9 toutes les facettes de notre quotidien. Nous ne pouvions imaginer l&rsquo;impact \u00e0 long terme de la [&hellip;]","og_url":"https:\/\/potestlaunch.irpp.org\/fr\/events\/institutions-resilientes-apprendre-la-pandemie-de-covid-19-au-canada\/","og_site_name":"Policy Options","article_publisher":"https:\/\/www.facebook.com\/IRPP.org","og_image":[{"width":1024,"height":576,"url":"https:\/\/potestlaunch.irpp.org\/wp-content\/uploads\/2025\/03\/Resilient-Institutions-Learning-from-Canadas-COVID-19-Pandemic-1024x576-1.jpg","type":"image\/jpeg"}],"twitter_card":"summary_large_image","twitter_site":"@irpp","twitter_misc":{"Est. reading time":"2 minutes"},"schema":{"@context":"https:\/\/schema.org","@graph":[{"@type":"WebPage","@id":"https:\/\/potestlaunch.irpp.org\/fr\/events\/institutions-resilientes-apprendre-la-pandemie-de-covid-19-au-canada\/","url":"https:\/\/potestlaunch.irpp.org\/fr\/events\/institutions-resilientes-apprendre-la-pandemie-de-covid-19-au-canada\/","name":"Institutions r\u00e9silientes : Apprendre de la pand\u00e9mie de COVID-19 au Canada - Policy Options","isPartOf":{"@id":"https:\/\/potestlaunch.irpp.org\/fr\/#website"},"primaryImageOfPage":{"@id":"https:\/\/potestlaunch.irpp.org\/fr\/events\/institutions-resilientes-apprendre-la-pandemie-de-covid-19-au-canada\/#primaryimage"},"image":{"@id":"https:\/\/potestlaunch.irpp.org\/fr\/events\/institutions-resilientes-apprendre-la-pandemie-de-covid-19-au-canada\/#primaryimage"},"thumbnailUrl":"https:\/\/potestlaunch.irpp.org\/wp-content\/uploads\/2025\/03\/Resilient-Institutions-Learning-from-Canadas-COVID-19-Pandemic-1024x576-1.jpg","datePublished":"2024-03-13T23:41:52+00:00","breadcrumb":{"@id":"https:\/\/potestlaunch.irpp.org\/fr\/events\/institutions-resilientes-apprendre-la-pandemie-de-covid-19-au-canada\/#breadcrumb"},"inLanguage":"fr-FR","potentialAction":[{"@type":"ReadAction","target":["https:\/\/potestlaunch.irpp.org\/fr\/events\/institutions-resilientes-apprendre-la-pandemie-de-covid-19-au-canada\/"]}]},{"@type":"ImageObject","inLanguage":"fr-FR","@id":"https:\/\/potestlaunch.irpp.org\/fr\/events\/institutions-resilientes-apprendre-la-pandemie-de-covid-19-au-canada\/#primaryimage","url":"https:\/\/potestlaunch.irpp.org\/wp-content\/uploads\/2025\/03\/Resilient-Institutions-Learning-from-Canadas-COVID-19-Pandemic-1024x576-1.jpg","contentUrl":"https:\/\/potestlaunch.irpp.org\/wp-content\/uploads\/2025\/03\/Resilient-Institutions-Learning-from-Canadas-COVID-19-Pandemic-1024x576-1.jpg","width":1024,"height":576},{"@type":"BreadcrumbList","@id":"https:\/\/potestlaunch.irpp.org\/fr\/events\/institutions-resilientes-apprendre-la-pandemie-de-covid-19-au-canada\/#breadcrumb","itemListElement":[{"@type":"ListItem","position":1,"name":"Home","item":"https:\/\/potestlaunch.irpp.org\/fr\/"},{"@type":"ListItem","position":2,"name":"Institutions r\u00e9silientes : Apprendre de la pand\u00e9mie de COVID-19 au Canada"}]},{"@type":"WebSite","@id":"https:\/\/potestlaunch.irpp.org\/fr\/#website","url":"https:\/\/potestlaunch.irpp.org\/fr\/","name":"Policy Options","description":"Institute for Research on Public Policy","publisher":{"@id":"https:\/\/potestlaunch.irpp.org\/fr\/#organization"},"potentialAction":[{"@type":"SearchAction","target":{"@type":"EntryPoint","urlTemplate":"https:\/\/potestlaunch.irpp.org\/fr\/?s={search_term_string}"},"query-input":{"@type":"PropertyValueSpecification","valueRequired":true,"valueName":"search_term_string"}}],"inLanguage":"fr-FR"},{"@type":"Organization","@id":"https:\/\/potestlaunch.irpp.org\/fr\/#organization","name":"Policy Options","url":"https:\/\/potestlaunch.irpp.org\/fr\/","logo":{"@type":"ImageObject","inLanguage":"fr-FR","@id":"https:\/\/potestlaunch.irpp.org\/fr\/#\/schema\/logo\/image\/","url":"https:\/\/potestlaunch.irpp.org\/wp-content\/uploads\/2024\/11\/PolicyOptions_Logo.png","contentUrl":"https:\/\/potestlaunch.irpp.org\/wp-content\/uploads\/2024\/11\/PolicyOptions_Logo.png","width":1200,"height":365,"caption":"Policy Options"},"image":{"@id":"https:\/\/potestlaunch.irpp.org\/fr\/#\/schema\/logo\/image\/"},"sameAs":["https:\/\/www.facebook.com\/IRPP.org","https:\/\/x.com\/irpp"]}]}},"_links":{"self":[{"href":"https:\/\/potestlaunch.irpp.org\/fr\/wp-json\/wp\/v2\/events\/169570","targetHints":{"allow":["GET"]}}],"collection":[{"href":"https:\/\/potestlaunch.irpp.org\/fr\/wp-json\/wp\/v2\/events"}],"about":[{"href":"https:\/\/potestlaunch.irpp.org\/fr\/wp-json\/wp\/v2\/types\/events"}],"wp:featuredmedia":[{"embeddable":true,"href":"https:\/\/potestlaunch.irpp.org\/fr\/wp-json\/wp\/v2\/media\/137483"}],"wp:attachment":[{"href":"https:\/\/potestlaunch.irpp.org\/fr\/wp-json\/wp\/v2\/media?parent=169570"}],"wp:term":[{"taxonomy":"event-source","embeddable":true,"href":"https:\/\/potestlaunch.irpp.org\/fr\/wp-json\/wp\/v2\/event-source?post=169570"},{"taxonomy":"event-type","embeddable":true,"href":"https:\/\/potestlaunch.irpp.org\/fr\/wp-json\/wp\/v2\/event-type?post=169570"}],"curies":[{"name":"wp","href":"https:\/\/api.w.org\/{rel}","templated":true}]}}