{"id":169599,"date":"2024-05-08T17:20:35","date_gmt":"2024-05-08T21:20:35","guid":{"rendered":"https:\/\/irpp-policy-options.local\/events\/cultural-capital-indigenous-approaches-to-economic-growth\/"},"modified":"2025-04-01T14:47:14","modified_gmt":"2025-04-01T18:47:14","slug":"cultural-capital-indigenous-approaches-to-economic-growth","status":"publish","type":"events","link":"https:\/\/potestlaunch.irpp.org\/fr\/events\/cultural-capital-indigenous-approaches-to-economic-growth\/","title":{"rendered":"\u00ab\u202fCultural Capital: Indigenous Approaches to Economic Growth\u202f\u00bb"},"content":{"rendered":"<p><span data-contrast=\"auto\">Le <\/span><b><span data-contrast=\"auto\">lundi 3 juin<\/span><\/b><span data-contrast=\"auto\"> \u00e0 Winnipeg nous avons organis\u00e9 une conversation sur les approches autochtones de la croissance \u00e9conomique qui \u00e0 mis en lumi\u00e8re les r\u00e9ussites de diverses communaut\u00e9s autochtones et \u00e0 expliqu\u00e9 comment les diff\u00e9rents ordres de gouvernement de la f\u00e9d\u00e9ration peuvent \u00eatre les meilleurs partenaires pour soutenir leur ind\u00e9pendance \u00e9conomique.<\/span><span data-ccp-props=\"{}\">\u00a0<\/span><\/p>\n<p><span data-contrast=\"auto\">Nous avons entendu des commentaires de\u202f:<\/span><span data-ccp-props=\"{}\">\u00a0<\/span><\/p>\n<ul>\n<li data-leveltext=\"\uf0b7\" data-font=\"Symbol\" data-listid=\"1\" data-list-defn-props=\"{&quot;335552541&quot;:1,&quot;335559685&quot;:720,&quot;335559991&quot;:360,&quot;469769226&quot;:&quot;Symbol&quot;,&quot;469769242&quot;:[8226],&quot;469777803&quot;:&quot;left&quot;,&quot;469777804&quot;:&quot;\uf0b7&quot;,&quot;469777815&quot;:&quot;hybridMultilevel&quot;}\" data-aria-posinset=\"1\" data-aria-level=\"1\"><span data-contrast=\"auto\"><strong>Alain Beaudry<\/strong>, principal \u00e0 Waapihk Research<\/span><span data-ccp-props=\"{}\">\u00a0<\/span><\/li>\n<li data-leveltext=\"\uf0b7\" data-font=\"Symbol\" data-listid=\"1\" data-list-defn-props=\"{&quot;335552541&quot;:1,&quot;335559685&quot;:720,&quot;335559991&quot;:360,&quot;469769226&quot;:&quot;Symbol&quot;,&quot;469769242&quot;:[8226],&quot;469777803&quot;:&quot;left&quot;,&quot;469777804&quot;:&quot;\uf0b7&quot;,&quot;469777815&quot;:&quot;hybridMultilevel&quot;}\" data-aria-posinset=\"2\" data-aria-level=\"1\"><span data-contrast=\"auto\"><strong>Michelle Cameron<\/strong>, propri\u00e9taire de Dreamcatcher Promotions<\/span><span data-ccp-props=\"{}\">\u00a0<\/span><\/li>\n<li data-leveltext=\"\uf0b7\" data-font=\"Symbol\" data-listid=\"1\" data-list-defn-props=\"{&quot;335552541&quot;:1,&quot;335559685&quot;:720,&quot;335559991&quot;:360,&quot;469769226&quot;:&quot;Symbol&quot;,&quot;469769242&quot;:[8226],&quot;469777803&quot;:&quot;left&quot;,&quot;469777804&quot;:&quot;\uf0b7&quot;,&quot;469777815&quot;:&quot;hybridMultilevel&quot;}\" data-aria-posinset=\"3\" data-aria-level=\"1\"><span data-contrast=\"auto\"><strong>Cody Mercer<\/strong>, Responsable de la cha\u00eene d&rsquo;approvisionnement de la Treaty One Development Corporation ; et<\/span><span data-ccp-props=\"{}\">\u00a0<\/span><\/li>\n<li data-leveltext=\"\uf0b7\" data-font=\"Symbol\" data-listid=\"1\" data-list-defn-props=\"{&quot;335552541&quot;:1,&quot;335559685&quot;:720,&quot;335559991&quot;:360,&quot;469769226&quot;:&quot;Symbol&quot;,&quot;469769242&quot;:[8226],&quot;469777803&quot;:&quot;left&quot;,&quot;469777804&quot;:&quot;\uf0b7&quot;,&quot;469777815&quot;:&quot;hybridMultilevel&quot;}\" data-aria-posinset=\"4\" data-aria-level=\"1\"><span data-contrast=\"auto\"><strong>James (Jamie) Wilson<\/strong>, vice-pr\u00e9sident de strat\u00e9gie autochtone, de recherche et de d\u00e9veloppement des affaires \u00e0 Red River College Polytechnic.<\/span><span data-ccp-props=\"{}\">\u00a0<\/span><\/li>\n<\/ul>\n<p><span data-contrast=\"auto\">Le panel, anim\u00e9 par <strong>Steve Lafleur<\/strong>, directeur de recherche<\/span> <span data-contrast=\"auto\">de l\u2019IRPP, s&rsquo;est tenu au Mus\u00e9e canadien pour les droits de la personne. <strong>Adrien Sala<\/strong>, ministre des Finances du Manitoba, a prononc\u00e9 le discours d&rsquo;ouverture.\u00a0<\/span><\/p>\n<p><span data-contrast=\"auto\">Cet \u00e9v\u00e9nement co\u00efncidait avec l\u2019assembl\u00e9e g\u00e9n\u00e9rale annuelle de l\u2019Institut de recherche en politiques publiques. Chaque ann\u00e9e, l\u2019IRPP tient son assembl\u00e9e g\u00e9n\u00e9rale dans une ville canadienne diff\u00e9rente et cherche \u00e0 mettre en contact son personnel et son conseil d\u2019administration de tout le pays avec les membres de la communaut\u00e9 locale et r\u00e9gionale des politiques publiques.<\/span><span data-ccp-props=\"{}\">\u00a0<\/span><\/p>\n<p><strong>Photo<\/strong><\/p>\n<div id='gallery-1' class='gallery galleryid-169599 gallery-columns-3 gallery-size-thumbnail'><figure class='gallery-item'>\n\t\t\t<div class='gallery-icon landscape'>\n\t\t\t\t<a href='https:\/\/potestlaunch.irpp.org\/wp-content\/uploads\/2025\/03\/20240603-DSCF0088_websize.jpg'><img decoding=\"async\" width=\"150\" height=\"150\" src=\"https:\/\/potestlaunch.irpp.org\/wp-content\/uploads\/2025\/03\/20240603-DSCF0088_websize-150x150.jpg\" class=\"attachment-thumbnail size-thumbnail\" alt=\"\" \/><\/a>\n\t\t\t<\/div><\/figure><figure class='gallery-item'>\n\t\t\t<div class='gallery-icon landscape'>\n\t\t\t\t<a href='https:\/\/potestlaunch.irpp.org\/wp-content\/uploads\/2025\/03\/20240603-DSCF0268_websize.jpg'><img decoding=\"async\" width=\"150\" height=\"150\" src=\"https:\/\/potestlaunch.irpp.org\/wp-content\/uploads\/2025\/03\/20240603-DSCF0268_websize-150x150.jpg\" class=\"attachment-thumbnail size-thumbnail\" alt=\"\" \/><\/a>\n\t\t\t<\/div><\/figure><figure class='gallery-item'>\n\t\t\t<div class='gallery-icon landscape'>\n\t\t\t\t<a href='https:\/\/potestlaunch.irpp.org\/wp-content\/uploads\/2025\/03\/20240603-DSCF0073_websize.jpg'><img decoding=\"async\" width=\"150\" height=\"150\" src=\"https:\/\/potestlaunch.irpp.org\/wp-content\/uploads\/2025\/03\/20240603-DSCF0073_websize-150x150.jpg\" class=\"attachment-thumbnail size-thumbnail\" alt=\"\" \/><\/a>\n\t\t\t<\/div><\/figure><figure class='gallery-item'>\n\t\t\t<div class='gallery-icon landscape'>\n\t\t\t\t<a href='https:\/\/potestlaunch.irpp.org\/wp-content\/uploads\/2025\/03\/20240603-DSCF5742_websize.jpg'><img loading=\"lazy\" decoding=\"async\" width=\"150\" height=\"150\" src=\"https:\/\/potestlaunch.irpp.org\/wp-content\/uploads\/2025\/03\/20240603-DSCF5742_websize-150x150.jpg\" class=\"attachment-thumbnail size-thumbnail\" alt=\"\" \/><\/a>\n\t\t\t<\/div><\/figure><figure class='gallery-item'>\n\t\t\t<div class='gallery-icon landscape'>\n\t\t\t\t<a href='https:\/\/potestlaunch.irpp.org\/wp-content\/uploads\/2025\/03\/20240603-DSCF5772_websize.jpg'><img loading=\"lazy\" decoding=\"async\" width=\"150\" height=\"150\" src=\"https:\/\/potestlaunch.irpp.org\/wp-content\/uploads\/2025\/03\/20240603-DSCF5772_websize-150x150.jpg\" class=\"attachment-thumbnail size-thumbnail\" alt=\"\" \/><\/a>\n\t\t\t<\/div><\/figure><figure class='gallery-item'>\n\t\t\t<div class='gallery-icon landscape'>\n\t\t\t\t<a href='https:\/\/potestlaunch.irpp.org\/wp-content\/uploads\/2025\/03\/20240603-DSCF5779_websize.jpg'><img loading=\"lazy\" decoding=\"async\" width=\"150\" height=\"150\" src=\"https:\/\/potestlaunch.irpp.org\/wp-content\/uploads\/2025\/03\/20240603-DSCF5779_websize-150x150.jpg\" class=\"attachment-thumbnail size-thumbnail\" alt=\"\" \/><\/a>\n\t\t\t<\/div><\/figure>\n\t\t<\/div>\n\n","protected":false},"excerpt":{"rendered":"<p>Le lundi 3 juin \u00e0 Winnipeg nous avons organis\u00e9 une conversation sur les approches autochtones de la croissance \u00e9conomique qui \u00e0 mis en lumi\u00e8re les r\u00e9ussites de diverses communaut\u00e9s autochtones et \u00e0 expliqu\u00e9 comment les diff\u00e9rents ordres de gouvernement de la f\u00e9d\u00e9ration peuvent \u00eatre les meilleurs partenaires pour soutenir leur ind\u00e9pendance \u00e9conomique.\u00a0 Nous avons entendu [&hellip;]<\/p>\n","protected":false},"featured_media":137520,"parent":0,"template":"","meta":{"_acf_changed":false,"content-type":"","ep_exclude_from_search":false},"event-source":[],"event-type":[6660,6676],"class_list":["post-169599","events","type-events","status-publish","has-post-thumbnail","hentry","event-type-events","event-type-panel"],"acf":[],"yoast_head":"<!-- This site is optimized with the Yoast SEO plugin v25.2 - https:\/\/yoast.com\/wordpress\/plugins\/seo\/ -->\n<title>\u00ab\u202fCultural Capital: Indigenous Approaches to Economic Growth\u202f\u00bb - Policy Options<\/title>\n<meta name=\"robots\" content=\"index, follow, max-snippet:-1, max-image-preview:large, max-video-preview:-1\" \/>\n<link rel=\"canonical\" href=\"https:\/\/potestlaunch.irpp.org\/fr\/events\/cultural-capital-indigenous-approaches-to-economic-growth\/\" \/>\n<meta property=\"og:locale\" content=\"fr_FR\" \/>\n<meta property=\"og:type\" content=\"article\" \/>\n<meta property=\"og:title\" content=\"\u00ab\u202fCultural Capital: Indigenous Approaches to Economic Growth\u202f\u00bb - Policy Options\" \/>\n<meta property=\"og:description\" content=\"Le lundi 3 juin \u00e0 Winnipeg nous avons organis\u00e9 une conversation sur les approches autochtones de la croissance \u00e9conomique qui \u00e0 mis en lumi\u00e8re les r\u00e9ussites de diverses communaut\u00e9s autochtones et \u00e0 expliqu\u00e9 comment les diff\u00e9rents ordres de gouvernement de la f\u00e9d\u00e9ration peuvent \u00eatre les meilleurs partenaires pour soutenir leur ind\u00e9pendance \u00e9conomique.\u00a0 Nous avons entendu [&hellip;]\" \/>\n<meta property=\"og:url\" content=\"https:\/\/potestlaunch.irpp.org\/fr\/events\/cultural-capital-indigenous-approaches-to-economic-growth\/\" \/>\n<meta property=\"og:site_name\" content=\"Policy Options\" \/>\n<meta property=\"article:publisher\" content=\"https:\/\/www.facebook.com\/IRPP.org\" \/>\n<meta property=\"article:modified_time\" content=\"2025-04-01T18:47:14+00:00\" \/>\n<meta property=\"og:image\" content=\"https:\/\/potestlaunch.irpp.org\/wp-content\/uploads\/2025\/03\/shutterstock_2139073573-1.jpg\" \/>\n\t<meta property=\"og:image:width\" content=\"7858\" \/>\n\t<meta property=\"og:image:height\" content=\"3995\" \/>\n\t<meta property=\"og:image:type\" content=\"image\/jpeg\" \/>\n<meta name=\"twitter:card\" content=\"summary_large_image\" \/>\n<meta name=\"twitter:site\" content=\"@irpp\" \/>\n<meta name=\"twitter:label1\" content=\"Est. reading time\" \/>\n\t<meta name=\"twitter:data1\" content=\"1 minute\" \/>\n<script type=\"application\/ld+json\" class=\"yoast-schema-graph\">{\"@context\":\"https:\/\/schema.org\",\"@graph\":[{\"@type\":\"WebPage\",\"@id\":\"https:\/\/potestlaunch.irpp.org\/fr\/events\/cultural-capital-indigenous-approaches-to-economic-growth\/\",\"url\":\"https:\/\/potestlaunch.irpp.org\/fr\/events\/cultural-capital-indigenous-approaches-to-economic-growth\/\",\"name\":\"\u00ab\u202fCultural Capital: Indigenous Approaches to Economic Growth\u202f\u00bb - Policy Options\",\"isPartOf\":{\"@id\":\"https:\/\/potestlaunch.irpp.org\/fr\/#website\"},\"primaryImageOfPage\":{\"@id\":\"https:\/\/potestlaunch.irpp.org\/fr\/events\/cultural-capital-indigenous-approaches-to-economic-growth\/#primaryimage\"},\"image\":{\"@id\":\"https:\/\/potestlaunch.irpp.org\/fr\/events\/cultural-capital-indigenous-approaches-to-economic-growth\/#primaryimage\"},\"thumbnailUrl\":\"https:\/\/potestlaunch.irpp.org\/wp-content\/uploads\/2025\/03\/shutterstock_2139073573-1.jpg\",\"datePublished\":\"2024-05-08T21:20:35+00:00\",\"dateModified\":\"2025-04-01T18:47:14+00:00\",\"breadcrumb\":{\"@id\":\"https:\/\/potestlaunch.irpp.org\/fr\/events\/cultural-capital-indigenous-approaches-to-economic-growth\/#breadcrumb\"},\"inLanguage\":\"fr-FR\",\"potentialAction\":[{\"@type\":\"ReadAction\",\"target\":[\"https:\/\/potestlaunch.irpp.org\/fr\/events\/cultural-capital-indigenous-approaches-to-economic-growth\/\"]}]},{\"@type\":\"ImageObject\",\"inLanguage\":\"fr-FR\",\"@id\":\"https:\/\/potestlaunch.irpp.org\/fr\/events\/cultural-capital-indigenous-approaches-to-economic-growth\/#primaryimage\",\"url\":\"https:\/\/potestlaunch.irpp.org\/wp-content\/uploads\/2025\/03\/shutterstock_2139073573-1.jpg\",\"contentUrl\":\"https:\/\/potestlaunch.irpp.org\/wp-content\/uploads\/2025\/03\/shutterstock_2139073573-1.jpg\",\"width\":7858,\"height\":3995},{\"@type\":\"BreadcrumbList\",\"@id\":\"https:\/\/potestlaunch.irpp.org\/fr\/events\/cultural-capital-indigenous-approaches-to-economic-growth\/#breadcrumb\",\"itemListElement\":[{\"@type\":\"ListItem\",\"position\":1,\"name\":\"Home\",\"item\":\"https:\/\/potestlaunch.irpp.org\/fr\/\"},{\"@type\":\"ListItem\",\"position\":2,\"name\":\"\u00ab\u202fCultural Capital: Indigenous Approaches to Economic Growth\u202f\u00bb\"}]},{\"@type\":\"WebSite\",\"@id\":\"https:\/\/potestlaunch.irpp.org\/fr\/#website\",\"url\":\"https:\/\/potestlaunch.irpp.org\/fr\/\",\"name\":\"Policy Options\",\"description\":\"Institute for Research on Public Policy\",\"publisher\":{\"@id\":\"https:\/\/potestlaunch.irpp.org\/fr\/#organization\"},\"potentialAction\":[{\"@type\":\"SearchAction\",\"target\":{\"@type\":\"EntryPoint\",\"urlTemplate\":\"https:\/\/potestlaunch.irpp.org\/fr\/?s={search_term_string}\"},\"query-input\":{\"@type\":\"PropertyValueSpecification\",\"valueRequired\":true,\"valueName\":\"search_term_string\"}}],\"inLanguage\":\"fr-FR\"},{\"@type\":\"Organization\",\"@id\":\"https:\/\/potestlaunch.irpp.org\/fr\/#organization\",\"name\":\"Policy Options\",\"url\":\"https:\/\/potestlaunch.irpp.org\/fr\/\",\"logo\":{\"@type\":\"ImageObject\",\"inLanguage\":\"fr-FR\",\"@id\":\"https:\/\/potestlaunch.irpp.org\/fr\/#\/schema\/logo\/image\/\",\"url\":\"https:\/\/potestlaunch.irpp.org\/wp-content\/uploads\/2024\/11\/PolicyOptions_Logo.png\",\"contentUrl\":\"https:\/\/potestlaunch.irpp.org\/wp-content\/uploads\/2024\/11\/PolicyOptions_Logo.png\",\"width\":1200,\"height\":365,\"caption\":\"Policy Options\"},\"image\":{\"@id\":\"https:\/\/potestlaunch.irpp.org\/fr\/#\/schema\/logo\/image\/\"},\"sameAs\":[\"https:\/\/www.facebook.com\/IRPP.org\",\"https:\/\/x.com\/irpp\"]}]}<\/script>\n<!-- \/ Yoast SEO plugin. -->","yoast_head_json":{"title":"\u00ab\u202fCultural Capital: Indigenous Approaches to Economic Growth\u202f\u00bb - Policy Options","robots":{"index":"index","follow":"follow","max-snippet":"max-snippet:-1","max-image-preview":"max-image-preview:large","max-video-preview":"max-video-preview:-1"},"canonical":"https:\/\/potestlaunch.irpp.org\/fr\/events\/cultural-capital-indigenous-approaches-to-economic-growth\/","og_locale":"fr_FR","og_type":"article","og_title":"\u00ab\u202fCultural Capital: Indigenous Approaches to Economic Growth\u202f\u00bb - Policy Options","og_description":"Le lundi 3 juin \u00e0 Winnipeg nous avons organis\u00e9 une conversation sur les approches autochtones de la croissance \u00e9conomique qui \u00e0 mis en lumi\u00e8re les r\u00e9ussites de diverses communaut\u00e9s autochtones et \u00e0 expliqu\u00e9 comment les diff\u00e9rents ordres de gouvernement de la f\u00e9d\u00e9ration peuvent \u00eatre les meilleurs partenaires pour soutenir leur ind\u00e9pendance \u00e9conomique.\u00a0 Nous avons entendu [&hellip;]","og_url":"https:\/\/potestlaunch.irpp.org\/fr\/events\/cultural-capital-indigenous-approaches-to-economic-growth\/","og_site_name":"Policy Options","article_publisher":"https:\/\/www.facebook.com\/IRPP.org","article_modified_time":"2025-04-01T18:47:14+00:00","og_image":[{"width":7858,"height":3995,"url":"https:\/\/potestlaunch.irpp.org\/wp-content\/uploads\/2025\/03\/shutterstock_2139073573-1.jpg","type":"image\/jpeg"}],"twitter_card":"summary_large_image","twitter_site":"@irpp","twitter_misc":{"Est. reading time":"1 minute"},"schema":{"@context":"https:\/\/schema.org","@graph":[{"@type":"WebPage","@id":"https:\/\/potestlaunch.irpp.org\/fr\/events\/cultural-capital-indigenous-approaches-to-economic-growth\/","url":"https:\/\/potestlaunch.irpp.org\/fr\/events\/cultural-capital-indigenous-approaches-to-economic-growth\/","name":"\u00ab\u202fCultural Capital: Indigenous Approaches to Economic Growth\u202f\u00bb - Policy Options","isPartOf":{"@id":"https:\/\/potestlaunch.irpp.org\/fr\/#website"},"primaryImageOfPage":{"@id":"https:\/\/potestlaunch.irpp.org\/fr\/events\/cultural-capital-indigenous-approaches-to-economic-growth\/#primaryimage"},"image":{"@id":"https:\/\/potestlaunch.irpp.org\/fr\/events\/cultural-capital-indigenous-approaches-to-economic-growth\/#primaryimage"},"thumbnailUrl":"https:\/\/potestlaunch.irpp.org\/wp-content\/uploads\/2025\/03\/shutterstock_2139073573-1.jpg","datePublished":"2024-05-08T21:20:35+00:00","dateModified":"2025-04-01T18:47:14+00:00","breadcrumb":{"@id":"https:\/\/potestlaunch.irpp.org\/fr\/events\/cultural-capital-indigenous-approaches-to-economic-growth\/#breadcrumb"},"inLanguage":"fr-FR","potentialAction":[{"@type":"ReadAction","target":["https:\/\/potestlaunch.irpp.org\/fr\/events\/cultural-capital-indigenous-approaches-to-economic-growth\/"]}]},{"@type":"ImageObject","inLanguage":"fr-FR","@id":"https:\/\/potestlaunch.irpp.org\/fr\/events\/cultural-capital-indigenous-approaches-to-economic-growth\/#primaryimage","url":"https:\/\/potestlaunch.irpp.org\/wp-content\/uploads\/2025\/03\/shutterstock_2139073573-1.jpg","contentUrl":"https:\/\/potestlaunch.irpp.org\/wp-content\/uploads\/2025\/03\/shutterstock_2139073573-1.jpg","width":7858,"height":3995},{"@type":"BreadcrumbList","@id":"https:\/\/potestlaunch.irpp.org\/fr\/events\/cultural-capital-indigenous-approaches-to-economic-growth\/#breadcrumb","itemListElement":[{"@type":"ListItem","position":1,"name":"Home","item":"https:\/\/potestlaunch.irpp.org\/fr\/"},{"@type":"ListItem","position":2,"name":"\u00ab\u202fCultural Capital: Indigenous Approaches to Economic Growth\u202f\u00bb"}]},{"@type":"WebSite","@id":"https:\/\/potestlaunch.irpp.org\/fr\/#website","url":"https:\/\/potestlaunch.irpp.org\/fr\/","name":"Policy Options","description":"Institute for Research on Public Policy","publisher":{"@id":"https:\/\/potestlaunch.irpp.org\/fr\/#organization"},"potentialAction":[{"@type":"SearchAction","target":{"@type":"EntryPoint","urlTemplate":"https:\/\/potestlaunch.irpp.org\/fr\/?s={search_term_string}"},"query-input":{"@type":"PropertyValueSpecification","valueRequired":true,"valueName":"search_term_string"}}],"inLanguage":"fr-FR"},{"@type":"Organization","@id":"https:\/\/potestlaunch.irpp.org\/fr\/#organization","name":"Policy Options","url":"https:\/\/potestlaunch.irpp.org\/fr\/","logo":{"@type":"ImageObject","inLanguage":"fr-FR","@id":"https:\/\/potestlaunch.irpp.org\/fr\/#\/schema\/logo\/image\/","url":"https:\/\/potestlaunch.irpp.org\/wp-content\/uploads\/2024\/11\/PolicyOptions_Logo.png","contentUrl":"https:\/\/potestlaunch.irpp.org\/wp-content\/uploads\/2024\/11\/PolicyOptions_Logo.png","width":1200,"height":365,"caption":"Policy Options"},"image":{"@id":"https:\/\/potestlaunch.irpp.org\/fr\/#\/schema\/logo\/image\/"},"sameAs":["https:\/\/www.facebook.com\/IRPP.org","https:\/\/x.com\/irpp"]}]}},"_links":{"self":[{"href":"https:\/\/potestlaunch.irpp.org\/fr\/wp-json\/wp\/v2\/events\/169599","targetHints":{"allow":["GET"]}}],"collection":[{"href":"https:\/\/potestlaunch.irpp.org\/fr\/wp-json\/wp\/v2\/events"}],"about":[{"href":"https:\/\/potestlaunch.irpp.org\/fr\/wp-json\/wp\/v2\/types\/events"}],"wp:featuredmedia":[{"embeddable":true,"href":"https:\/\/potestlaunch.irpp.org\/fr\/wp-json\/wp\/v2\/media\/137520"}],"wp:attachment":[{"href":"https:\/\/potestlaunch.irpp.org\/fr\/wp-json\/wp\/v2\/media?parent=169599"}],"wp:term":[{"taxonomy":"event-source","embeddable":true,"href":"https:\/\/potestlaunch.irpp.org\/fr\/wp-json\/wp\/v2\/event-source?post=169599"},{"taxonomy":"event-type","embeddable":true,"href":"https:\/\/potestlaunch.irpp.org\/fr\/wp-json\/wp\/v2\/event-type?post=169599"}],"curies":[{"name":"wp","href":"https:\/\/api.w.org\/{rel}","templated":true}]}}