{"id":169762,"date":"2025-02-05T20:38:06","date_gmt":"2025-02-06T01:38:06","guid":{"rendered":"https:\/\/irpp-policy-options.local\/events\/vingt-ans-apres-la-commission-seguin\/"},"modified":"2025-02-05T20:38:06","modified_gmt":"2025-02-06T01:38:06","slug":"vingt-ans-apres-la-commission-seguin","status":"publish","type":"events","link":"https:\/\/potestlaunch.irpp.org\/fr\/events\/vingt-ans-apres-la-commission-seguin\/","title":{"rendered":"De la Commission S\u00e9guin au Comit\u00e9 sur les enjeux constitutionnels : 20 ans de discussion sur le f\u00e9d\u00e9ralisme fiscal au Qu\u00e9bec"},"content":{"rendered":"<p><span data-contrast=\"none\">Le 19 f\u00e9vrier, l&rsquo;IRPP a organis\u00e9 un \u00e9v\u00e9nement qui a r\u00e9uni <strong>Marcelin Joanis<\/strong> (Professeur, Polytechnique Montr\u00e9al, ancien membre du secr\u00e9tariat de la Commission S\u00e9guin) et <strong>Catherine Mathieu<\/strong> (Professeure, UQAM et membre du Comit\u00e9 consultatif sur les enjeux constitutionnels). <b>Charles Breton<\/b>, directeur du Centre d\u2019excellence sur la f\u00e9d\u00e9ration canadienne, a anim\u00e9 la conversation<\/span><\/p>\n<p><span data-contrast=\"none\">D\u00e9s\u00e9quilibre fiscal, p\u00e9r\u00e9quation, pouvoir de d\u00e9penser, transfert en sant\u00e9 : l&rsquo;histoire r\u00e9cente du Qu\u00e9bec est jalonn\u00e9e de moments o\u00f9 ces questions ont \u00e9t\u00e9 d\u2019actualit\u00e9. Cette histoire est aussi marqu\u00e9e par des initiatives du gouvernement qu\u00e9b\u00e9cois visant \u00e0 identifier les probl\u00e8mes et proposer des solutions. La Commission S\u00e9guin sur le d\u00e9s\u00e9quilibre fiscal en est l\u2019exemple le plus clair, alors que le rapport du Comit\u00e9 consultatif sur les enjeux constitutionnels de novembre dernier en est l\u2019exemple le plus r\u00e9cent.<\/span><span data-ccp-props=\"{&quot;134233117&quot;:false,&quot;134233118&quot;:false,&quot;335551550&quot;:1,&quot;335551620&quot;:1,&quot;335557856&quot;:16777215,&quot;335559738&quot;:0,&quot;335559739&quot;:0}\">\u00a0<\/span><\/p>\n<p><span data-contrast=\"none\">Avec la publication par le Centre d&rsquo;excellence sur la f\u00e9d\u00e9ration canadienne d&rsquo;un\u00a0<\/span><a href=\"https:\/\/centre.irpp.org\/fr\/research-studies\/desequilibre-fiscal-canada-vingt-ans-apres-commission-seguin\/\"><span data-contrast=\"none\">texte\u00a0de Marcelin Joanis<\/span><\/a><span data-contrast=\"none\"> sur les 20 ans de la Commission S\u00e9guin, le Centre a eu le plaisir d&rsquo;accueillir une discussion sur l\u2019\u00e9volution des enjeux entourant le f\u00e9d\u00e9ralisme fiscal d\u2019un point de vue qu\u00e9b\u00e9cois, tant quant \u00e0 la nature du probl\u00e8me qu\u2019aux potentielles solutions.<\/span><span data-ccp-props=\"{&quot;134233117&quot;:false,&quot;134233118&quot;:false,&quot;335551550&quot;:1,&quot;335551620&quot;:1,&quot;335557856&quot;:16777215,&quot;335559738&quot;:0,&quot;335559739&quot;:0}\">\u00a0<\/span><\/p>\n<p>&nbsp;<\/p>\n","protected":false},"excerpt":{"rendered":"<p>Le 19 f\u00e9vrier, l&rsquo;IRPP a organis\u00e9 un \u00e9v\u00e9nement qui a r\u00e9uni Marcelin Joanis (Professeur, Polytechnique Montr\u00e9al, ancien membre du secr\u00e9tariat de la Commission S\u00e9guin) et Catherine Mathieu (Professeure, UQAM et membre du Comit\u00e9 consultatif sur les enjeux constitutionnels). Charles Breton, directeur du Centre d\u2019excellence sur la f\u00e9d\u00e9ration canadienne, a anim\u00e9 la conversation D\u00e9s\u00e9quilibre fiscal, p\u00e9r\u00e9quation, [&hellip;]<\/p>\n","protected":false},"featured_media":137822,"parent":0,"template":"","meta":{"_acf_changed":false,"content-type":"","ep_exclude_from_search":false},"event-source":[],"event-type":[6660,6676],"class_list":["post-169762","events","type-events","status-publish","has-post-thumbnail","hentry","event-type-events","event-type-panel"],"acf":[],"yoast_head":"<!-- This site is optimized with the Yoast SEO plugin v25.2 - https:\/\/yoast.com\/wordpress\/plugins\/seo\/ -->\n<title>De la Commission S\u00e9guin au Comit\u00e9 sur les enjeux constitutionnels : 20 ans de discussion sur le f\u00e9d\u00e9ralisme fiscal au Qu\u00e9bec - Policy Options<\/title>\n<meta name=\"robots\" content=\"index, follow, max-snippet:-1, max-image-preview:large, max-video-preview:-1\" \/>\n<link rel=\"canonical\" href=\"https:\/\/potestlaunch.irpp.org\/fr\/events\/vingt-ans-apres-la-commission-seguin\/\" \/>\n<meta property=\"og:locale\" content=\"fr_FR\" \/>\n<meta property=\"og:type\" content=\"article\" \/>\n<meta property=\"og:title\" content=\"De la Commission S\u00e9guin au Comit\u00e9 sur les enjeux constitutionnels : 20 ans de discussion sur le f\u00e9d\u00e9ralisme fiscal au Qu\u00e9bec - Policy Options\" \/>\n<meta property=\"og:description\" content=\"Le 19 f\u00e9vrier, l&rsquo;IRPP a organis\u00e9 un \u00e9v\u00e9nement qui a r\u00e9uni Marcelin Joanis (Professeur, Polytechnique Montr\u00e9al, ancien membre du secr\u00e9tariat de la Commission S\u00e9guin) et Catherine Mathieu (Professeure, UQAM et membre du Comit\u00e9 consultatif sur les enjeux constitutionnels). Charles Breton, directeur du Centre d\u2019excellence sur la f\u00e9d\u00e9ration canadienne, a anim\u00e9 la conversation D\u00e9s\u00e9quilibre fiscal, p\u00e9r\u00e9quation, [&hellip;]\" \/>\n<meta property=\"og:url\" content=\"https:\/\/potestlaunch.irpp.org\/fr\/events\/vingt-ans-apres-la-commission-seguin\/\" \/>\n<meta property=\"og:site_name\" content=\"Policy Options\" \/>\n<meta property=\"article:publisher\" content=\"https:\/\/www.facebook.com\/IRPP.org\" \/>\n<meta property=\"og:image\" content=\"https:\/\/potestlaunch.irpp.org\/wp-content\/uploads\/2025\/03\/Le-desequilibre-fiscal-au-Canada-vingt-ans-apres-la-Commission-Seguin.jpg\" \/>\n\t<meta property=\"og:image:width\" content=\"1110\" \/>\n\t<meta property=\"og:image:height\" content=\"500\" \/>\n\t<meta property=\"og:image:type\" content=\"image\/jpeg\" \/>\n<meta name=\"twitter:card\" content=\"summary_large_image\" \/>\n<meta name=\"twitter:site\" content=\"@irpp\" \/>\n<meta name=\"twitter:label1\" content=\"Est. reading time\" \/>\n\t<meta name=\"twitter:data1\" content=\"1 minute\" \/>\n<script type=\"application\/ld+json\" class=\"yoast-schema-graph\">{\"@context\":\"https:\/\/schema.org\",\"@graph\":[{\"@type\":\"WebPage\",\"@id\":\"https:\/\/potestlaunch.irpp.org\/fr\/events\/vingt-ans-apres-la-commission-seguin\/\",\"url\":\"https:\/\/potestlaunch.irpp.org\/fr\/events\/vingt-ans-apres-la-commission-seguin\/\",\"name\":\"De la Commission S\u00e9guin au Comit\u00e9 sur les enjeux constitutionnels : 20 ans de discussion sur le f\u00e9d\u00e9ralisme fiscal au Qu\u00e9bec - Policy Options\",\"isPartOf\":{\"@id\":\"https:\/\/potestlaunch.irpp.org\/fr\/#website\"},\"primaryImageOfPage\":{\"@id\":\"https:\/\/potestlaunch.irpp.org\/fr\/events\/vingt-ans-apres-la-commission-seguin\/#primaryimage\"},\"image\":{\"@id\":\"https:\/\/potestlaunch.irpp.org\/fr\/events\/vingt-ans-apres-la-commission-seguin\/#primaryimage\"},\"thumbnailUrl\":\"https:\/\/potestlaunch.irpp.org\/wp-content\/uploads\/2025\/03\/Le-desequilibre-fiscal-au-Canada-vingt-ans-apres-la-Commission-Seguin.jpg\",\"datePublished\":\"2025-02-06T01:38:06+00:00\",\"breadcrumb\":{\"@id\":\"https:\/\/potestlaunch.irpp.org\/fr\/events\/vingt-ans-apres-la-commission-seguin\/#breadcrumb\"},\"inLanguage\":\"fr-FR\",\"potentialAction\":[{\"@type\":\"ReadAction\",\"target\":[\"https:\/\/potestlaunch.irpp.org\/fr\/events\/vingt-ans-apres-la-commission-seguin\/\"]}]},{\"@type\":\"ImageObject\",\"inLanguage\":\"fr-FR\",\"@id\":\"https:\/\/potestlaunch.irpp.org\/fr\/events\/vingt-ans-apres-la-commission-seguin\/#primaryimage\",\"url\":\"https:\/\/potestlaunch.irpp.org\/wp-content\/uploads\/2025\/03\/Le-desequilibre-fiscal-au-Canada-vingt-ans-apres-la-Commission-Seguin.jpg\",\"contentUrl\":\"https:\/\/potestlaunch.irpp.org\/wp-content\/uploads\/2025\/03\/Le-desequilibre-fiscal-au-Canada-vingt-ans-apres-la-Commission-Seguin.jpg\",\"width\":1110,\"height\":500},{\"@type\":\"BreadcrumbList\",\"@id\":\"https:\/\/potestlaunch.irpp.org\/fr\/events\/vingt-ans-apres-la-commission-seguin\/#breadcrumb\",\"itemListElement\":[{\"@type\":\"ListItem\",\"position\":1,\"name\":\"Home\",\"item\":\"https:\/\/potestlaunch.irpp.org\/fr\/\"},{\"@type\":\"ListItem\",\"position\":2,\"name\":\"De la Commission S\u00e9guin au Comit\u00e9 sur les enjeux constitutionnels : 20 ans de discussion sur le f\u00e9d\u00e9ralisme fiscal au Qu\u00e9bec\"}]},{\"@type\":\"WebSite\",\"@id\":\"https:\/\/potestlaunch.irpp.org\/fr\/#website\",\"url\":\"https:\/\/potestlaunch.irpp.org\/fr\/\",\"name\":\"Policy Options\",\"description\":\"Institute for Research on Public Policy\",\"publisher\":{\"@id\":\"https:\/\/potestlaunch.irpp.org\/fr\/#organization\"},\"potentialAction\":[{\"@type\":\"SearchAction\",\"target\":{\"@type\":\"EntryPoint\",\"urlTemplate\":\"https:\/\/potestlaunch.irpp.org\/fr\/?s={search_term_string}\"},\"query-input\":{\"@type\":\"PropertyValueSpecification\",\"valueRequired\":true,\"valueName\":\"search_term_string\"}}],\"inLanguage\":\"fr-FR\"},{\"@type\":\"Organization\",\"@id\":\"https:\/\/potestlaunch.irpp.org\/fr\/#organization\",\"name\":\"Policy Options\",\"url\":\"https:\/\/potestlaunch.irpp.org\/fr\/\",\"logo\":{\"@type\":\"ImageObject\",\"inLanguage\":\"fr-FR\",\"@id\":\"https:\/\/potestlaunch.irpp.org\/fr\/#\/schema\/logo\/image\/\",\"url\":\"https:\/\/potestlaunch.irpp.org\/wp-content\/uploads\/2024\/11\/PolicyOptions_Logo.png\",\"contentUrl\":\"https:\/\/potestlaunch.irpp.org\/wp-content\/uploads\/2024\/11\/PolicyOptions_Logo.png\",\"width\":1200,\"height\":365,\"caption\":\"Policy Options\"},\"image\":{\"@id\":\"https:\/\/potestlaunch.irpp.org\/fr\/#\/schema\/logo\/image\/\"},\"sameAs\":[\"https:\/\/www.facebook.com\/IRPP.org\",\"https:\/\/x.com\/irpp\"]}]}<\/script>\n<!-- \/ Yoast SEO plugin. -->","yoast_head_json":{"title":"De la Commission S\u00e9guin au Comit\u00e9 sur les enjeux constitutionnels : 20 ans de discussion sur le f\u00e9d\u00e9ralisme fiscal au Qu\u00e9bec - Policy Options","robots":{"index":"index","follow":"follow","max-snippet":"max-snippet:-1","max-image-preview":"max-image-preview:large","max-video-preview":"max-video-preview:-1"},"canonical":"https:\/\/potestlaunch.irpp.org\/fr\/events\/vingt-ans-apres-la-commission-seguin\/","og_locale":"fr_FR","og_type":"article","og_title":"De la Commission S\u00e9guin au Comit\u00e9 sur les enjeux constitutionnels : 20 ans de discussion sur le f\u00e9d\u00e9ralisme fiscal au Qu\u00e9bec - Policy Options","og_description":"Le 19 f\u00e9vrier, l&rsquo;IRPP a organis\u00e9 un \u00e9v\u00e9nement qui a r\u00e9uni Marcelin Joanis (Professeur, Polytechnique Montr\u00e9al, ancien membre du secr\u00e9tariat de la Commission S\u00e9guin) et Catherine Mathieu (Professeure, UQAM et membre du Comit\u00e9 consultatif sur les enjeux constitutionnels). Charles Breton, directeur du Centre d\u2019excellence sur la f\u00e9d\u00e9ration canadienne, a anim\u00e9 la conversation D\u00e9s\u00e9quilibre fiscal, p\u00e9r\u00e9quation, [&hellip;]","og_url":"https:\/\/potestlaunch.irpp.org\/fr\/events\/vingt-ans-apres-la-commission-seguin\/","og_site_name":"Policy Options","article_publisher":"https:\/\/www.facebook.com\/IRPP.org","og_image":[{"width":1110,"height":500,"url":"https:\/\/potestlaunch.irpp.org\/wp-content\/uploads\/2025\/03\/Le-desequilibre-fiscal-au-Canada-vingt-ans-apres-la-Commission-Seguin.jpg","type":"image\/jpeg"}],"twitter_card":"summary_large_image","twitter_site":"@irpp","twitter_misc":{"Est. reading time":"1 minute"},"schema":{"@context":"https:\/\/schema.org","@graph":[{"@type":"WebPage","@id":"https:\/\/potestlaunch.irpp.org\/fr\/events\/vingt-ans-apres-la-commission-seguin\/","url":"https:\/\/potestlaunch.irpp.org\/fr\/events\/vingt-ans-apres-la-commission-seguin\/","name":"De la Commission S\u00e9guin au Comit\u00e9 sur les enjeux constitutionnels : 20 ans de discussion sur le f\u00e9d\u00e9ralisme fiscal au Qu\u00e9bec - Policy Options","isPartOf":{"@id":"https:\/\/potestlaunch.irpp.org\/fr\/#website"},"primaryImageOfPage":{"@id":"https:\/\/potestlaunch.irpp.org\/fr\/events\/vingt-ans-apres-la-commission-seguin\/#primaryimage"},"image":{"@id":"https:\/\/potestlaunch.irpp.org\/fr\/events\/vingt-ans-apres-la-commission-seguin\/#primaryimage"},"thumbnailUrl":"https:\/\/potestlaunch.irpp.org\/wp-content\/uploads\/2025\/03\/Le-desequilibre-fiscal-au-Canada-vingt-ans-apres-la-Commission-Seguin.jpg","datePublished":"2025-02-06T01:38:06+00:00","breadcrumb":{"@id":"https:\/\/potestlaunch.irpp.org\/fr\/events\/vingt-ans-apres-la-commission-seguin\/#breadcrumb"},"inLanguage":"fr-FR","potentialAction":[{"@type":"ReadAction","target":["https:\/\/potestlaunch.irpp.org\/fr\/events\/vingt-ans-apres-la-commission-seguin\/"]}]},{"@type":"ImageObject","inLanguage":"fr-FR","@id":"https:\/\/potestlaunch.irpp.org\/fr\/events\/vingt-ans-apres-la-commission-seguin\/#primaryimage","url":"https:\/\/potestlaunch.irpp.org\/wp-content\/uploads\/2025\/03\/Le-desequilibre-fiscal-au-Canada-vingt-ans-apres-la-Commission-Seguin.jpg","contentUrl":"https:\/\/potestlaunch.irpp.org\/wp-content\/uploads\/2025\/03\/Le-desequilibre-fiscal-au-Canada-vingt-ans-apres-la-Commission-Seguin.jpg","width":1110,"height":500},{"@type":"BreadcrumbList","@id":"https:\/\/potestlaunch.irpp.org\/fr\/events\/vingt-ans-apres-la-commission-seguin\/#breadcrumb","itemListElement":[{"@type":"ListItem","position":1,"name":"Home","item":"https:\/\/potestlaunch.irpp.org\/fr\/"},{"@type":"ListItem","position":2,"name":"De la Commission S\u00e9guin au Comit\u00e9 sur les enjeux constitutionnels : 20 ans de discussion sur le f\u00e9d\u00e9ralisme fiscal au Qu\u00e9bec"}]},{"@type":"WebSite","@id":"https:\/\/potestlaunch.irpp.org\/fr\/#website","url":"https:\/\/potestlaunch.irpp.org\/fr\/","name":"Policy Options","description":"Institute for Research on Public Policy","publisher":{"@id":"https:\/\/potestlaunch.irpp.org\/fr\/#organization"},"potentialAction":[{"@type":"SearchAction","target":{"@type":"EntryPoint","urlTemplate":"https:\/\/potestlaunch.irpp.org\/fr\/?s={search_term_string}"},"query-input":{"@type":"PropertyValueSpecification","valueRequired":true,"valueName":"search_term_string"}}],"inLanguage":"fr-FR"},{"@type":"Organization","@id":"https:\/\/potestlaunch.irpp.org\/fr\/#organization","name":"Policy Options","url":"https:\/\/potestlaunch.irpp.org\/fr\/","logo":{"@type":"ImageObject","inLanguage":"fr-FR","@id":"https:\/\/potestlaunch.irpp.org\/fr\/#\/schema\/logo\/image\/","url":"https:\/\/potestlaunch.irpp.org\/wp-content\/uploads\/2024\/11\/PolicyOptions_Logo.png","contentUrl":"https:\/\/potestlaunch.irpp.org\/wp-content\/uploads\/2024\/11\/PolicyOptions_Logo.png","width":1200,"height":365,"caption":"Policy Options"},"image":{"@id":"https:\/\/potestlaunch.irpp.org\/fr\/#\/schema\/logo\/image\/"},"sameAs":["https:\/\/www.facebook.com\/IRPP.org","https:\/\/x.com\/irpp"]}]}},"_links":{"self":[{"href":"https:\/\/potestlaunch.irpp.org\/fr\/wp-json\/wp\/v2\/events\/169762","targetHints":{"allow":["GET"]}}],"collection":[{"href":"https:\/\/potestlaunch.irpp.org\/fr\/wp-json\/wp\/v2\/events"}],"about":[{"href":"https:\/\/potestlaunch.irpp.org\/fr\/wp-json\/wp\/v2\/types\/events"}],"wp:featuredmedia":[{"embeddable":true,"href":"https:\/\/potestlaunch.irpp.org\/fr\/wp-json\/wp\/v2\/media\/137822"}],"wp:attachment":[{"href":"https:\/\/potestlaunch.irpp.org\/fr\/wp-json\/wp\/v2\/media?parent=169762"}],"wp:term":[{"taxonomy":"event-source","embeddable":true,"href":"https:\/\/potestlaunch.irpp.org\/fr\/wp-json\/wp\/v2\/event-source?post=169762"},{"taxonomy":"event-type","embeddable":true,"href":"https:\/\/potestlaunch.irpp.org\/fr\/wp-json\/wp\/v2\/event-type?post=169762"}],"curies":[{"name":"wp","href":"https:\/\/api.w.org\/{rel}","templated":true}]}}