{"id":183836,"date":"2016-07-04T19:06:11","date_gmt":"2016-07-04T23:06:11","guid":{"rendered":"https:\/\/irpp-policy-options.local\/issues\/la-reforme-electorale\/"},"modified":"2025-04-14T04:21:05","modified_gmt":"2025-04-14T08:21:05","slug":"la-reforme-electorale","status":"publish","type":"issues","link":"https:\/\/potestlaunch.irpp.org\/fr\/2016\/07\/la-reforme-electorale\/","title":{"rendered":"La r\u00e9forme \u00e9lectorale"},"content":{"rendered":"<p class=\"dropcap-big\">La session parlementaire tire \u00e0 sa fin, mais le d\u00e9bat sur la r\u00e9forme \u00e9lectorale ne fait que commencer. Ottawa aimerait que les d\u00e9put\u00e9s profitent de l\u2019\u00e9t\u00e9 pour tenir des s\u00e9ances d\u2019information dans les 338 circonscriptions du pays afin d\u2019obtenir l\u2019avis des Canadiens sur les moyens d\u2019am\u00e9liorer notre syst\u00e8me de scrutin. Nos collaborateurs livrent aussi leurs r\u00e9flexions sur le syst\u00e8me \u00e0 privil\u00e9gier, mais ils examinent surtout quels facteurs permettraient aux \u00e9lecteurs d\u2019avoir un v\u00e9ritable poids \u00e0 la Chambre des communes, de m\u00eame que les questions de constitutionnalit\u00e9 et d\u2019\u00e9quilibre entre les sexes. Vous trouvez ci-dessous les liens vers leurs articles au fur et \u00e0 mesure de leur publication.<\/p>\n<p>Photo : La Presse canadienne \/ Lars Hagberg<\/p>\n","protected":false},"excerpt":{"rendered":"<p>La session parlementaire tire \u00e0 sa fin, mais le d\u00e9bat sur la r\u00e9forme \u00e9lectorale ne fait que commencer. Ottawa aimerait que les d\u00e9put\u00e9s profitent de l\u2019\u00e9t\u00e9 pour tenir des s\u00e9ances d\u2019information dans les 338 circonscriptions du pays afin d\u2019obtenir l\u2019avis des Canadiens sur les moyens d\u2019am\u00e9liorer notre syst\u00e8me de scrutin. Nos collaborateurs livrent aussi leurs [&hellip;]<\/p>\n","protected":false},"featured_media":31865,"template":"","meta":{"_acf_changed":false,"content-type":"","ep_exclude_from_search":false},"categories":[9382,9359,9358,9372],"tags":[9132,8692],"article-status":[],"irpp-category":[4234,4250,4246,4229],"section":[6241],"irpp-tag":[6986,7108],"class_list":["post-183836","issues","type-issues","status-publish","has-post-thumbnail","hentry","category-dossiers","category-loi-droits","category-politique","category-recent-stories-fr","tag-politique-canadienne","tag-electoral-reform-fr","irpp-category-democracy","irpp-category-democratie","irpp-category-law-and-justice","irpp-category-politics","section-dossiers","irpp-tag-electoral-reform","irpp-tag-reforme-electorale"],"acf":[],"yoast_head":"<!-- This site is optimized with the Yoast SEO plugin v25.2 - https:\/\/yoast.com\/wordpress\/plugins\/seo\/ -->\n<title>La r\u00e9forme \u00e9lectorale: Dossier Options politiques<\/title>\n<meta name=\"description\" content=\"La session parlementaire tire \u00e0 sa fin, mais le d\u00e9bat sur la r\u00e9forme \u00e9lectorale ne fait que commencer.\" \/>\n<meta name=\"robots\" content=\"index, follow, max-snippet:-1, max-image-preview:large, max-video-preview:-1\" \/>\n<link rel=\"canonical\" href=\"https:\/\/potestlaunch.irpp.org\/fr\/2016\/07\/la-reforme-electorale\/\" \/>\n<meta property=\"og:locale\" content=\"fr_FR\" \/>\n<meta property=\"og:type\" content=\"article\" \/>\n<meta property=\"og:title\" content=\"La r\u00e9forme \u00e9lectorale: Dossier Options politiques\" \/>\n<meta property=\"og:description\" content=\"La session parlementaire tire \u00e0 sa fin, mais le d\u00e9bat sur la r\u00e9forme \u00e9lectorale ne fait que commencer.\" \/>\n<meta property=\"og:url\" content=\"https:\/\/potestlaunch.irpp.org\/fr\/2016\/07\/la-reforme-electorale\/\" \/>\n<meta property=\"og:site_name\" content=\"Policy Options\" \/>\n<meta property=\"article:publisher\" content=\"https:\/\/www.facebook.com\/IRPP.org\" \/>\n<meta property=\"article:modified_time\" content=\"2025-04-14T08:21:05+00:00\" \/>\n<meta property=\"og:image\" content=\"https:\/\/potestlaunch.irpp.org\/wp-content\/uploads\/2016\/06\/electoral-reform-1.jpg\" \/>\n\t<meta property=\"og:image:width\" content=\"2000\" \/>\n\t<meta property=\"og:image:height\" content=\"700\" \/>\n\t<meta property=\"og:image:type\" content=\"image\/jpeg\" \/>\n<meta name=\"twitter:card\" content=\"summary_large_image\" \/>\n<meta name=\"twitter:site\" content=\"@irpp\" \/>\n<meta name=\"twitter:label1\" content=\"Est. reading time\" \/>\n\t<meta name=\"twitter:data1\" content=\"1 minute\" \/>\n<script type=\"application\/ld+json\" class=\"yoast-schema-graph\">{\"@context\":\"https:\/\/schema.org\",\"@graph\":[{\"@type\":\"WebPage\",\"@id\":\"https:\/\/potestlaunch.irpp.org\/fr\/2016\/07\/la-reforme-electorale\/\",\"url\":\"https:\/\/potestlaunch.irpp.org\/fr\/2016\/07\/la-reforme-electorale\/\",\"name\":\"La r\u00e9forme \u00e9lectorale: Dossier Options politiques\",\"isPartOf\":{\"@id\":\"https:\/\/potestlaunch.irpp.org\/fr\/#website\"},\"primaryImageOfPage\":{\"@id\":\"https:\/\/potestlaunch.irpp.org\/fr\/2016\/07\/la-reforme-electorale\/#primaryimage\"},\"image\":{\"@id\":\"https:\/\/potestlaunch.irpp.org\/fr\/2016\/07\/la-reforme-electorale\/#primaryimage\"},\"thumbnailUrl\":\"https:\/\/potestlaunch.irpp.org\/wp-content\/uploads\/2016\/06\/electoral-reform-1.jpg\",\"datePublished\":\"2016-07-04T23:06:11+00:00\",\"dateModified\":\"2025-04-14T08:21:05+00:00\",\"description\":\"La session parlementaire tire \u00e0 sa fin, mais le d\u00e9bat sur la r\u00e9forme \u00e9lectorale ne fait que commencer.\",\"breadcrumb\":{\"@id\":\"https:\/\/potestlaunch.irpp.org\/fr\/2016\/07\/la-reforme-electorale\/#breadcrumb\"},\"inLanguage\":\"fr-FR\",\"potentialAction\":[{\"@type\":\"ReadAction\",\"target\":[\"https:\/\/potestlaunch.irpp.org\/fr\/2016\/07\/la-reforme-electorale\/\"]}]},{\"@type\":\"ImageObject\",\"inLanguage\":\"fr-FR\",\"@id\":\"https:\/\/potestlaunch.irpp.org\/fr\/2016\/07\/la-reforme-electorale\/#primaryimage\",\"url\":\"https:\/\/potestlaunch.irpp.org\/wp-content\/uploads\/2016\/06\/electoral-reform-1.jpg\",\"contentUrl\":\"https:\/\/potestlaunch.irpp.org\/wp-content\/uploads\/2016\/06\/electoral-reform-1.jpg\",\"width\":2000,\"height\":700},{\"@type\":\"BreadcrumbList\",\"@id\":\"https:\/\/potestlaunch.irpp.org\/fr\/2016\/07\/la-reforme-electorale\/#breadcrumb\",\"itemListElement\":[{\"@type\":\"ListItem\",\"position\":1,\"name\":\"Home\",\"item\":\"https:\/\/potestlaunch.irpp.org\/fr\/\"},{\"@type\":\"ListItem\",\"position\":2,\"name\":\"Juin 2016\",\"item\":\"https:\/\/potestlaunch.irpp.org\/fr\/2016\/06\/juin-2016\/\"},{\"@type\":\"ListItem\",\"position\":3,\"name\":\"La r\u00e9forme \u00e9lectorale\"}]},{\"@type\":\"WebSite\",\"@id\":\"https:\/\/potestlaunch.irpp.org\/fr\/#website\",\"url\":\"https:\/\/potestlaunch.irpp.org\/fr\/\",\"name\":\"Policy Options\",\"description\":\"Institute for Research on Public Policy\",\"publisher\":{\"@id\":\"https:\/\/potestlaunch.irpp.org\/fr\/#organization\"},\"potentialAction\":[{\"@type\":\"SearchAction\",\"target\":{\"@type\":\"EntryPoint\",\"urlTemplate\":\"https:\/\/potestlaunch.irpp.org\/fr\/?s={search_term_string}\"},\"query-input\":{\"@type\":\"PropertyValueSpecification\",\"valueRequired\":true,\"valueName\":\"search_term_string\"}}],\"inLanguage\":\"fr-FR\"},{\"@type\":\"Organization\",\"@id\":\"https:\/\/potestlaunch.irpp.org\/fr\/#organization\",\"name\":\"Policy Options\",\"url\":\"https:\/\/potestlaunch.irpp.org\/fr\/\",\"logo\":{\"@type\":\"ImageObject\",\"inLanguage\":\"fr-FR\",\"@id\":\"https:\/\/potestlaunch.irpp.org\/fr\/#\/schema\/logo\/image\/\",\"url\":\"https:\/\/potestlaunch.irpp.org\/wp-content\/uploads\/2024\/11\/PolicyOptions_Logo.png\",\"contentUrl\":\"https:\/\/potestlaunch.irpp.org\/wp-content\/uploads\/2024\/11\/PolicyOptions_Logo.png\",\"width\":1200,\"height\":365,\"caption\":\"Policy Options\"},\"image\":{\"@id\":\"https:\/\/potestlaunch.irpp.org\/fr\/#\/schema\/logo\/image\/\"},\"sameAs\":[\"https:\/\/www.facebook.com\/IRPP.org\",\"https:\/\/x.com\/irpp\"]}]}<\/script>\n<!-- \/ Yoast SEO plugin. -->","yoast_head_json":{"title":"La r\u00e9forme \u00e9lectorale: Dossier Options politiques","description":"La session parlementaire tire \u00e0 sa fin, mais le d\u00e9bat sur la r\u00e9forme \u00e9lectorale ne fait que commencer.","robots":{"index":"index","follow":"follow","max-snippet":"max-snippet:-1","max-image-preview":"max-image-preview:large","max-video-preview":"max-video-preview:-1"},"canonical":"https:\/\/potestlaunch.irpp.org\/fr\/2016\/07\/la-reforme-electorale\/","og_locale":"fr_FR","og_type":"article","og_title":"La r\u00e9forme \u00e9lectorale: Dossier Options politiques","og_description":"La session parlementaire tire \u00e0 sa fin, mais le d\u00e9bat sur la r\u00e9forme \u00e9lectorale ne fait que commencer.","og_url":"https:\/\/potestlaunch.irpp.org\/fr\/2016\/07\/la-reforme-electorale\/","og_site_name":"Policy Options","article_publisher":"https:\/\/www.facebook.com\/IRPP.org","article_modified_time":"2025-04-14T08:21:05+00:00","og_image":[{"width":2000,"height":700,"url":"https:\/\/potestlaunch.irpp.org\/wp-content\/uploads\/2016\/06\/electoral-reform-1.jpg","type":"image\/jpeg"}],"twitter_card":"summary_large_image","twitter_site":"@irpp","twitter_misc":{"Est. reading time":"1 minute"},"schema":{"@context":"https:\/\/schema.org","@graph":[{"@type":"WebPage","@id":"https:\/\/potestlaunch.irpp.org\/fr\/2016\/07\/la-reforme-electorale\/","url":"https:\/\/potestlaunch.irpp.org\/fr\/2016\/07\/la-reforme-electorale\/","name":"La r\u00e9forme \u00e9lectorale: Dossier Options politiques","isPartOf":{"@id":"https:\/\/potestlaunch.irpp.org\/fr\/#website"},"primaryImageOfPage":{"@id":"https:\/\/potestlaunch.irpp.org\/fr\/2016\/07\/la-reforme-electorale\/#primaryimage"},"image":{"@id":"https:\/\/potestlaunch.irpp.org\/fr\/2016\/07\/la-reforme-electorale\/#primaryimage"},"thumbnailUrl":"https:\/\/potestlaunch.irpp.org\/wp-content\/uploads\/2016\/06\/electoral-reform-1.jpg","datePublished":"2016-07-04T23:06:11+00:00","dateModified":"2025-04-14T08:21:05+00:00","description":"La session parlementaire tire \u00e0 sa fin, mais le d\u00e9bat sur la r\u00e9forme \u00e9lectorale ne fait que commencer.","breadcrumb":{"@id":"https:\/\/potestlaunch.irpp.org\/fr\/2016\/07\/la-reforme-electorale\/#breadcrumb"},"inLanguage":"fr-FR","potentialAction":[{"@type":"ReadAction","target":["https:\/\/potestlaunch.irpp.org\/fr\/2016\/07\/la-reforme-electorale\/"]}]},{"@type":"ImageObject","inLanguage":"fr-FR","@id":"https:\/\/potestlaunch.irpp.org\/fr\/2016\/07\/la-reforme-electorale\/#primaryimage","url":"https:\/\/potestlaunch.irpp.org\/wp-content\/uploads\/2016\/06\/electoral-reform-1.jpg","contentUrl":"https:\/\/potestlaunch.irpp.org\/wp-content\/uploads\/2016\/06\/electoral-reform-1.jpg","width":2000,"height":700},{"@type":"BreadcrumbList","@id":"https:\/\/potestlaunch.irpp.org\/fr\/2016\/07\/la-reforme-electorale\/#breadcrumb","itemListElement":[{"@type":"ListItem","position":1,"name":"Home","item":"https:\/\/potestlaunch.irpp.org\/fr\/"},{"@type":"ListItem","position":2,"name":"Juin 2016","item":"https:\/\/potestlaunch.irpp.org\/fr\/2016\/06\/juin-2016\/"},{"@type":"ListItem","position":3,"name":"La r\u00e9forme \u00e9lectorale"}]},{"@type":"WebSite","@id":"https:\/\/potestlaunch.irpp.org\/fr\/#website","url":"https:\/\/potestlaunch.irpp.org\/fr\/","name":"Policy Options","description":"Institute for Research on Public Policy","publisher":{"@id":"https:\/\/potestlaunch.irpp.org\/fr\/#organization"},"potentialAction":[{"@type":"SearchAction","target":{"@type":"EntryPoint","urlTemplate":"https:\/\/potestlaunch.irpp.org\/fr\/?s={search_term_string}"},"query-input":{"@type":"PropertyValueSpecification","valueRequired":true,"valueName":"search_term_string"}}],"inLanguage":"fr-FR"},{"@type":"Organization","@id":"https:\/\/potestlaunch.irpp.org\/fr\/#organization","name":"Policy Options","url":"https:\/\/potestlaunch.irpp.org\/fr\/","logo":{"@type":"ImageObject","inLanguage":"fr-FR","@id":"https:\/\/potestlaunch.irpp.org\/fr\/#\/schema\/logo\/image\/","url":"https:\/\/potestlaunch.irpp.org\/wp-content\/uploads\/2024\/11\/PolicyOptions_Logo.png","contentUrl":"https:\/\/potestlaunch.irpp.org\/wp-content\/uploads\/2024\/11\/PolicyOptions_Logo.png","width":1200,"height":365,"caption":"Policy Options"},"image":{"@id":"https:\/\/potestlaunch.irpp.org\/fr\/#\/schema\/logo\/image\/"},"sameAs":["https:\/\/www.facebook.com\/IRPP.org","https:\/\/x.com\/irpp"]}]}},"_links":{"self":[{"href":"https:\/\/potestlaunch.irpp.org\/fr\/wp-json\/wp\/v2\/issues\/183836","targetHints":{"allow":["GET"]}}],"collection":[{"href":"https:\/\/potestlaunch.irpp.org\/fr\/wp-json\/wp\/v2\/issues"}],"about":[{"href":"https:\/\/potestlaunch.irpp.org\/fr\/wp-json\/wp\/v2\/types\/issues"}],"wp:featuredmedia":[{"embeddable":true,"href":"https:\/\/potestlaunch.irpp.org\/fr\/wp-json\/wp\/v2\/media\/31865"}],"wp:attachment":[{"href":"https:\/\/potestlaunch.irpp.org\/fr\/wp-json\/wp\/v2\/media?parent=183836"}],"wp:term":[{"taxonomy":"category","embeddable":true,"href":"https:\/\/potestlaunch.irpp.org\/fr\/wp-json\/wp\/v2\/categories?post=183836"},{"taxonomy":"post_tag","embeddable":true,"href":"https:\/\/potestlaunch.irpp.org\/fr\/wp-json\/wp\/v2\/tags?post=183836"},{"taxonomy":"article-status","embeddable":true,"href":"https:\/\/potestlaunch.irpp.org\/fr\/wp-json\/wp\/v2\/article-status?post=183836"},{"taxonomy":"irpp-category","embeddable":true,"href":"https:\/\/potestlaunch.irpp.org\/fr\/wp-json\/wp\/v2\/irpp-category?post=183836"},{"taxonomy":"section","embeddable":true,"href":"https:\/\/potestlaunch.irpp.org\/fr\/wp-json\/wp\/v2\/section?post=183836"},{"taxonomy":"irpp-tag","embeddable":true,"href":"https:\/\/potestlaunch.irpp.org\/fr\/wp-json\/wp\/v2\/irpp-tag?post=183836"}],"curies":[{"name":"wp","href":"https:\/\/api.w.org\/{rel}","templated":true}]}}