{"id":186431,"date":"2017-03-14T10:30:56","date_gmt":"2017-03-14T14:30:56","guid":{"rendered":"https:\/\/irpp-policy-options.local\/issues\/le-marais\/"},"modified":"2025-04-14T04:26:30","modified_gmt":"2025-04-14T08:26:30","slug":"le-marais","status":"publish","type":"issues","link":"https:\/\/potestlaunch.irpp.org\/fr\/2017\/03\/le-marais\/","title":{"rendered":"Le marais <br> <small><em>Chronique<\/small><\/em>"},"content":{"rendered":"<p>Il semblerait que \u00ab\u202fpar moment, l\u2019Assembl\u00e9e nationale a des allures de marais\u202f\u00bb, comme on le lit dans un ouvrage qu\u00e9b\u00e9cois qui vient de para\u00eetre ;\u202f\u00ab\u202f\u00e7a avance lentement, \u00e7a grenouille, l\u2019oxyg\u00e8ne s\u2019y fait rare\u202f\u00bb. Nos dirigeants \u00ab\u202fnous abreuvent de fausses r\u00e9alit\u00e9s et de discours d\u2019experts pour mieux nous confondre et faire valoir des int\u00e9r\u00eats parfois inavouables\u202f\u00bb, et le \u00ab\u202fpeuple [\u2026] n\u2019a pas vraiment son mot \u00e0 dire sur les d\u00e9cisions qui dessinent son avenir\u202f\u00bb.<\/p>\n<p>\u00ab\u202fMalheureusement\u202f\u00bb, y constate-t-on encore, \u00ab\u202fde nos jours, on gouverne par les colonnes de chiffres\u202f\u00bb. De \u00ab\u202fgrands accords commerciaux opaques\u202f\u00bb nous emp\u00eachent de taxer \u00ab\u202f\u00e0 leur entr\u00e9e au pays\u202f\u00bb les produits provenant de pays \u00e0 bas salaires, et ils \u00ab\u202fdonnent l\u2019impression que le peuple, d\u00e9sormais, a choisi de ne plus d\u00e9cider de rien\u202f\u00bb. \u00ab\u202fSans trop savoir ce que cela signifie, on souhaite tous plus ou moins le retour d\u2019une esp\u00e8ce de nationalisme \u00e9conomique\u202f\u00bb.<\/p>\n<p>Les institutions d\u00e9mocratiques qui ont \u00ab\u202fdes allures de marais\u202f\u00bb, les \u00ab\u202ffausses r\u00e9alit\u00e9s\u202f\u00bb des dirigeants et des experts, le \u00ab\u202fpeuple\u202f\u00bb qui ne peut \u00ab\u202fplus d\u00e9cider de rien\u202f\u00bb, la mondialisation et les accords commerciaux pr\u00e9venant un \u00ab nationalisme \u00e9conomique\u202f\u00bb qui permettrait d\u2019imposer des tarifs sur les importations en provenance de pays moins riches\u202f: sommes-nous en pr\u00e9sence d\u2019\u00e9mules qu\u00e9b\u00e9cois de Donald Trump ou de Marine Le Pen ?<\/p>\n<p>Non. Ces constats et ces souhaits sont tir\u00e9s du bilan de la tourn\u00e9e \u00ab\u202fFaut qu\u2019on se parle\u202f\u00bb, intitul\u00e9 <a href=\"https:\/\/www.luxediteur.com\/catalogue\/ne-renoncons-a-rien\/\"><i>Ne renon\u00e7ons \u00e0 rien<\/i><\/a> et pr\u00e9sent\u00e9 par Jean-Martin Aussant, Claire Bolduc, V\u00e9ronique C\u00f4t\u00e9, Ma\u00eft\u00e9e Labrecque-Saganash, Aur\u00e9lie Lanct\u00f4t, Karel Mayrand, Gabriel Nadeau-Dubois, Will Prosper et Alain Vadeboncoeur.<\/p>\n<p>\u00c0 la d\u00e9fense des auteurs, il faut convenir qu\u2019ils n\u2019avaient pas l\u2019intention de produire un rapport, mais bien un compte rendu, \u00ab\u202fle bilan sensible de ces centaines d\u2019heures pass\u00e9es \u00e0 discuter\u202f\u00bb. Ils rapportent donc ce qu\u2019ils ont entendu, et ils le font avec beaucoup d\u2019\u00e9l\u00e9gance. Dans l\u2019ensemble, leur bilan est aussi solidement ancr\u00e9 \u00e0 gauche, en soutenant notamment un r\u00e9investissement dans les services publics et la culture, une politique industrielle favorable \u00e0 la transition \u00e9cologique, des r\u00e9formes d\u00e9mocratiques ouvrant la voie \u00e0 la repr\u00e9sentation proportionnelle, une plus grande ouverture \u00e0 l\u2019\u00e9gard de la diversit\u00e9 et des revendications des peuples autochtones, et des politiques favorables aux familles.<\/p>\n<p>Mais c\u2019est un bilan somme toute pr\u00e9visible, qui tend \u00e0 \u00e9viter les sujets plus difficiles. Il n\u2019est gu\u00e8re question, par exemple, des in\u00e9galit\u00e9s de revenu et encore moins de la pauvret\u00e9. C\u2019est surtout la classe moyenne, aussi ind\u00e9finie que chez Justin Trudeau, qui fait l\u2019objet de sollicitude. On ne parle gu\u00e8re non plus de la fiscalit\u00e9, sauf pour mentionner bri\u00e8vement de possibles \u00e9cotaxes. M\u00eame la souverainet\u00e9 du Qu\u00e9bec appara\u00eet comme un enjeu mineur, dont il faudrait parler plus positivement mais sans qu\u2019elle ait pr\u00e9s\u00e9ance. Et pour r\u00e9aliser les priorit\u00e9s somme toute assez consensuelles qu\u2019ils retiennent, les auteurs misent sur \u00ab\u202fl\u2019implication de tous\u202f\u00bb. Ils l\u2019admettent, tout cela semble d\u2019une \u00ab\u202fd\u00e9sarmante simplicit\u00e9\u202f\u00bb.<\/p>\n<p>Ce r\u00e9sultat d\u00e9cevant \u00e9tait inscrit dans la m\u00e9thode. En invitant les gens \u00e0 se prononcer de fa\u00e7on ouverte sur des th\u00e8mes larges, sans ressentir \u00ab le besoin de s\u2019identifier aux p\u00f4les du spectre politique\u202f\u00bb ou sans m\u00eame avoir \u00e0 faire des choix difficiles, les auteurs ont engendr\u00e9 des solutions un peu convenues, d\u2019une \u00ab\u202fd\u00e9sarmante simplicit\u00e9\u202f\u00bb. Ils ont aussi cr\u00e9\u00e9 une chambre d\u2019\u00e9cho pour les malaises de notre \u00e9poque, d\u2019o\u00f9 les parall\u00e8les avec le populisme d\u2019un Donald Trump ou d\u2019une Marine Le Pen. M\u00e9thode populiste, r\u00e9sultat populiste.<\/p>\n<p class=\"dropcap\">Beaucoup plus inspirant, \u00e0 mon avis, est le petit bouquin lanc\u00e9 r\u00e9cemment par l\u2019Institut de recherche et d\u2019informations socio\u00e9conomiques (IRIS), <a href=\"https:\/\/ecosociete.org\/livres\/cinq-chantiers-pour-changer-le-quebec\"><i>Cinq chantiers pour changer le Qu\u00e9bec<\/i><\/a>. Les contributeurs n\u2019\u00e9chappent pas toujours \u00e0 l\u2019hyperbole\u202f: ils parlent par exemple de \u00ab\u202fce vaste \u00e9chec qu\u2019est notre histoire politique et \u00e9conomique r\u00e9cente\u202f\u00bb ! Ils se donnent tout de m\u00eame comme d\u00e9fi de proposer cinq chantiers audacieux mais r\u00e9alisables, qu\u2019un gouvernement progressiste pourrait mettre en marche dans un premier mandat. R\u00e9duction du temps de travail ; d\u00e9mocratisation du travail, de l\u2019\u00e9conomie et des services publics ; instauration de mesures pour couvrir les besoins de base des plus pauvres ; nouveaux modes de gestion du territoire avec notamment l\u2019introduction de fiducies fonci\u00e8res communautaires et d\u2019organismes fonci\u00e8rement utiles ; et politique environnementale ax\u00e9e sur un \u00ab\u202fbudget carbone\u202f\u00bb et le d\u00e9veloppement du transport collectif\u202f: la liste est limit\u00e9e mais ambitieuse. Elle est surtout claire et r\u00e9fl\u00e9chie, et commande des choix r\u00e9els qui s\u2019inspirent de pratiques document\u00e9es, ici et ailleurs. Sans chiffrer tous les co\u00fbts et retomb\u00e9es, les propositions de l\u2019IRIS sont tout de m\u00eame pr\u00e9cises, et elles ouvrent la porte \u00e0 de s\u00e9rieuses d\u00e9lib\u00e9rations, le long de nouvelles avenues.<\/p>\n<blockquote><p>Le PQ repens\u00e9 de Paul St-Pierre Plamondon n\u2019est pas un parti populiste mais plut\u00f4t un parti social-d\u00e9mocrate moderne, ouvert \u00e0 la diversit\u00e9, \u00e0 l\u2019aise avec le savoir, le changement et la mondialisation.<\/p><\/blockquote>\n<p>Sur un tout autre registre, le rapport d\u2019\u00e9tape tout juste remis par Paul St-Pierre Plamondon au Parti qu\u00e9b\u00e9cois \u2014 \u00ab <a href=\"https:\/\/osezrepenserlepq.quebec\/wp-content\/uploads\/2017\/02\/osez-repenser-le-pq-rapport-preliminaire-8fev2017.pdf\">Oser repenser le PQ\u202f: retrouver l\u2019esprit d\u2019aventure, faire rena\u00eetre l\u2019espoir<\/a>\u00a0 \u00bb \u2014 constitue aussi un mod\u00e8le. Comme pour \u00ab\u202fFaut qu\u2019on se parle\u202f\u00bb, l\u2019exercice impliquait une vaste tourn\u00e9e de consultation aupr\u00e8s de membres du PQ et d\u2019autres personnes int\u00e9ress\u00e9es. Mais le regard pos\u00e9 est plus s\u00e9v\u00e8re et l\u2019objet, nettement plus politique. Il s\u2019agit en effet de \u00ab\u202frepenser le PQ\u202f\u00bb, ce parti que d\u2019aucuns jugent \u00ab\u202ffig\u00e9, conservateur et vieillissant\u202f\u00bb, pour faire notamment une plus grande place aux moins de 40 ans, aux membres de la diversit\u00e9 et aux entrepreneurs.<\/p>\n<p>St-Pierre Plamondon a le m\u00e9rite d\u2019aborder de front les difficult\u00e9s de son parti et de proposer une panoplie de mesures concr\u00e8tes pour y faire face. Son rapport m\u00e9nage bien s\u00fbr les susceptibilit\u00e9s, mais il ne cherche pas vraiment \u00e0 plaire \u00e0 tout le monde. Il sugg\u00e8re notamment de mettre de c\u00f4t\u00e9 la nostalgie pour b\u00e2tir un \u00ab\u202fdiscours constructif\u202f\u00bb sur la souverainet\u00e9, de red\u00e9finir le nationalisme du PQ pour \u00ab\u202fl\u2019\u00e9loigner du populisme et de l\u2019intol\u00e9rance\u202f\u00bb, et de \u00ab\u202framener le savoir \u00e0 la base des propositions\u202f\u00bb du parti en \u00ab\u202ffaisant r\u00e9f\u00e9rence aux meilleures pratiques \u00e0 travers le monde et aux \u00e9tudes universitaires\u202f\u00bb.<\/p>\n<p>Pour renouer avec les jeunes, St-Pierre Plamondon propose de \u00ab\u202fs\u2019approprier les th\u00e8mes de l\u2019international, de la mondialisation et de l\u2019ouverture sur le monde\u202f\u00bb, en combinant un appui lucide \u00e0 la lib\u00e9ralisation des \u00e9changes avec une d\u00e9fense du principe d\u2019exception culturelle et une pr\u00e9occupation active pour \u00ab\u202fles in\u00e9galit\u00e9s de revenu \u00e0 l\u2019\u00e9chelle plan\u00e9taire\u202f\u00bb. Il sugg\u00e8re \u00e9galement de rompre avec une strat\u00e9gie identitaire ax\u00e9e sur la la\u00efcit\u00e9 et de s\u2019engager fermement en faveur d\u2019une r\u00e9forme du mode de scrutin et de la protection de l\u2019environnement. Pour rejoindre les membres de la diversit\u00e9, le rapport recommande de faire de la lutte contre la discrimination et le racisme une priorit\u00e9, et de renouer avec les valeurs du parti, en insistant notamment sur la lutte contre les in\u00e9galit\u00e9s sociales.<\/p>\n<p>Le PQ repens\u00e9 de Paul St-Pierre Plamondon n\u2019est pas un parti populiste visant \u00e0 affirmer la fibre identitaire et les pr\u00e9occupations \u00e9conomiques d\u2019une classe moyenne imagin\u00e9e, mais plut\u00f4t un parti social-d\u00e9mocrate moderne, ouvert \u00e0 la diversit\u00e9, \u00e0 l\u2019aise avec le savoir, le changement et la mondialisation, engag\u00e9 \u00e0 cheminer vers la souverainet\u00e9 et r\u00e9solument progressiste sur le plan social. Mettre en \u0153uvre une telle vision ne sera certainement pas d\u2019une \u00ab\u202fd\u00e9sarmante simplicit\u00e9\u202f\u00bb. Mais la proposition semble autrement plus engageante qu\u2019une opposition sommaire entre les souhaits du \u00ab\u202fpeuple\u202f\u00bb et les al\u00e9as du \u00ab\u202fmarais\u202f\u00bb.<\/p>\n<p>Photo: Shutterstock.com<\/p>\n<hr \/>\n<p><em>Souhaitez-vous r\u00e9agir \u00e0 cet article ? <\/em><em>Joignez-vous aux d\u00e9bats d\u2019<\/em>Options politiques\u00a0<em>et soumettez-nous votre texte en suivant ces\u00a0<\/em><a href=\"https:\/\/potestlaunch.irpp.org\/fr\/article-submission\/\"><em>directives<\/em><\/a><em>. <\/em><em>| Do you have something to say about the article you just read? Be part of the\u00a0<\/em>Policy Options<em>\u00a0discussion, and send in your own submission.\u00a0Here is a\u00a0<\/em><a href=\"https:\/\/potestlaunch.irpp.org\/article-submission\/\"><em>link<\/em><\/a><em>\u00a0on how to do it.\u00a0<\/em><\/p>\n","protected":false},"excerpt":{"rendered":"<p>Il semblerait que \u00ab\u202fpar moment, l\u2019Assembl\u00e9e nationale a des allures de marais\u202f\u00bb, comme on le lit dans un ouvrage qu\u00e9b\u00e9cois qui vient de para\u00eetre ;\u202f\u00ab\u202f\u00e7a avance lentement, \u00e7a grenouille, l\u2019oxyg\u00e8ne s\u2019y fait rare\u202f\u00bb. Nos dirigeants \u00ab\u202fnous abreuvent de fausses r\u00e9alit\u00e9s et de discours d\u2019experts pour mieux nous confondre et faire valoir des int\u00e9r\u00eats parfois inavouables\u202f\u00bb, [&hellip;]<\/p>\n","protected":false},"featured_media":40551,"template":"","meta":{"_acf_changed":false,"content-type":"","ep_exclude_from_search":false},"categories":[9358,9357,9372],"tags":[9212,8676],"article-status":[],"irpp-category":[4234,4250,4229,4215],"section":[],"irpp-tag":[7039,7161],"class_list":["post-186431","issues","type-issues","status-publish","has-post-thumbnail","hentry","category-politique","category-politiques-sociales","category-recent-stories-fr","tag-democratie","tag-populisme-fr","irpp-category-democracy","irpp-category-democratie","irpp-category-politics","irpp-category-social-policy","irpp-tag-populism","irpp-tag-populisme"],"acf":[],"yoast_head":"<!-- This site is optimized with the Yoast SEO plugin v25.2 - https:\/\/yoast.com\/wordpress\/plugins\/seo\/ -->\n<title>Le marais - Chronique d&#039;Alain No\u00ebl<\/title>\n<meta name=\"description\" content=\"Populisme et social-d\u00e9mocratie\" \/>\n<meta name=\"robots\" content=\"index, follow, max-snippet:-1, max-image-preview:large, max-video-preview:-1\" \/>\n<link rel=\"canonical\" href=\"https:\/\/potestlaunch.irpp.org\/fr\/2017\/03\/le-marais\/\" \/>\n<meta property=\"og:locale\" content=\"fr_FR\" \/>\n<meta property=\"og:type\" content=\"article\" \/>\n<meta property=\"og:title\" content=\"Le marais - Chronique d&#039;Alain No\u00ebl\" \/>\n<meta property=\"og:description\" content=\"Populisme et social-d\u00e9mocratie\" \/>\n<meta property=\"og:url\" content=\"https:\/\/potestlaunch.irpp.org\/fr\/2017\/03\/le-marais\/\" \/>\n<meta property=\"og:site_name\" content=\"Policy Options\" \/>\n<meta property=\"article:publisher\" content=\"https:\/\/www.facebook.com\/IRPP.org\" \/>\n<meta property=\"article:modified_time\" content=\"2025-04-14T08:26:30+00:00\" \/>\n<meta property=\"og:image\" content=\"https:\/\/potestlaunch.irpp.org\/wp-content\/uploads\/2017\/03\/noel-photo-article-mars-2017-1.jpg\" \/>\n\t<meta property=\"og:image:width\" content=\"2000\" \/>\n\t<meta property=\"og:image:height\" content=\"700\" \/>\n\t<meta property=\"og:image:type\" content=\"image\/jpeg\" \/>\n<meta name=\"twitter:card\" content=\"summary_large_image\" \/>\n<meta name=\"twitter:site\" content=\"@irpp\" \/>\n<meta name=\"twitter:label1\" content=\"Est. reading time\" \/>\n\t<meta name=\"twitter:data1\" content=\"7 minutes\" \/>\n<script type=\"application\/ld+json\" class=\"yoast-schema-graph\">{\"@context\":\"https:\/\/schema.org\",\"@graph\":[{\"@type\":\"WebPage\",\"@id\":\"https:\/\/potestlaunch.irpp.org\/fr\/2017\/03\/le-marais\/\",\"url\":\"https:\/\/potestlaunch.irpp.org\/fr\/2017\/03\/le-marais\/\",\"name\":\"Le marais - Chronique d'Alain No\u00ebl\",\"isPartOf\":{\"@id\":\"https:\/\/potestlaunch.irpp.org\/fr\/#website\"},\"primaryImageOfPage\":{\"@id\":\"https:\/\/potestlaunch.irpp.org\/fr\/2017\/03\/le-marais\/#primaryimage\"},\"image\":{\"@id\":\"https:\/\/potestlaunch.irpp.org\/fr\/2017\/03\/le-marais\/#primaryimage\"},\"thumbnailUrl\":\"https:\/\/potestlaunch.irpp.org\/wp-content\/uploads\/2017\/03\/noel-photo-article-mars-2017-1.jpg\",\"datePublished\":\"2017-03-14T14:30:56+00:00\",\"dateModified\":\"2025-04-14T08:26:30+00:00\",\"description\":\"Populisme et social-d\u00e9mocratie\",\"breadcrumb\":{\"@id\":\"https:\/\/potestlaunch.irpp.org\/fr\/2017\/03\/le-marais\/#breadcrumb\"},\"inLanguage\":\"fr-FR\",\"potentialAction\":[{\"@type\":\"ReadAction\",\"target\":[\"https:\/\/potestlaunch.irpp.org\/fr\/2017\/03\/le-marais\/\"]}]},{\"@type\":\"ImageObject\",\"inLanguage\":\"fr-FR\",\"@id\":\"https:\/\/potestlaunch.irpp.org\/fr\/2017\/03\/le-marais\/#primaryimage\",\"url\":\"https:\/\/potestlaunch.irpp.org\/wp-content\/uploads\/2017\/03\/noel-photo-article-mars-2017-1.jpg\",\"contentUrl\":\"https:\/\/potestlaunch.irpp.org\/wp-content\/uploads\/2017\/03\/noel-photo-article-mars-2017-1.jpg\",\"width\":2000,\"height\":700},{\"@type\":\"BreadcrumbList\",\"@id\":\"https:\/\/potestlaunch.irpp.org\/fr\/2017\/03\/le-marais\/#breadcrumb\",\"itemListElement\":[{\"@type\":\"ListItem\",\"position\":1,\"name\":\"Home\",\"item\":\"https:\/\/potestlaunch.irpp.org\/fr\/\"},{\"@type\":\"ListItem\",\"position\":2,\"name\":\"Mars 2017\",\"item\":\"https:\/\/potestlaunch.irpp.org\/fr\/2017\/02\/mars-2017\/\"},{\"@type\":\"ListItem\",\"position\":3,\"name\":\"Le marais Chronique\"}]},{\"@type\":\"WebSite\",\"@id\":\"https:\/\/potestlaunch.irpp.org\/fr\/#website\",\"url\":\"https:\/\/potestlaunch.irpp.org\/fr\/\",\"name\":\"Policy Options\",\"description\":\"Institute for Research on Public Policy\",\"publisher\":{\"@id\":\"https:\/\/potestlaunch.irpp.org\/fr\/#organization\"},\"potentialAction\":[{\"@type\":\"SearchAction\",\"target\":{\"@type\":\"EntryPoint\",\"urlTemplate\":\"https:\/\/potestlaunch.irpp.org\/fr\/?s={search_term_string}\"},\"query-input\":{\"@type\":\"PropertyValueSpecification\",\"valueRequired\":true,\"valueName\":\"search_term_string\"}}],\"inLanguage\":\"fr-FR\"},{\"@type\":\"Organization\",\"@id\":\"https:\/\/potestlaunch.irpp.org\/fr\/#organization\",\"name\":\"Policy Options\",\"url\":\"https:\/\/potestlaunch.irpp.org\/fr\/\",\"logo\":{\"@type\":\"ImageObject\",\"inLanguage\":\"fr-FR\",\"@id\":\"https:\/\/potestlaunch.irpp.org\/fr\/#\/schema\/logo\/image\/\",\"url\":\"https:\/\/potestlaunch.irpp.org\/wp-content\/uploads\/2024\/11\/PolicyOptions_Logo.png\",\"contentUrl\":\"https:\/\/potestlaunch.irpp.org\/wp-content\/uploads\/2024\/11\/PolicyOptions_Logo.png\",\"width\":1200,\"height\":365,\"caption\":\"Policy Options\"},\"image\":{\"@id\":\"https:\/\/potestlaunch.irpp.org\/fr\/#\/schema\/logo\/image\/\"},\"sameAs\":[\"https:\/\/www.facebook.com\/IRPP.org\",\"https:\/\/x.com\/irpp\"]}]}<\/script>\n<!-- \/ Yoast SEO plugin. -->","yoast_head_json":{"title":"Le marais - Chronique d'Alain No\u00ebl","description":"Populisme et social-d\u00e9mocratie","robots":{"index":"index","follow":"follow","max-snippet":"max-snippet:-1","max-image-preview":"max-image-preview:large","max-video-preview":"max-video-preview:-1"},"canonical":"https:\/\/potestlaunch.irpp.org\/fr\/2017\/03\/le-marais\/","og_locale":"fr_FR","og_type":"article","og_title":"Le marais - Chronique d'Alain No\u00ebl","og_description":"Populisme et social-d\u00e9mocratie","og_url":"https:\/\/potestlaunch.irpp.org\/fr\/2017\/03\/le-marais\/","og_site_name":"Policy Options","article_publisher":"https:\/\/www.facebook.com\/IRPP.org","article_modified_time":"2025-04-14T08:26:30+00:00","og_image":[{"width":2000,"height":700,"url":"https:\/\/potestlaunch.irpp.org\/wp-content\/uploads\/2017\/03\/noel-photo-article-mars-2017-1.jpg","type":"image\/jpeg"}],"twitter_card":"summary_large_image","twitter_site":"@irpp","twitter_misc":{"Est. reading time":"7 minutes"},"schema":{"@context":"https:\/\/schema.org","@graph":[{"@type":"WebPage","@id":"https:\/\/potestlaunch.irpp.org\/fr\/2017\/03\/le-marais\/","url":"https:\/\/potestlaunch.irpp.org\/fr\/2017\/03\/le-marais\/","name":"Le marais - Chronique d'Alain No\u00ebl","isPartOf":{"@id":"https:\/\/potestlaunch.irpp.org\/fr\/#website"},"primaryImageOfPage":{"@id":"https:\/\/potestlaunch.irpp.org\/fr\/2017\/03\/le-marais\/#primaryimage"},"image":{"@id":"https:\/\/potestlaunch.irpp.org\/fr\/2017\/03\/le-marais\/#primaryimage"},"thumbnailUrl":"https:\/\/potestlaunch.irpp.org\/wp-content\/uploads\/2017\/03\/noel-photo-article-mars-2017-1.jpg","datePublished":"2017-03-14T14:30:56+00:00","dateModified":"2025-04-14T08:26:30+00:00","description":"Populisme et social-d\u00e9mocratie","breadcrumb":{"@id":"https:\/\/potestlaunch.irpp.org\/fr\/2017\/03\/le-marais\/#breadcrumb"},"inLanguage":"fr-FR","potentialAction":[{"@type":"ReadAction","target":["https:\/\/potestlaunch.irpp.org\/fr\/2017\/03\/le-marais\/"]}]},{"@type":"ImageObject","inLanguage":"fr-FR","@id":"https:\/\/potestlaunch.irpp.org\/fr\/2017\/03\/le-marais\/#primaryimage","url":"https:\/\/potestlaunch.irpp.org\/wp-content\/uploads\/2017\/03\/noel-photo-article-mars-2017-1.jpg","contentUrl":"https:\/\/potestlaunch.irpp.org\/wp-content\/uploads\/2017\/03\/noel-photo-article-mars-2017-1.jpg","width":2000,"height":700},{"@type":"BreadcrumbList","@id":"https:\/\/potestlaunch.irpp.org\/fr\/2017\/03\/le-marais\/#breadcrumb","itemListElement":[{"@type":"ListItem","position":1,"name":"Home","item":"https:\/\/potestlaunch.irpp.org\/fr\/"},{"@type":"ListItem","position":2,"name":"Mars 2017","item":"https:\/\/potestlaunch.irpp.org\/fr\/2017\/02\/mars-2017\/"},{"@type":"ListItem","position":3,"name":"Le marais Chronique"}]},{"@type":"WebSite","@id":"https:\/\/potestlaunch.irpp.org\/fr\/#website","url":"https:\/\/potestlaunch.irpp.org\/fr\/","name":"Policy Options","description":"Institute for Research on Public Policy","publisher":{"@id":"https:\/\/potestlaunch.irpp.org\/fr\/#organization"},"potentialAction":[{"@type":"SearchAction","target":{"@type":"EntryPoint","urlTemplate":"https:\/\/potestlaunch.irpp.org\/fr\/?s={search_term_string}"},"query-input":{"@type":"PropertyValueSpecification","valueRequired":true,"valueName":"search_term_string"}}],"inLanguage":"fr-FR"},{"@type":"Organization","@id":"https:\/\/potestlaunch.irpp.org\/fr\/#organization","name":"Policy Options","url":"https:\/\/potestlaunch.irpp.org\/fr\/","logo":{"@type":"ImageObject","inLanguage":"fr-FR","@id":"https:\/\/potestlaunch.irpp.org\/fr\/#\/schema\/logo\/image\/","url":"https:\/\/potestlaunch.irpp.org\/wp-content\/uploads\/2024\/11\/PolicyOptions_Logo.png","contentUrl":"https:\/\/potestlaunch.irpp.org\/wp-content\/uploads\/2024\/11\/PolicyOptions_Logo.png","width":1200,"height":365,"caption":"Policy Options"},"image":{"@id":"https:\/\/potestlaunch.irpp.org\/fr\/#\/schema\/logo\/image\/"},"sameAs":["https:\/\/www.facebook.com\/IRPP.org","https:\/\/x.com\/irpp"]}]}},"_links":{"self":[{"href":"https:\/\/potestlaunch.irpp.org\/fr\/wp-json\/wp\/v2\/issues\/186431","targetHints":{"allow":["GET"]}}],"collection":[{"href":"https:\/\/potestlaunch.irpp.org\/fr\/wp-json\/wp\/v2\/issues"}],"about":[{"href":"https:\/\/potestlaunch.irpp.org\/fr\/wp-json\/wp\/v2\/types\/issues"}],"wp:featuredmedia":[{"embeddable":true,"href":"https:\/\/potestlaunch.irpp.org\/fr\/wp-json\/wp\/v2\/media\/40551"}],"wp:attachment":[{"href":"https:\/\/potestlaunch.irpp.org\/fr\/wp-json\/wp\/v2\/media?parent=186431"}],"wp:term":[{"taxonomy":"category","embeddable":true,"href":"https:\/\/potestlaunch.irpp.org\/fr\/wp-json\/wp\/v2\/categories?post=186431"},{"taxonomy":"post_tag","embeddable":true,"href":"https:\/\/potestlaunch.irpp.org\/fr\/wp-json\/wp\/v2\/tags?post=186431"},{"taxonomy":"article-status","embeddable":true,"href":"https:\/\/potestlaunch.irpp.org\/fr\/wp-json\/wp\/v2\/article-status?post=186431"},{"taxonomy":"irpp-category","embeddable":true,"href":"https:\/\/potestlaunch.irpp.org\/fr\/wp-json\/wp\/v2\/irpp-category?post=186431"},{"taxonomy":"section","embeddable":true,"href":"https:\/\/potestlaunch.irpp.org\/fr\/wp-json\/wp\/v2\/section?post=186431"},{"taxonomy":"irpp-tag","embeddable":true,"href":"https:\/\/potestlaunch.irpp.org\/fr\/wp-json\/wp\/v2\/irpp-tag?post=186431"}],"curies":[{"name":"wp","href":"https:\/\/api.w.org\/{rel}","templated":true}]}}