{"id":197416,"date":"2019-02-14T11:30:28","date_gmt":"2019-02-14T16:30:28","guid":{"rendered":"https:\/\/irpp-policy-options.local\/issues\/quebec-2018-les-raisons-du-vote\/"},"modified":"2025-04-14T04:43:11","modified_gmt":"2025-04-14T08:43:11","slug":"quebec-2018-les-raisons-du-vote","status":"publish","type":"issues","link":"https:\/\/potestlaunch.irpp.org\/fr\/2019\/02\/quebec-2018-les-raisons-du-vote\/","title":{"rendered":"Qu\u00e9bec 2018 : les raisons du vote"},"content":{"rendered":"<p class=\"dropcap-big\">Chaque campagne \u00e9lectorale donne lieu \u00e0 des strat\u00e9gies de la part des partis pour convaincre les \u00e9lecteurs de leur accorder leur vote. Toutes s\u2019accompagnent \u00e9galement d\u2019analyses de chercheurs et de chroniqueurs relatives au succ\u00e8s ou \u00e0 l\u2019\u00e9chec de ces approches. De m\u00eame, les sondeurs posent des questions sur les enjeux consid\u00e9r\u00e9s comme les plus importants, en employant habituellement des questions ferm\u00e9es. La campagne \u00e9lectorale qu\u00e9b\u00e9coise de 2018 n\u2019a pas fait exception. Mais on a tout lieu de se demander\u00a0: Les strat\u00e9gies partisanes fonctionnent-elles\u00a0? Sont-elles d\u00e9terminantes dans le choix fait par les \u00e9lecteurs\u00a0?<\/p>\n<p>Pour examiner ces questions, nous avons collabor\u00e9 avec la firme Ipsos pour r\u00e9aliser un sondage post\u00e9lectoral aupr\u00e8s des r\u00e9pondants au dernier sondage pr\u00e9\u00e9lectoral men\u00e9 par la firme entre le 26 et le 28\u00a0septembre 2018. Ipsos a pu joindre 842 (67\u00a0%) des 1\u00a0250\u00a0r\u00e9pondants au sondage pr\u00e9\u00e9lectoral. De ce nombre, 592 ont r\u00e9pondu en ligne et 250 par entrevue t\u00e9l\u00e9phonique. Le sondage \u00e9tait court, demandant aux r\u00e9pondants s\u2019ils avaient vot\u00e9 et pour qui. De fa\u00e7on \u00e0 obtenir une information non dirig\u00e9e sur les raisons du vote, il contenait aussi une question ouverte\u00a0: \u00ab\u00a0Quelle est la principale raison qui explique votre vote\u00a0?\u00a0\u00bb Ensuite \u00e9taient pos\u00e9es deux questions li\u00e9es aux enjeux de la campagne\u00a0: l\u2019une sur l\u2019immigration \u2014 vue comme un enjeu majeur \u00e0 tout le moins pour les deux principaux partis \u2014, l\u2019autre sur l\u2019appui \u00e0 l\u2019ind\u00e9pendance du Qu\u00e9bec \u2014 consid\u00e9r\u00e9e comme un \u00ab\u00a0non-enjeu\u00a0\u00bb dans cette campagne.<\/p>\n<p>Les avantages de poser une question ouverte sont connus\u00a0: cela donne acc\u00e8s \u00e0 l\u2019opinion spontan\u00e9e, sans filtre, du r\u00e9pondant. Par contre, ce type de question est exigeant pour le r\u00e9pondant et, dans les entrevues t\u00e9l\u00e9phoniques, \u00e9galement pour l\u2019intervieweur. Dans notre sondage, 70\u00a0% des r\u00e9pondants ont \u00e9t\u00e9 joints par sondage Internet, ce qui rend encore plus direct l\u2019acc\u00e8s \u00e0 l\u2019opinion.<\/p>\n<p><strong>Les raisons mentionn\u00e9es du vote pour un parti<\/strong><\/p>\n<p>Notons au d\u00e9part que le sondage post\u00e9lectoral d\u2019Ipsos, montrant qu\u2019il y a eu un <a href=\"https:\/\/plus.lapresse.ca\/screens\/78a91213-6b8b-414b-a009-5c3205a21aff__7C___0.html?utm_medium=Twitter&amp;utm_campaign=Internal%2BShare&amp;utm_content=Screen\">mouvement important vers la Coalition avenir Qu\u00e9bec (CAQ) en fin de campagne<\/a>, reproduisait presque parfaitement les r\u00e9sultats du scrutin, sauf pour une l\u00e9g\u00e8re sous-estimation du vote pour Qu\u00e9bec solidaire (QS).<\/p>\n<p>Les r\u00e9pondants ont donn\u00e9 des r\u00e9ponses plus ou moins \u00e9labor\u00e9es \u00e0 la question ouverte. Celles-ci \u00e9taient constitu\u00e9es soit d\u2019un seul groupe de mots \u2014 \u00ab\u00a0le changement\u00a0\u00bb, \u00ab\u00a0l\u2019environnement\u00a0\u00bb, \u00ab\u00a0c\u2019est mon parti\u00a0\u00bb \u2014 soit d\u2019une ou plusieurs phrases. Ipsos a effectu\u00e9 un premier codage des r\u00e9ponses\u00a0: elle a \u00e9labor\u00e9 un plan permettant de regrouper l\u2019ensemble des raisons mentionn\u00e9es en un nombre r\u00e9duit de codes th\u00e9matiques et a cod\u00e9 la premi\u00e8re raison mentionn\u00e9e par chaque r\u00e9pondant. Nous avons v\u00e9rifi\u00e9 et valid\u00e9 ce codage initial. De plus, pour nous assurer d\u2019avoir le portrait le plus complet possible de toutes les raisons mentionn\u00e9es, nous avons cod\u00e9 une deuxi\u00e8me raison lorsque cela \u00e9tait justifi\u00e9, en utilisant les m\u00eames codes que ceux \u00e9labor\u00e9s par Ipsos. En codant cette deuxi\u00e8me mention, nous avons tenu compte de toute mention d\u2019enjeux \u2014 immigration, environnement, etc. \u2014 qui n\u2019aurait pas \u00e9t\u00e9 cod\u00e9e au d\u00e9part. Nous avons ajout\u00e9 un code sp\u00e9cifique lorsqu\u2019un r\u00e9pondant mentionnait les \u00ab\u00a0valeurs du parti \u00bb comme raison de son vote.<\/p>\n<p>Au total, 673\u00a0personnes ont d\u00e9clar\u00e9 avoir vot\u00e9, et plus de 97\u00a0% d\u2019entre elles ont indiqu\u00e9 au moins une raison pour expliquer leur vote. En additionnant les premi\u00e8res et deuxi\u00e8mes raisons mentionn\u00e9es, 739\u00a0r\u00e9ponses en tout ont \u00e9t\u00e9 cod\u00e9es. Le tableau ci-dessous\u00a0pr\u00e9sente les raisons donn\u00e9es par les r\u00e9pondants en fonction de leur choix politique. Comme nous avons cod\u00e9 jusqu\u2019\u00e0 deux raisons, la somme des pourcentages pour chaque parti d\u00e9passe 100\u00a0%. Les raisons les plus fr\u00e9quemment mentionn\u00e9es \u00e9taient l\u2019appr\u00e9ciation positive du parti pour lequel les r\u00e9pondants ont vot\u00e9 (25\u00a0%) et, \u00e0 l\u2019oppos\u00e9, la volont\u00e9 de changement et de \u00ab\u00a0se d\u00e9barrasser des lib\u00e9raux\u00a0\u00bb (25\u00a0%). Il existe toutefois de multiples autres raisons, dont les proportions variaient fortement selon les partis.<\/p>\n<p>Le vote pour le Parti lib\u00e9ral du Qu\u00e9bec (PLQ) est un vote positif, d\u2019appr\u00e9ciation, pour 36\u00a0% des r\u00e9pondants qui ont appuy\u00e9 ce parti. Les r\u00e9pondants parlent de leur opinion favorable \u00e0 l\u2019\u00e9gard des politiques et des id\u00e9es du parti comme de son chef, de m\u00eame que du gouvernement sortant. On peut ajouter la mention de la sant\u00e9 de l\u2019\u00e9conomie et de la gestion des finances publiques (13\u00a0%) parmi les raisons positives. Le PLQ est aussi per\u00e7u comme le parti qui prot\u00e8ge les droits des anglophones (7\u00a0%). Par ailleurs, il y a 7\u00a0% des r\u00e9pondants qui mentionnent \u00ab\u00a0avoir toujours vot\u00e9 pour ce parti\u00a0\u00bb, et encore 7\u00a0% pour qui le candidat local est la principale raison du vote. On peut ensuite regrouper ceux qui ont vot\u00e9 contre les autres partis ou par \u00e9limination (en choisissant le parti \u00ab\u00a0le moins pire\u00a0\u00bb), soit 12\u00a0% des r\u00e9pondants. Qu\u2019en est-il des enjeux consid\u00e9r\u00e9s comme majeurs\u00a0? Le fait que le PLQ soit un parti f\u00e9d\u00e9raliste est mentionn\u00e9 par 7\u00a0%, et l\u2019immigration \u2014 un vote \u00e0 l\u2019encontre de la proposition de la CAQ de r\u00e9duire le nombre d\u2019immigrants \u2014 par 5\u00a0%.<\/p>\n<p><script id=\"infogram_0_989c7136-530d-4a88-b65a-bb8a38d14e19\" title=\"Durand Tableau (fev. 2019)\" src=\"https:\/\/e.infogram.com\/js\/dist\/embed.js?PaO\" type=\"text\/javascript\"><\/script><\/p>\n<p>Passons maintenant au deuxi\u00e8me parti \u00ab traditionnel \u00bb, le Parti qu\u00e9b\u00e9cois (PQ). L\u2019appr\u00e9ciation positive du parti ou de son chef est mentionn\u00e9e par 20\u00a0% des r\u00e9pondants ; 13\u00a0% indiquent avoir vot\u00e9 pour ce parti par habitude, parce que c\u2019est \u00ab\u00a0leur parti\u00a0\u00bb. L\u2019appr\u00e9ciation du candidat local (20\u00a0%) est presque aussi fr\u00e9quente que l\u2019appr\u00e9ciation du parti. Le vote par \u00e9limination, contre les autres partis, est mentionn\u00e9 par 13\u00a0% de ceux qui ont appuy\u00e9 le PQ. Seuls 4\u00a0% indiquent la volont\u00e9 de changement. Qu\u2019en est-il des grands enjeux\u00a0? La souverainet\u00e9 est mentionn\u00e9e par 14\u00a0% des r\u00e9pondants, et l\u2019immigration, par aucun. Tout comme pour le PLQ, tr\u00e8s peu nomment l\u2019environnement. Le PQ appara\u00eet malgr\u00e9 tout comme le parti pour lequel la question nationale est la plus importante.<\/p>\n<p>Pour ce qui est de QS, le parti se d\u00e9marque par une forte appr\u00e9ciation positive de ses positions et politiques en g\u00e9n\u00e9ral (33\u00a0% des r\u00e9pondants), qui est presque aussi prononc\u00e9e dans le cas du PLQ, suivie de la volont\u00e9 de voter \u00ab\u00a0\u00e0 gauche\u00a0\u00bb (9\u00a0%) et de l\u2019appr\u00e9ciation du candidat local (7\u00a0%). La volont\u00e9 de changement est mentionn\u00e9e par 16\u00a0% des r\u00e9pondants. Par contre, le vote par \u00e9limination, contre les autres partis, rejoint 7\u00a0% des r\u00e9pondants. Pour ce qui est des grands dossiers, QS se distingue par le fait que ses supporteurs sont pr\u00e9occup\u00e9s par l\u2019environnement (21\u00a0%), un enjeu qu\u2019ils sont presque les seuls \u00e0 mentionner. Pratiquement aucun ne nomme l\u2019immigration ou l\u2019ind\u00e9pendance du Qu\u00e9bec. Les r\u00e9pondants qui ont soutenu QS sont proportionnellement les plus nombreux \u00e0 mentionner les\u00a0valeurs\u00a0d\u00e9fendues par le parti comme raison de leur vote (10\u00a0%).<\/p>\n<p>Comment se caract\u00e9rise le parti qui a pris le pouvoir dans cet univers\u00a0? Le vote pour la CAQ appara\u00eet d\u2019abord et avant tout comme un vote n\u00e9gatif. Pr\u00e8s de 55\u00a0% des r\u00e9pondants qui ont appuy\u00e9 la CAQ invoquent la n\u00e9cessit\u00e9 d\u2019un changement et la volont\u00e9 de chasser les lib\u00e9raux du pouvoir, et 8\u00a0% d\u00e9clarent avoir vot\u00e9 pour \u00ab\u00a0le moins pire\u00a0\u00bb des partis ou contre les autres partis. \u00c0 peine plus de 17\u00a0% indiquent une appr\u00e9ciation positive du parti, de ses politiques et de son chef. Les autres raisons \u2014 candidat local, \u00e9conomie et finances \u2014 ont retenu peu d\u2019attention. L\u2019immigration, per\u00e7ue par certains observateurs comme \u00ab\u00a0la question de l\u2019urne\u00a0\u00bb, n\u2019est mentionn\u00e9e que par cinq r\u00e9pondants. La question nationale n\u2019est pas du tout mentionn\u00e9e. Apr\u00e8s avoir recherch\u00e9 toute r\u00e9ponse relative \u00e0 l\u2019enjeu de la la\u00efcit\u00e9, nous avons trouv\u00e9 une seule mention de la la\u00efcit\u00e9 et deux mentions relatives \u00e0 la chr\u00e9tient\u00e9, mais aucune du port de signes religieux.<\/p>\n<p>Les r\u00e9pondants qui ont appuy\u00e9 un autre parti indiquent surtout le vote par \u00e9limination, contre les autres partis (47\u00a0%), et dans une moindre mesure l\u2019appr\u00e9ciation positive du parti qu\u2019ils ont choisi (31\u00a0%). Notons enfin que la sant\u00e9 et les b\u00e9n\u00e9fices pour la famille se trouvent dans la cat\u00e9gorie \u00ab\u00a0autres\u00a0\u00bb, vu la tr\u00e8s faible fr\u00e9quence de mentions.<\/p>\n<p>Que conclure de ces donn\u00e9es\u00a0? Les r\u00e9pondants font surtout une appr\u00e9ciation globale des positions des partis, plut\u00f4t qu\u2019une appr\u00e9ciation li\u00e9e \u00e0 un enjeu en particulier. L\u2019immigration ne se r\u00e9v\u00e8le pas un enjeu premier dans la d\u00e9cision du vote, pas plus que la la\u00efcit\u00e9 de l\u2019\u00c9tat. La question nationale n\u2019est pas non plus une question centrale, et elle est mentionn\u00e9e presque exclusivement par les \u00e9lecteurs du PQ et du PLQ. L\u2019environnement constitue le premier enjeu exclusif des r\u00e9pondants qui ont vot\u00e9 pour QS. Enfin, ceux qui ont appuy\u00e9 la CAQ sont les plus homog\u00e8nes dans leurs raisons de vote\u00a0: c\u2019est le changement et le vote par \u00e9limination qui sont les plus fr\u00e9quemment mentionn\u00e9s. Les enjeux mis en avant par ce parti ont \u00e9t\u00e9 \u00ab\u00a0aval\u00e9s\u00a0\u00bb par la volont\u00e9 de changement. Comment ces r\u00e9ponses spontan\u00e9es se comparent-elles aux r\u00e9ponses aux questions ferm\u00e9es\u00a0?<\/p>\n<p><strong>Les deux enjeux majeurs qui ont \u00e9t\u00e9 sond\u00e9s directement<\/strong><\/p>\n<p>Les r\u00e9pondants se r\u00e9partissent presque \u00e9galement entre ceux qui pensent qu\u2019il faut r\u00e9duire l\u2019immigration (44\u00a0%) et ceux qui disent qu\u2019il ne faut rien changer (42\u00a0%). Moins de 14\u00a0% consid\u00e8rent qu\u2019il faut augmenter le nombre d\u2019immigrants. La figure\u00a01 montre, comme on peut s\u2019y attendre, que la r\u00e9duction de l\u2019immigration est nettement plus populaire chez les \u00e9lecteurs qui sont en faveur de la CAQ (61\u00a0%) que chez les autres, et un peu plus populaire chez ceux qui ont vot\u00e9 pour le PQ (50\u00a0%). Tant les supporteurs du PLQ que de QS sont majoritairement favorables (54\u00a0%) \u00e0 un maintien de la situation actuelle. \u00c0 peine 20\u00a0% de ces \u00e9lecteurs se prononcent pour une r\u00e9duction de l\u2019immigration et un peu plus de 20\u00a0% pour une augmentation. Il n\u2019y a pas de diff\u00e9rence significative sur l\u2019enjeu de l\u2019immigration entre ceux qui ont appuy\u00e9 QS et ceux qui ont vot\u00e9 pour le PLQ. Notons qu\u2019environ le tiers des r\u00e9pondants qui ont choisi la CAQ et le PQ sont \u00e9galement favorables \u00e0 un maintien de la situation actuelle.<\/p>\n<p><script id=\"infogram_0_1223e48b-9330-4f0a-b168-b2200d703f45\" title=\"Durand figure 1 (fev 2019)\" src=\"https:\/\/e.infogram.com\/js\/dist\/embed.js?WzL\" type=\"text\/javascript\"><\/script><\/p>\n<p>Pour ce qui est de la question nationale, 12 % de l\u2019ensemble des r\u00e9pondants se disent \u00ab tr\u00e8s favorables \u00bb et 20 % \u00ab assez favorables \u00bb \u00e0 l\u2019ind\u00e9pendance du Qu\u00e9bec, \u00ab\u00a0c\u2019est-\u00e0-dire que le Qu\u00e9bec ne fasse plus partie du Canada\u00a0\u00bb, comme pr\u00e9cis\u00e9 dans la question pos\u00e9e, pour un total de 32 %. Comme le montre la figure\u00a02, les ind\u00e9pendantistes se trouvent surtout au PQ (78\u00a0% des r\u00e9pondants qui ont vot\u00e9 pour ce parti si on additionne les \u00ab\u00a0tr\u00e8s\u00a0favorables \u00bb et \u00ab\u00a0assez\u00a0favorables \u00bb) et dans une moindre mesure \u00e0 QS (47\u00a0%). Les supporteurs de la CAQ favorisent cette option \u00e0 33\u00a0% et ceux du PLQ \u00e0 5\u00a0% \u00e0 peine. On constate, tout comme dans les r\u00e9ponses aux questions ouvertes, que la question nationale diff\u00e9rencie d\u2019abord et avant tout les partis traditionnels, le PLQ et le PQ. Les deux autres partis regroupent \u00e0 la fois des \u00e9lecteurs favorables et d\u00e9favorables \u00e0 l\u2019ind\u00e9pendance.<\/p>\n<p><script id=\"infogram_0_03a3f35a-3322-482e-9179-25abe05838eb\" title=\"Durand figure 2 (fev 2019)\" src=\"https:\/\/e.infogram.com\/js\/dist\/embed.js?JXx\" type=\"text\/javascript\"><\/script><\/p>\n<p class=\"dropcap\">Il est possible de tirer plusieurs conclusions des r\u00e9sultats de notre enqu\u00eate. Lorsqu\u2019ils r\u00e9v\u00e8lent spontan\u00e9ment les raisons de leur vote, les r\u00e9pondants sont peu enclins \u00e0 mentionner des enjeux pr\u00e9cis. L\u2019appr\u00e9ciation positive globale d\u2019un parti, de ses politiques, de sa direction, est caract\u00e9ristique de ceux qui ont appuy\u00e9 le PLQ et QS, alors que le vote \u00ab\u00a0contre\u00a0\u00bb est caract\u00e9ristique de ceux qui ont vot\u00e9 pour la CAQ. L\u2019attachement au parti \u2014 le vote \u00ab parce que c\u2019est mon parti\u00a0\u00bb, celui \u00ab pour lequel j\u2019ai toujours vot\u00e9 \u00bb \u2014 est plus fr\u00e9quent chez les \u00e9lecteurs favorables aux partis traditionnels, le PLQ et le PQ. Pour ce qui est des enjeux, celui qui diff\u00e9rencie le plus les partis est l\u2019environnement, l\u2019enjeu de pr\u00e9dilection de QS. Ni l\u2019immigration ni la la\u00efcit\u00e9 n\u2019apparaissent importantes parmi les raisons spontan\u00e9es du vote.<\/p>\n<p>Pour ce qui est des r\u00e9ponses aux questions ferm\u00e9es, l\u2019immigration diff\u00e9rencie les partis, mais pas de fa\u00e7on absolue. On trouve des supporteurs de la CAQ favorables \u00e0 un maintien du nombre d\u2019immigrants et des supporteurs du PLQ favorables \u00e0 une r\u00e9duction, et ce, dans une proportion non n\u00e9gligeable. La similitude des positions des r\u00e9pondants qui ont appuy\u00e9 QS et le PLQ sur cette question doit \u00eatre soulign\u00e9e. Enfin, en ce qui concerne la question nationale, elle continue \u00e0 diff\u00e9rencier le PLQ et le PQ mais pas vraiment les autres partis. Il faut souligner que l\u2019appui \u00e0 des positions pr\u00e9cises de certains partis ne constitue pas une raison n\u00e9cessaire ou suffisante pour voter pour ces partis, comme en t\u00e9moignent les diff\u00e9rences entre les raisons spontan\u00e9es mentionn\u00e9es pour expliquer le vote et l\u2019appui \u00e0 certaines politiques phares des partis.<\/p>\n<p>Nos conclusions sont similaires \u00e0 celles de Charles Breton et Justin Savoie qui utilisent une m\u00e9thodologie tr\u00e8s diff\u00e9rente \u2014 une analyse conjointe \u2014 et un \u00e9chantillon panel Web de convenance pour \u00e9tudier l\u2019impact d\u2019enjeux pr\u00e9d\u00e9finis sur le vote. Eux aussi concluent que la question nationale est l\u2019enjeu qui diff\u00e9rencie les \u00e9lecteurs lib\u00e9raux et p\u00e9quistes. Pour ce qui est de l\u2019immigration, ils estiment que l\u2019appui \u00e0 la proposition d\u2019augmenter le nombre d\u2019immigrants est celle qui diminue le plus les probabilit\u00e9s de voter pour la CAQ. Nos donn\u00e9es montrent que cette proposition recueille \u00e0 peine 22\u00a0% d\u2019appuis chez les \u00e9lecteurs qui ont vot\u00e9 pour le PLQ.<\/p>\n<p><strong>Cet article fait partie du dossier <a href=\"https:\/\/potestlaunch.irpp.org\/fr\/magazines\/september-2018\/elections-quebec-2018\/\">\u00c9lections Qu\u00e9bec 2018<\/a>.<\/strong><\/p>\n<p><span class=\"image-caption\">Photo\u00a0: Le premier ministre du Qu\u00e9bec Fran\u00e7ois Legault s\u2019adresse aux familles et aux a\u00een\u00e9s lors de la mise \u00e0 jour \u00e9conomique, le 3 d\u00e9cembre 2018, \u00e0 Qu\u00e9bec. La Presse canadienne \/ Jacques Boissinot.<\/span><\/p>\n<hr \/>\n<p><em>Souhaitez-vous r\u00e9agir \u00e0 cet article ? <\/em><em>Joignez-vous aux d\u00e9bats d\u2019<\/em>Options politiques\u00a0<em>et soumettez-nous votre texte en suivant ces\u00a0<\/em><a href=\"https:\/\/potestlaunch.irpp.org\/fr\/article-submission\/\"><em>directives<\/em><\/a><em>. <\/em><em>| Do you have something to say about the article you just read? Be part of the\u00a0<\/em>Policy Options<em>\u00a0discussion, and send in your own submission.\u00a0Here is a\u00a0<\/em><a href=\"https:\/\/potestlaunch.irpp.org\/article-submission\/\"><em>link<\/em><\/a><em>\u00a0on how to do it.\u00a0<\/em><\/p>\n","protected":false},"excerpt":{"rendered":"<p>Chaque campagne \u00e9lectorale donne lieu \u00e0 des strat\u00e9gies de la part des partis pour convaincre les \u00e9lecteurs de leur accorder leur vote. Toutes s\u2019accompagnent \u00e9galement d\u2019analyses de chercheurs et de chroniqueurs relatives au succ\u00e8s ou \u00e0 l\u2019\u00e9chec de ces approches. De m\u00eame, les sondeurs posent des questions sur les enjeux consid\u00e9r\u00e9s comme les plus importants, [&hellip;]<\/p>\n","protected":false},"featured_media":71969,"template":"","meta":{"_acf_changed":false,"content-type":"","ep_exclude_from_search":false},"categories":[9358,9372],"tags":[9256,8368],"article-status":[],"irpp-category":[4234,4250,4229],"section":[],"irpp-tag":[7042,7164],"class_list":["post-197416","issues","type-issues","status-publish","has-post-thumbnail","hentry","category-politique","category-recent-stories-fr","tag-elections-provinciales","tag-quebec-fr","irpp-category-democracy","irpp-category-democratie","irpp-category-politics","irpp-tag-quebec"],"acf":[],"yoast_head":"<!-- This site is optimized with the Yoast SEO plugin v25.2 - https:\/\/yoast.com\/wordpress\/plugins\/seo\/ -->\n<title>Qu\u00e9bec 2018 : les raisons du vote<\/title>\n<meta name=\"description\" content=\"Notre sondage post\u00e9lectoral montre que les \u00e9lecteurs font leur choix plus souvent selon l\u2019appr\u00e9ciation globale d\u2019un parti que d\u2019enjeux pr\u00e9cis.\" \/>\n<meta name=\"robots\" content=\"index, follow, max-snippet:-1, max-image-preview:large, max-video-preview:-1\" \/>\n<link rel=\"canonical\" href=\"https:\/\/potestlaunch.irpp.org\/fr\/2019\/02\/quebec-2018-les-raisons-du-vote\/\" \/>\n<meta property=\"og:locale\" content=\"fr_FR\" \/>\n<meta property=\"og:type\" content=\"article\" \/>\n<meta property=\"og:title\" content=\"Qu\u00e9bec 2018 : les raisons du vote\" \/>\n<meta property=\"og:description\" content=\"Notre sondage post\u00e9lectoral montre que les \u00e9lecteurs font leur choix plus souvent selon l\u2019appr\u00e9ciation globale d\u2019un parti que d\u2019enjeux pr\u00e9cis.\" \/>\n<meta property=\"og:url\" content=\"https:\/\/potestlaunch.irpp.org\/fr\/2019\/02\/quebec-2018-les-raisons-du-vote\/\" \/>\n<meta property=\"og:site_name\" content=\"Policy Options\" \/>\n<meta property=\"article:publisher\" content=\"https:\/\/www.facebook.com\/IRPP.org\" \/>\n<meta property=\"article:modified_time\" content=\"2025-04-14T08:43:11+00:00\" \/>\n<meta property=\"og:image\" content=\"https:\/\/potestlaunch.irpp.org\/wp-content\/uploads\/2019\/04\/policy-options-og-image.jpg\" \/>\n\t<meta property=\"og:image:width\" content=\"1200\" \/>\n\t<meta property=\"og:image:height\" content=\"630\" \/>\n\t<meta property=\"og:image:type\" content=\"image\/jpeg\" \/>\n<meta name=\"twitter:card\" content=\"summary_large_image\" \/>\n<meta name=\"twitter:image\" content=\"https:\/\/potestlaunch.irpp.org\/wp-content\/uploads\/sites\/2\/2019\/02\/Twitter-Qu\u00e9bec-2018-les-raisons-du-vote.jpg\" \/>\n<meta name=\"twitter:site\" content=\"@irpp\" \/>\n<meta name=\"twitter:label1\" content=\"Est. reading time\" \/>\n\t<meta name=\"twitter:data1\" content=\"12 minutes\" \/>\n<script type=\"application\/ld+json\" class=\"yoast-schema-graph\">{\"@context\":\"https:\/\/schema.org\",\"@graph\":[{\"@type\":\"WebPage\",\"@id\":\"https:\/\/potestlaunch.irpp.org\/fr\/2019\/02\/quebec-2018-les-raisons-du-vote\/\",\"url\":\"https:\/\/potestlaunch.irpp.org\/fr\/2019\/02\/quebec-2018-les-raisons-du-vote\/\",\"name\":\"Qu\u00e9bec 2018 : les raisons du vote\",\"isPartOf\":{\"@id\":\"https:\/\/potestlaunch.irpp.org\/fr\/#website\"},\"primaryImageOfPage\":{\"@id\":\"https:\/\/potestlaunch.irpp.org\/fr\/2019\/02\/quebec-2018-les-raisons-du-vote\/#primaryimage\"},\"image\":{\"@id\":\"https:\/\/potestlaunch.irpp.org\/fr\/2019\/02\/quebec-2018-les-raisons-du-vote\/#primaryimage\"},\"thumbnailUrl\":\"https:\/\/potestlaunch.irpp.org\/wp-content\/uploads\/2019\/02\/durand-2.jpg\",\"datePublished\":\"2019-02-14T16:30:28+00:00\",\"dateModified\":\"2025-04-14T08:43:11+00:00\",\"description\":\"Notre sondage post\u00e9lectoral montre que les \u00e9lecteurs font leur choix plus souvent selon l\u2019appr\u00e9ciation globale d\u2019un parti que d\u2019enjeux pr\u00e9cis.\",\"breadcrumb\":{\"@id\":\"https:\/\/potestlaunch.irpp.org\/fr\/2019\/02\/quebec-2018-les-raisons-du-vote\/#breadcrumb\"},\"inLanguage\":\"fr-FR\",\"potentialAction\":[{\"@type\":\"ReadAction\",\"target\":[\"https:\/\/potestlaunch.irpp.org\/fr\/2019\/02\/quebec-2018-les-raisons-du-vote\/\"]}]},{\"@type\":\"ImageObject\",\"inLanguage\":\"fr-FR\",\"@id\":\"https:\/\/potestlaunch.irpp.org\/fr\/2019\/02\/quebec-2018-les-raisons-du-vote\/#primaryimage\",\"url\":\"https:\/\/potestlaunch.irpp.org\/wp-content\/uploads\/2019\/02\/durand-2.jpg\",\"contentUrl\":\"https:\/\/potestlaunch.irpp.org\/wp-content\/uploads\/2019\/02\/durand-2.jpg\",\"width\":2000,\"height\":700},{\"@type\":\"BreadcrumbList\",\"@id\":\"https:\/\/potestlaunch.irpp.org\/fr\/2019\/02\/quebec-2018-les-raisons-du-vote\/#breadcrumb\",\"itemListElement\":[{\"@type\":\"ListItem\",\"position\":1,\"name\":\"Home\",\"item\":\"https:\/\/potestlaunch.irpp.org\/fr\/\"},{\"@type\":\"ListItem\",\"position\":2,\"name\":\"Qu\u00e9bec 2018 : les raisons du vote\"}]},{\"@type\":\"WebSite\",\"@id\":\"https:\/\/potestlaunch.irpp.org\/fr\/#website\",\"url\":\"https:\/\/potestlaunch.irpp.org\/fr\/\",\"name\":\"Policy Options\",\"description\":\"Institute for Research on Public Policy\",\"publisher\":{\"@id\":\"https:\/\/potestlaunch.irpp.org\/fr\/#organization\"},\"potentialAction\":[{\"@type\":\"SearchAction\",\"target\":{\"@type\":\"EntryPoint\",\"urlTemplate\":\"https:\/\/potestlaunch.irpp.org\/fr\/?s={search_term_string}\"},\"query-input\":{\"@type\":\"PropertyValueSpecification\",\"valueRequired\":true,\"valueName\":\"search_term_string\"}}],\"inLanguage\":\"fr-FR\"},{\"@type\":\"Organization\",\"@id\":\"https:\/\/potestlaunch.irpp.org\/fr\/#organization\",\"name\":\"Policy Options\",\"url\":\"https:\/\/potestlaunch.irpp.org\/fr\/\",\"logo\":{\"@type\":\"ImageObject\",\"inLanguage\":\"fr-FR\",\"@id\":\"https:\/\/potestlaunch.irpp.org\/fr\/#\/schema\/logo\/image\/\",\"url\":\"https:\/\/potestlaunch.irpp.org\/wp-content\/uploads\/2024\/11\/PolicyOptions_Logo.png\",\"contentUrl\":\"https:\/\/potestlaunch.irpp.org\/wp-content\/uploads\/2024\/11\/PolicyOptions_Logo.png\",\"width\":1200,\"height\":365,\"caption\":\"Policy Options\"},\"image\":{\"@id\":\"https:\/\/potestlaunch.irpp.org\/fr\/#\/schema\/logo\/image\/\"},\"sameAs\":[\"https:\/\/www.facebook.com\/IRPP.org\",\"https:\/\/x.com\/irpp\"]}]}<\/script>\n<!-- \/ Yoast SEO plugin. -->","yoast_head_json":{"title":"Qu\u00e9bec 2018 : les raisons du vote","description":"Notre sondage post\u00e9lectoral montre que les \u00e9lecteurs font leur choix plus souvent selon l\u2019appr\u00e9ciation globale d\u2019un parti que d\u2019enjeux pr\u00e9cis.","robots":{"index":"index","follow":"follow","max-snippet":"max-snippet:-1","max-image-preview":"max-image-preview:large","max-video-preview":"max-video-preview:-1"},"canonical":"https:\/\/potestlaunch.irpp.org\/fr\/2019\/02\/quebec-2018-les-raisons-du-vote\/","og_locale":"fr_FR","og_type":"article","og_title":"Qu\u00e9bec 2018 : les raisons du vote","og_description":"Notre sondage post\u00e9lectoral montre que les \u00e9lecteurs font leur choix plus souvent selon l\u2019appr\u00e9ciation globale d\u2019un parti que d\u2019enjeux pr\u00e9cis.","og_url":"https:\/\/potestlaunch.irpp.org\/fr\/2019\/02\/quebec-2018-les-raisons-du-vote\/","og_site_name":"Policy Options","article_publisher":"https:\/\/www.facebook.com\/IRPP.org","article_modified_time":"2025-04-14T08:43:11+00:00","og_image":[{"width":1200,"height":630,"url":"https:\/\/potestlaunch.irpp.org\/wp-content\/uploads\/2019\/04\/policy-options-og-image.jpg","type":"image\/jpeg"}],"twitter_card":"summary_large_image","twitter_image":"https:\/\/potestlaunch.irpp.org\/wp-content\/uploads\/sites\/2\/2019\/02\/Twitter-Qu\u00e9bec-2018-les-raisons-du-vote.jpg","twitter_site":"@irpp","twitter_misc":{"Est. reading time":"12 minutes"},"schema":{"@context":"https:\/\/schema.org","@graph":[{"@type":"WebPage","@id":"https:\/\/potestlaunch.irpp.org\/fr\/2019\/02\/quebec-2018-les-raisons-du-vote\/","url":"https:\/\/potestlaunch.irpp.org\/fr\/2019\/02\/quebec-2018-les-raisons-du-vote\/","name":"Qu\u00e9bec 2018 : les raisons du vote","isPartOf":{"@id":"https:\/\/potestlaunch.irpp.org\/fr\/#website"},"primaryImageOfPage":{"@id":"https:\/\/potestlaunch.irpp.org\/fr\/2019\/02\/quebec-2018-les-raisons-du-vote\/#primaryimage"},"image":{"@id":"https:\/\/potestlaunch.irpp.org\/fr\/2019\/02\/quebec-2018-les-raisons-du-vote\/#primaryimage"},"thumbnailUrl":"https:\/\/potestlaunch.irpp.org\/wp-content\/uploads\/2019\/02\/durand-2.jpg","datePublished":"2019-02-14T16:30:28+00:00","dateModified":"2025-04-14T08:43:11+00:00","description":"Notre sondage post\u00e9lectoral montre que les \u00e9lecteurs font leur choix plus souvent selon l\u2019appr\u00e9ciation globale d\u2019un parti que d\u2019enjeux pr\u00e9cis.","breadcrumb":{"@id":"https:\/\/potestlaunch.irpp.org\/fr\/2019\/02\/quebec-2018-les-raisons-du-vote\/#breadcrumb"},"inLanguage":"fr-FR","potentialAction":[{"@type":"ReadAction","target":["https:\/\/potestlaunch.irpp.org\/fr\/2019\/02\/quebec-2018-les-raisons-du-vote\/"]}]},{"@type":"ImageObject","inLanguage":"fr-FR","@id":"https:\/\/potestlaunch.irpp.org\/fr\/2019\/02\/quebec-2018-les-raisons-du-vote\/#primaryimage","url":"https:\/\/potestlaunch.irpp.org\/wp-content\/uploads\/2019\/02\/durand-2.jpg","contentUrl":"https:\/\/potestlaunch.irpp.org\/wp-content\/uploads\/2019\/02\/durand-2.jpg","width":2000,"height":700},{"@type":"BreadcrumbList","@id":"https:\/\/potestlaunch.irpp.org\/fr\/2019\/02\/quebec-2018-les-raisons-du-vote\/#breadcrumb","itemListElement":[{"@type":"ListItem","position":1,"name":"Home","item":"https:\/\/potestlaunch.irpp.org\/fr\/"},{"@type":"ListItem","position":2,"name":"Qu\u00e9bec 2018 : les raisons du vote"}]},{"@type":"WebSite","@id":"https:\/\/potestlaunch.irpp.org\/fr\/#website","url":"https:\/\/potestlaunch.irpp.org\/fr\/","name":"Policy Options","description":"Institute for Research on Public Policy","publisher":{"@id":"https:\/\/potestlaunch.irpp.org\/fr\/#organization"},"potentialAction":[{"@type":"SearchAction","target":{"@type":"EntryPoint","urlTemplate":"https:\/\/potestlaunch.irpp.org\/fr\/?s={search_term_string}"},"query-input":{"@type":"PropertyValueSpecification","valueRequired":true,"valueName":"search_term_string"}}],"inLanguage":"fr-FR"},{"@type":"Organization","@id":"https:\/\/potestlaunch.irpp.org\/fr\/#organization","name":"Policy Options","url":"https:\/\/potestlaunch.irpp.org\/fr\/","logo":{"@type":"ImageObject","inLanguage":"fr-FR","@id":"https:\/\/potestlaunch.irpp.org\/fr\/#\/schema\/logo\/image\/","url":"https:\/\/potestlaunch.irpp.org\/wp-content\/uploads\/2024\/11\/PolicyOptions_Logo.png","contentUrl":"https:\/\/potestlaunch.irpp.org\/wp-content\/uploads\/2024\/11\/PolicyOptions_Logo.png","width":1200,"height":365,"caption":"Policy Options"},"image":{"@id":"https:\/\/potestlaunch.irpp.org\/fr\/#\/schema\/logo\/image\/"},"sameAs":["https:\/\/www.facebook.com\/IRPP.org","https:\/\/x.com\/irpp"]}]}},"_links":{"self":[{"href":"https:\/\/potestlaunch.irpp.org\/fr\/wp-json\/wp\/v2\/issues\/197416","targetHints":{"allow":["GET"]}}],"collection":[{"href":"https:\/\/potestlaunch.irpp.org\/fr\/wp-json\/wp\/v2\/issues"}],"about":[{"href":"https:\/\/potestlaunch.irpp.org\/fr\/wp-json\/wp\/v2\/types\/issues"}],"wp:featuredmedia":[{"embeddable":true,"href":"https:\/\/potestlaunch.irpp.org\/fr\/wp-json\/wp\/v2\/media\/71969"}],"wp:attachment":[{"href":"https:\/\/potestlaunch.irpp.org\/fr\/wp-json\/wp\/v2\/media?parent=197416"}],"wp:term":[{"taxonomy":"category","embeddable":true,"href":"https:\/\/potestlaunch.irpp.org\/fr\/wp-json\/wp\/v2\/categories?post=197416"},{"taxonomy":"post_tag","embeddable":true,"href":"https:\/\/potestlaunch.irpp.org\/fr\/wp-json\/wp\/v2\/tags?post=197416"},{"taxonomy":"article-status","embeddable":true,"href":"https:\/\/potestlaunch.irpp.org\/fr\/wp-json\/wp\/v2\/article-status?post=197416"},{"taxonomy":"irpp-category","embeddable":true,"href":"https:\/\/potestlaunch.irpp.org\/fr\/wp-json\/wp\/v2\/irpp-category?post=197416"},{"taxonomy":"section","embeddable":true,"href":"https:\/\/potestlaunch.irpp.org\/fr\/wp-json\/wp\/v2\/section?post=197416"},{"taxonomy":"irpp-tag","embeddable":true,"href":"https:\/\/potestlaunch.irpp.org\/fr\/wp-json\/wp\/v2\/irpp-tag?post=197416"}],"curies":[{"name":"wp","href":"https:\/\/api.w.org\/{rel}","templated":true}]}}