{"id":202407,"date":"2020-01-15T11:31:38","date_gmt":"2020-01-15T16:31:38","guid":{"rendered":"https:\/\/irpp-policy-options.local\/issues\/enjeux-prioritaires-des-electeurs-et-reflet-mediatique\/"},"modified":"2025-04-14T04:50:46","modified_gmt":"2025-04-14T08:50:46","slug":"enjeux-prioritaires-des-electeurs-et-reflet-mediatique","status":"publish","type":"issues","link":"https:\/\/potestlaunch.irpp.org\/fr\/2020\/01\/enjeux-prioritaires-des-electeurs-et-reflet-mediatique\/","title":{"rendered":"Enjeux prioritaires des \u00e9lecteurs et reflet m\u00e9diatique"},"content":{"rendered":"<p class=\"dropcap-big\">Les bonnes performances d\u2019Yves-Fran\u00e7ois Blanchet et de Jagmeet Singh aux d\u00e9bats des chefs, les d\u00e9clarations pass\u00e9es d\u2019Andrew Scheer sur l\u2019avortement, la participation de plusieurs chefs f\u00e9d\u00e9raux \u00e0 la marche pour le climat \u00e0 Montr\u00e9al, ou encore les r\u00e9actions au <em>blackface<\/em> de Justin Trudeau ; plusieurs de ces \u00e9v\u00e9nements ont fait les manchettes et aliment\u00e9 les chroniqueurs au cours de la derni\u00e8re campagne \u00e9lectorale f\u00e9d\u00e9rale. Mais qu\u2019en est-il des enjeux de fond ? La couverture m\u00e9diatique des grands enjeux de l\u2019heure a-t-elle eu un effet sur l\u2019opinion publique ? \u00c0 l\u2019inverse, les m\u00e9dias ont-ils trait\u00e9 des th\u00e8mes dont les gens voulaient entendre parler ? Enfin, la couverture m\u00e9diatique refl\u00e8te-t-elle encore une fois les deux solitudes au Canada ?<\/p>\n<p>Notre analyse repose sur une collecte de donn\u00e9es massives, qui s\u2019est appuy\u00e9e sur trois outils principaux\u00a0: RADAR+, la Boussole \u00e9lectorale et le dictionnaire de Lexicoder.<\/p>\n<p>La Chaire de leadership en enseignement des sciences sociales num\u00e9riques de l\u2019Universit\u00e9 Laval (CLESSN) a utilis\u00e9 l\u2019analyse en continu RADAR+, un nouvel outil, pour passer au peigne fin, syst\u00e9matiquement, le contenu de la une des 13 m\u00e9dias les plus lus et \u00e9cout\u00e9s au pays.<\/p>\n<p>Durant la campagne, l\u2019entreprise torontoise Vox Pop Labs, qui a lanc\u00e9 la Boussole \u00e9lectorale au Canada, a quant \u00e0 elle sond\u00e9 pr\u00e8s de deux millions de Canadiens en leur demandant quel enjeu ils consid\u00e8rent comme le plus important.<\/p>\n<p>Partant de ces deux types de donn\u00e9es, nous avons fait appel au dictionnaire th\u00e9matique Lexicoder en rep\u00e9rant les mots associ\u00e9s \u00e0 six enjeux principaux, soit l\u2019\u00e9conomie, l\u2019environnement et l\u2019\u00e9nergie, les relations internationales, les affaires gouvernementales (comprenant les affaires constitutionnelles, f\u00e9d\u00e9rales, provinciales, locales et intergouvernementales), la sant\u00e9, et l\u2019immigration et la religion (dans la litt\u00e9rature, ces deux enjeux sont souvent consid\u00e9r\u00e9s conjointement, puisqu\u2019ils sont souvent li\u00e9s aux questions identitaires).<\/p>\n<p>La figure 1 montre, d\u2019une journ\u00e9e \u00e0 l\u2019autre durant la campagne, le poids m\u00e9diatique moyen des enjeux qui se sont trouv\u00e9s \u00e0 la une des m\u00e9dias. D\u2019embl\u00e9e, l\u2019\u00e9conomie ressort comme l\u2019enjeu le plus abord\u00e9, tant dans les m\u00e9dias anglophones (36,6 % de l\u2019attention m\u00e9diatique) que francophones (36,3\u00a0%). Ce sont plus pr\u00e9cis\u00e9ment les questions d\u2019emploi, de taxation, de dette, de d\u00e9ficit et de commerce qui ont fait l\u2019objet d\u2019une couverture m\u00e9diatique particuli\u00e8rement forte. Dans les m\u00e9dias anglophones, seule la journ\u00e9e du 19 septembre 2019, marqu\u00e9e par l\u2019affaire du <em>blackface<\/em> qui a connu une importante couverture internationale, rel\u00e8gue l\u2019\u00e9conomie en deuxi\u00e8me position. Du c\u00f4t\u00e9 francophone, les variations sont beaucoup plus fortes d\u2019une journ\u00e9e \u00e0 l\u2019autre, et c\u2019est surtout l\u2019environnement qui attire parfois autant ou davantage d\u2019attention que l\u2019\u00e9conomie. C\u2019\u00e9tait le cas le 16 septembre \u00e0 la suite d\u2019une flamb\u00e9e des prix du p\u00e9trole, alors que les <a href=\"https:\/\/ici.radio-canada.ca\/nouvelle\/1302699\/attaque-arabie-saoudite-prix-petrole-elections-marches-environnement\">diff\u00e9rents chefs de parti ont pr\u00e9sent\u00e9 leurs propositions concernant l&rsquo;industrie p\u00e9troli\u00e8re<\/a>, et o\u00f9 le NPD a annonc\u00e9 la candidature d\u2019un ancien chef du Parti vert du Qu\u00e9bec. Une variation m\u00e9diatique importante a aussi eu lieu le 27 septembre, \u00e0 l\u2019<a href=\"https:\/\/ici.radio-canada.ca\/nouvelle\/1318625\/forte-mobilisation-greve-mondiale-climat-greta-thunberg\">occasion de la marche pour le climat<\/a>.<\/p>\n<p><script id=\"infogram_0_8486c35d-51d3-4e7a-99a5-ef9a7968de8e\" title=\"VLESSN fig1\" src=\"https:\/\/e.infogram.com\/js\/dist\/embed.js?1sY\" type=\"text\/javascript\"><\/script><\/p>\n<p>Le poids m\u00e9diatique accord\u00e9 aux cinq autres enjeux est plus faible, et aucun ne se d\u00e9marque. Dans les m\u00e9dias anglophones, 16,8\u00a0% des enjeux abord\u00e9s concernaient les relations internationales ; 14,1\u00a0%, les affaires gouvernementales ; 12,4\u00a0%, la sant\u00e9 ; 12,2\u00a0%, l\u2019immigration et la religion ; et 8 %, l\u2019environnement et l\u2019\u00e9nergie. Dans les m\u00e9dias francophones, 15,9\u00a0% des enjeux traitaient des affaires gouvernementales ; 14,3\u00a0%, des relations internationales ; 12,4\u00a0%, de la sant\u00e9 ; 11,6 %, de l\u2019environnement et de l\u2019\u00e9nergie ; et 9,4\u00a0%, de l\u2019immigration et de la religion. L\u2019environnement a donc \u00e9t\u00e9 un peu plus souvent en une dans les m\u00e9dias francophones, \u00a0et l\u2019immigration et la religion un peu moins, mais autrement, les diff\u00e9rences ne sont pas tr\u00e8s grandes. Dans les m\u00e9dias des deux langues, on constate des fluctuations quotidiennes assez importantes et peu de tendances lourdes, \u00e0 la hausse ou \u00e0 la baisse, tout au long de la campagne.<\/p>\n<p class=\"dropcap\">La figure 2 montre les r\u00e9sultats d\u2019une analyse similaire, mais qui est fond\u00e9e cette fois sur les opinions des r\u00e9pondants \u00e0 la question\u00a0de la Boussole \u00e9lectorale\u00a0: \u00ab Quel est l&rsquo;enjeu politique le plus important selon vous ?\u00a0\u00bb (Les r\u00e9pondants pouvaient d\u00e9crire cet enjeu avec leurs propres mots et certains ont indiqu\u00e9 plus d\u2019un enjeu.) Les r\u00e9sultats ont \u00e9t\u00e9 pond\u00e9r\u00e9s de mani\u00e8re \u00e0 les rapprocher de ceux d\u2019un \u00e9chantillon repr\u00e9sentatif de la population canadienne. Parmi les anglophones, l\u2019\u00e9conomie occupe toujours le premier rang (43,4\u00a0% des r\u00e9ponses), suivie par l\u2019environnement et l\u2019\u00e9nergie (20,6\u00a0%), la sant\u00e9 (13,6\u00a0%), l\u2019immigration et la religion (5,7\u00a0%), les relations internationales (3\u00a0%) et les affaires gouvernementales (1,2\u00a0%). Chez les francophones, le portrait est invers\u00e9\u00a0: l\u2019environnement arrive largement en t\u00eate (51,4\u00a0%), alors que l\u2019\u00e9conomie se trouve en deuxi\u00e8me place (23,9\u00a0%). La sant\u00e9 constitue 10,4\u00a0% des enjeux indiqu\u00e9s par les r\u00e9pondants, suivie par l\u2019immigration et la religion (4,2\u00a0%), les affaires gouvernementales (1,2\u00a0%) et les relations internationales (0,6\u00a0%).<\/p>\n<p><script id=\"infogram_0_b0340eb7-8c8b-445c-9b51-9560f18a5141\" title=\"VLESSN fig2\" src=\"https:\/\/e.infogram.com\/js\/dist\/embed.js?7Cm\" type=\"text\/javascript\"><\/script><\/p>\n<p>En comparant l\u2019analyse du contenu m\u00e9diatique et celle des enjeux les plus importants pour les Canadiens, on obtient deux portraits assez diff\u00e9rents de la campagne, en particulier du c\u00f4t\u00e9 francophone. Si la pr\u00e9dominance de la question environnementale chez les r\u00e9pondants francophones trouve un certain \u00e9cho dans les m\u00e9dias \u2015 la figure 1 montre en effet qu\u2019elle a \u00e9t\u00e9 en une \u00e0 quelques reprises \u2015, l\u2019\u00e9conomie reste l\u2019enjeu le plus abord\u00e9 par les m\u00e9dias des deux langues. Par contre, si on consid\u00e8re la moyenne du poids m\u00e9diatique de chaque enjeu tout au long de la campagne, on note que l\u2019environnement se trouve \u00e0 l\u2019avant-dernier rang dans les m\u00e9dias anglophones et au dernier rang des m\u00e9dias francophones. Du c\u00f4t\u00e9 anglophone, il y a une bonne correspondance entre l\u2019importance m\u00e9diatique accord\u00e9e aux enjeux \u2015 notamment l\u2019\u00e9conomie, qui se trouve en premi\u00e8re place \u2015 et les priorit\u00e9s des r\u00e9pondants anglophones.<\/p>\n<p>Par ailleurs, d\u2019une journ\u00e9e \u00e0 l\u2019autre, la couverture m\u00e9diatique des enjeux fluctue davantage que les opinions des r\u00e9pondants de la Boussole \u00e9lectorale sur ces m\u00eames enjeux. Les priorit\u00e9s des citoyens ne sont donc pas le reflet impulsif d\u2019une couverture m\u00e9diatique sensationnelle, mais rel\u00e8vent plut\u00f4t d\u2019avis assez stables \u00e0 travers le temps.<\/p>\n<p>En effet, selon nos donn\u00e9es, il semble que les Canadiens ne se basent pas n\u00e9cessairement sur les m\u00e9dias pour d\u00e9terminer les enjeux les plus importants pour eux (bien que notre analyse ne tienne pas compte des m\u00e9dias sociaux). Cela est particuli\u00e8rement vrai au Qu\u00e9bec, o\u00f9 l\u2019environnement est demeur\u00e9 l\u2019enjeu prioritaire des citoyens tout au long de la campagne, malgr\u00e9 une couverture m\u00e9diatique moindre et fluctuante. Quant \u00e0 la sant\u00e9 \u2015 le troisi\u00e8me enjeu nomm\u00e9 par les r\u00e9pondants \u2015, sa mont\u00e9e en importance chez les r\u00e9pondants des deux langues pourrait \u00eatre li\u00e9e \u00e0 l\u2019int\u00e9r\u00eat que suscitaient des dossiers du NPD, dont le principal cheval de bataille \u00e9tait l\u2019assurance m\u00e9dicaments universelle. Le NPD a en effet vu ses appuis augmenter au cours de la campagne. Il est donc int\u00e9ressant de constater que les m\u00e9dias, en contrepartie, n\u2019ont pas accord\u00e9 une importance grandissante \u00e0 cet enjeu au fil du temps, bien que la sant\u00e9 ait connu quelques journ\u00e9es de couverture m\u00e9diatique plus intense \u00e0 certains moments de la campagne, et cela dans les m\u00e9dias des deux langues.<\/p>\n<p>Somme toute, les diff\u00e9rences entre la couverture m\u00e9diatique moyenne francophone et anglophone sont faibles, mais les \u00e9carts entre les opinions des francophones et des anglophones sont consid\u00e9rables. L\u2019environnement repr\u00e9sente l\u2019enjeu prioritaire chez les premiers, et l\u2019\u00e9conomie chez les deuxi\u00e8mes. Encore plus \u00e9tonnant est le fait que, durant la pr\u00e9c\u00e9dente campagne \u00e9lectorale, les deux groupes linguistiques priorisaient l\u2019\u00e9conomie par rapport \u00e0 l\u2019environnement, selon l\u2019analyse des donn\u00e9es de la Boussole \u00e9lectorale 2015. Il est aussi frappant que l\u2019immigration et la religion, des enjeux de grande actualit\u00e9 au Qu\u00e9bec, ont \u00e9t\u00e9 abord\u00e9es un peu plus par les m\u00e9dias anglophones. Ces donn\u00e9es nous am\u00e8nent \u00e0 \u00e9mettre l\u2019hypoth\u00e8se que la question environnementale s\u2019est impos\u00e9e durant la pr\u00e9sente campagne \u00e0 cause de la division entre le Qu\u00e9bec et les provinces de l\u2019Ouest sur les enjeux \u00e9nerg\u00e9tiques. L\u2019environnement serait-il le nouveau symbole du nationalisme qu\u00e9b\u00e9cois ?<\/p>\n<p><em>Cet article est le fruit d&rsquo;une collaboration entre la <\/em><em>Chaire de leadership en enseignement des sciences sociales num\u00e9riques (CLESSN) et Vox Pop Labs (VPL). Ont particip\u00e9 \u00e0 la r\u00e9flexion th\u00e9orique, \u00e0 la collecte de donn\u00e9es, \u00e0 l\u2019analyse et \u00e0 l\u2019\u00e9criture Christophe Ashworth, Olivier Banville, Alexis Bibeau-Gagnon, Adrien Cloutier, Yannick Dufresne, Alexandre Fortier-Chouinard, Nadjim Fr\u00e9chet, Catherine Ouellet, William Poirier, Marc-Antoine Rancourt et Camille Tremblay-Antoine de la CLESSN, et Cara Poblador, Jonathan Salis, Justin Savoie et Clifton van der Linden de VPL.<\/em><\/p>\n<p><span class=\"image-caption\">Photo\u00a0: Shutterstock \/ Khakimullin Aleksandr<\/span><\/p>\n<hr \/>\n<p><em>Souhaitez-vous r\u00e9agir \u00e0 cet article ? <\/em><em>Joignez-vous aux d\u00e9bats d\u2019<\/em>Options politiques\u00a0<em>et soumettez-nous votre texte en suivant ces\u00a0<\/em><a href=\"https:\/\/potestlaunch.irpp.org\/fr\/article-submission\/\"><em>directives<\/em><\/a><em>. <\/em><em>| Do you have something to say about the article you just read? Be part of the\u00a0<\/em>Policy Options<em>\u00a0discussion, and send in your own submission.\u00a0Here is a\u00a0<\/em><a href=\"https:\/\/potestlaunch.irpp.org\/article-submission\/\"><em>link<\/em><\/a><em>\u00a0on how to do it.\u00a0<\/em><\/p>\n","protected":false},"excerpt":{"rendered":"<p>Les bonnes performances d\u2019Yves-Fran\u00e7ois Blanchet et de Jagmeet Singh aux d\u00e9bats des chefs, les d\u00e9clarations pass\u00e9es d\u2019Andrew Scheer sur l\u2019avortement, la participation de plusieurs chefs f\u00e9d\u00e9raux \u00e0 la marche pour le climat \u00e0 Montr\u00e9al, ou encore les r\u00e9actions au blackface de Justin Trudeau ; plusieurs de ces \u00e9v\u00e9nements ont fait les manchettes et aliment\u00e9 les [&hellip;]<\/p>\n","protected":false},"featured_media":86067,"template":"","meta":{"_acf_changed":false,"content-type":"","ep_exclude_from_search":false},"categories":[9361,9385,9372],"tags":[9256,8368],"article-status":[],"irpp-category":[4234,4250,4260],"section":[],"irpp-tag":[7042,7164],"class_list":["post-202407","issues","type-issues","status-publish","has-post-thumbnail","hentry","category-environnement","category-medias-et-culture","category-recent-stories-fr","tag-elections-provinciales","tag-quebec-fr","irpp-category-democracy","irpp-category-democratie","irpp-category-environment","irpp-tag-quebec"],"acf":[],"yoast_head":"<!-- This site is optimized with the Yoast SEO plugin v25.2 - https:\/\/yoast.com\/wordpress\/plugins\/seo\/ -->\n<title>Enjeux prioritaires des \u00e9lecteurs et reflet m\u00e9diatique<\/title>\n<meta name=\"description\" content=\"Alors que l\u2019\u00e9conomie \u00e9tait le plus souvent \u00e0 la une des m\u00e9dias des deux langues pendant la campagne, les francophones priorisaient l\u2019environnement.\" \/>\n<meta name=\"robots\" content=\"index, follow, max-snippet:-1, max-image-preview:large, max-video-preview:-1\" \/>\n<link rel=\"canonical\" href=\"https:\/\/potestlaunch.irpp.org\/fr\/2020\/01\/enjeux-prioritaires-des-electeurs-et-reflet-mediatique\/\" \/>\n<meta property=\"og:locale\" content=\"fr_FR\" \/>\n<meta property=\"og:type\" content=\"article\" \/>\n<meta property=\"og:title\" content=\"Enjeux prioritaires des \u00e9lecteurs et reflet m\u00e9diatique\" \/>\n<meta property=\"og:description\" content=\"Alors que l\u2019\u00e9conomie \u00e9tait le plus souvent \u00e0 la une des m\u00e9dias des deux langues pendant la campagne, les francophones priorisaient l\u2019environnement.\" \/>\n<meta property=\"og:url\" content=\"https:\/\/potestlaunch.irpp.org\/fr\/2020\/01\/enjeux-prioritaires-des-electeurs-et-reflet-mediatique\/\" \/>\n<meta property=\"og:site_name\" content=\"Policy Options\" \/>\n<meta property=\"article:publisher\" content=\"https:\/\/www.facebook.com\/IRPP.org\" \/>\n<meta property=\"article:modified_time\" content=\"2025-04-14T08:50:46+00:00\" \/>\n<meta property=\"og:image\" content=\"https:\/\/potestlaunch.irpp.org\/wp-content\/uploads\/2020\/01\/Facebook-Enjeux-prioritaires-des-e\u0301lecteurs-et-reflet-me\u0301diatique.jpg\" \/>\n\t<meta property=\"og:image:width\" content=\"1200\" \/>\n\t<meta property=\"og:image:height\" content=\"628\" \/>\n\t<meta property=\"og:image:type\" content=\"image\/jpeg\" \/>\n<meta name=\"twitter:card\" content=\"summary_large_image\" \/>\n<meta name=\"twitter:image\" content=\"https:\/\/potestlaunch.irpp.org\/wp-content\/uploads\/2020\/01\/Twitter-Enjeux-prioritaires-des-e\u0301lecteurs-et-reflet-me\u0301diatique.jpg\" \/>\n<meta name=\"twitter:site\" content=\"@irpp\" \/>\n<meta name=\"twitter:label1\" content=\"Est. reading time\" \/>\n\t<meta name=\"twitter:data1\" content=\"8 minutes\" \/>\n<script type=\"application\/ld+json\" class=\"yoast-schema-graph\">{\"@context\":\"https:\/\/schema.org\",\"@graph\":[{\"@type\":\"WebPage\",\"@id\":\"https:\/\/potestlaunch.irpp.org\/fr\/2020\/01\/enjeux-prioritaires-des-electeurs-et-reflet-mediatique\/\",\"url\":\"https:\/\/potestlaunch.irpp.org\/fr\/2020\/01\/enjeux-prioritaires-des-electeurs-et-reflet-mediatique\/\",\"name\":\"Enjeux prioritaires des \u00e9lecteurs et reflet m\u00e9diatique\",\"isPartOf\":{\"@id\":\"https:\/\/potestlaunch.irpp.org\/fr\/#website\"},\"primaryImageOfPage\":{\"@id\":\"https:\/\/potestlaunch.irpp.org\/fr\/2020\/01\/enjeux-prioritaires-des-electeurs-et-reflet-mediatique\/#primaryimage\"},\"image\":{\"@id\":\"https:\/\/potestlaunch.irpp.org\/fr\/2020\/01\/enjeux-prioritaires-des-electeurs-et-reflet-mediatique\/#primaryimage\"},\"thumbnailUrl\":\"https:\/\/potestlaunch.irpp.org\/wp-content\/uploads\/2020\/01\/sondage.jpg\",\"datePublished\":\"2020-01-15T16:31:38+00:00\",\"dateModified\":\"2025-04-14T08:50:46+00:00\",\"description\":\"Alors que l\u2019\u00e9conomie \u00e9tait le plus souvent \u00e0 la une des m\u00e9dias des deux langues pendant la campagne, les francophones priorisaient l\u2019environnement.\",\"breadcrumb\":{\"@id\":\"https:\/\/potestlaunch.irpp.org\/fr\/2020\/01\/enjeux-prioritaires-des-electeurs-et-reflet-mediatique\/#breadcrumb\"},\"inLanguage\":\"fr-FR\",\"potentialAction\":[{\"@type\":\"ReadAction\",\"target\":[\"https:\/\/potestlaunch.irpp.org\/fr\/2020\/01\/enjeux-prioritaires-des-electeurs-et-reflet-mediatique\/\"]}]},{\"@type\":\"ImageObject\",\"inLanguage\":\"fr-FR\",\"@id\":\"https:\/\/potestlaunch.irpp.org\/fr\/2020\/01\/enjeux-prioritaires-des-electeurs-et-reflet-mediatique\/#primaryimage\",\"url\":\"https:\/\/potestlaunch.irpp.org\/wp-content\/uploads\/2020\/01\/sondage.jpg\",\"contentUrl\":\"https:\/\/potestlaunch.irpp.org\/wp-content\/uploads\/2020\/01\/sondage.jpg\",\"width\":2000,\"height\":700},{\"@type\":\"BreadcrumbList\",\"@id\":\"https:\/\/potestlaunch.irpp.org\/fr\/2020\/01\/enjeux-prioritaires-des-electeurs-et-reflet-mediatique\/#breadcrumb\",\"itemListElement\":[{\"@type\":\"ListItem\",\"position\":1,\"name\":\"Home\",\"item\":\"https:\/\/potestlaunch.irpp.org\/fr\/\"},{\"@type\":\"ListItem\",\"position\":2,\"name\":\"Enjeux prioritaires des \u00e9lecteurs et reflet m\u00e9diatique\"}]},{\"@type\":\"WebSite\",\"@id\":\"https:\/\/potestlaunch.irpp.org\/fr\/#website\",\"url\":\"https:\/\/potestlaunch.irpp.org\/fr\/\",\"name\":\"Policy Options\",\"description\":\"Institute for Research on Public Policy\",\"publisher\":{\"@id\":\"https:\/\/potestlaunch.irpp.org\/fr\/#organization\"},\"potentialAction\":[{\"@type\":\"SearchAction\",\"target\":{\"@type\":\"EntryPoint\",\"urlTemplate\":\"https:\/\/potestlaunch.irpp.org\/fr\/?s={search_term_string}\"},\"query-input\":{\"@type\":\"PropertyValueSpecification\",\"valueRequired\":true,\"valueName\":\"search_term_string\"}}],\"inLanguage\":\"fr-FR\"},{\"@type\":\"Organization\",\"@id\":\"https:\/\/potestlaunch.irpp.org\/fr\/#organization\",\"name\":\"Policy Options\",\"url\":\"https:\/\/potestlaunch.irpp.org\/fr\/\",\"logo\":{\"@type\":\"ImageObject\",\"inLanguage\":\"fr-FR\",\"@id\":\"https:\/\/potestlaunch.irpp.org\/fr\/#\/schema\/logo\/image\/\",\"url\":\"https:\/\/potestlaunch.irpp.org\/wp-content\/uploads\/2024\/11\/PolicyOptions_Logo.png\",\"contentUrl\":\"https:\/\/potestlaunch.irpp.org\/wp-content\/uploads\/2024\/11\/PolicyOptions_Logo.png\",\"width\":1200,\"height\":365,\"caption\":\"Policy Options\"},\"image\":{\"@id\":\"https:\/\/potestlaunch.irpp.org\/fr\/#\/schema\/logo\/image\/\"},\"sameAs\":[\"https:\/\/www.facebook.com\/IRPP.org\",\"https:\/\/x.com\/irpp\"]}]}<\/script>\n<!-- \/ Yoast SEO plugin. -->","yoast_head_json":{"title":"Enjeux prioritaires des \u00e9lecteurs et reflet m\u00e9diatique","description":"Alors que l\u2019\u00e9conomie \u00e9tait le plus souvent \u00e0 la une des m\u00e9dias des deux langues pendant la campagne, les francophones priorisaient l\u2019environnement.","robots":{"index":"index","follow":"follow","max-snippet":"max-snippet:-1","max-image-preview":"max-image-preview:large","max-video-preview":"max-video-preview:-1"},"canonical":"https:\/\/potestlaunch.irpp.org\/fr\/2020\/01\/enjeux-prioritaires-des-electeurs-et-reflet-mediatique\/","og_locale":"fr_FR","og_type":"article","og_title":"Enjeux prioritaires des \u00e9lecteurs et reflet m\u00e9diatique","og_description":"Alors que l\u2019\u00e9conomie \u00e9tait le plus souvent \u00e0 la une des m\u00e9dias des deux langues pendant la campagne, les francophones priorisaient l\u2019environnement.","og_url":"https:\/\/potestlaunch.irpp.org\/fr\/2020\/01\/enjeux-prioritaires-des-electeurs-et-reflet-mediatique\/","og_site_name":"Policy Options","article_publisher":"https:\/\/www.facebook.com\/IRPP.org","article_modified_time":"2025-04-14T08:50:46+00:00","og_image":[{"width":1200,"height":628,"url":"https:\/\/potestlaunch.irpp.org\/wp-content\/uploads\/2020\/01\/Facebook-Enjeux-prioritaires-des-e\u0301lecteurs-et-reflet-me\u0301diatique.jpg","type":"image\/jpeg"}],"twitter_card":"summary_large_image","twitter_image":"https:\/\/potestlaunch.irpp.org\/wp-content\/uploads\/2020\/01\/Twitter-Enjeux-prioritaires-des-e\u0301lecteurs-et-reflet-me\u0301diatique.jpg","twitter_site":"@irpp","twitter_misc":{"Est. reading time":"8 minutes"},"schema":{"@context":"https:\/\/schema.org","@graph":[{"@type":"WebPage","@id":"https:\/\/potestlaunch.irpp.org\/fr\/2020\/01\/enjeux-prioritaires-des-electeurs-et-reflet-mediatique\/","url":"https:\/\/potestlaunch.irpp.org\/fr\/2020\/01\/enjeux-prioritaires-des-electeurs-et-reflet-mediatique\/","name":"Enjeux prioritaires des \u00e9lecteurs et reflet m\u00e9diatique","isPartOf":{"@id":"https:\/\/potestlaunch.irpp.org\/fr\/#website"},"primaryImageOfPage":{"@id":"https:\/\/potestlaunch.irpp.org\/fr\/2020\/01\/enjeux-prioritaires-des-electeurs-et-reflet-mediatique\/#primaryimage"},"image":{"@id":"https:\/\/potestlaunch.irpp.org\/fr\/2020\/01\/enjeux-prioritaires-des-electeurs-et-reflet-mediatique\/#primaryimage"},"thumbnailUrl":"https:\/\/potestlaunch.irpp.org\/wp-content\/uploads\/2020\/01\/sondage.jpg","datePublished":"2020-01-15T16:31:38+00:00","dateModified":"2025-04-14T08:50:46+00:00","description":"Alors que l\u2019\u00e9conomie \u00e9tait le plus souvent \u00e0 la une des m\u00e9dias des deux langues pendant la campagne, les francophones priorisaient l\u2019environnement.","breadcrumb":{"@id":"https:\/\/potestlaunch.irpp.org\/fr\/2020\/01\/enjeux-prioritaires-des-electeurs-et-reflet-mediatique\/#breadcrumb"},"inLanguage":"fr-FR","potentialAction":[{"@type":"ReadAction","target":["https:\/\/potestlaunch.irpp.org\/fr\/2020\/01\/enjeux-prioritaires-des-electeurs-et-reflet-mediatique\/"]}]},{"@type":"ImageObject","inLanguage":"fr-FR","@id":"https:\/\/potestlaunch.irpp.org\/fr\/2020\/01\/enjeux-prioritaires-des-electeurs-et-reflet-mediatique\/#primaryimage","url":"https:\/\/potestlaunch.irpp.org\/wp-content\/uploads\/2020\/01\/sondage.jpg","contentUrl":"https:\/\/potestlaunch.irpp.org\/wp-content\/uploads\/2020\/01\/sondage.jpg","width":2000,"height":700},{"@type":"BreadcrumbList","@id":"https:\/\/potestlaunch.irpp.org\/fr\/2020\/01\/enjeux-prioritaires-des-electeurs-et-reflet-mediatique\/#breadcrumb","itemListElement":[{"@type":"ListItem","position":1,"name":"Home","item":"https:\/\/potestlaunch.irpp.org\/fr\/"},{"@type":"ListItem","position":2,"name":"Enjeux prioritaires des \u00e9lecteurs et reflet m\u00e9diatique"}]},{"@type":"WebSite","@id":"https:\/\/potestlaunch.irpp.org\/fr\/#website","url":"https:\/\/potestlaunch.irpp.org\/fr\/","name":"Policy Options","description":"Institute for Research on Public Policy","publisher":{"@id":"https:\/\/potestlaunch.irpp.org\/fr\/#organization"},"potentialAction":[{"@type":"SearchAction","target":{"@type":"EntryPoint","urlTemplate":"https:\/\/potestlaunch.irpp.org\/fr\/?s={search_term_string}"},"query-input":{"@type":"PropertyValueSpecification","valueRequired":true,"valueName":"search_term_string"}}],"inLanguage":"fr-FR"},{"@type":"Organization","@id":"https:\/\/potestlaunch.irpp.org\/fr\/#organization","name":"Policy Options","url":"https:\/\/potestlaunch.irpp.org\/fr\/","logo":{"@type":"ImageObject","inLanguage":"fr-FR","@id":"https:\/\/potestlaunch.irpp.org\/fr\/#\/schema\/logo\/image\/","url":"https:\/\/potestlaunch.irpp.org\/wp-content\/uploads\/2024\/11\/PolicyOptions_Logo.png","contentUrl":"https:\/\/potestlaunch.irpp.org\/wp-content\/uploads\/2024\/11\/PolicyOptions_Logo.png","width":1200,"height":365,"caption":"Policy Options"},"image":{"@id":"https:\/\/potestlaunch.irpp.org\/fr\/#\/schema\/logo\/image\/"},"sameAs":["https:\/\/www.facebook.com\/IRPP.org","https:\/\/x.com\/irpp"]}]}},"_links":{"self":[{"href":"https:\/\/potestlaunch.irpp.org\/fr\/wp-json\/wp\/v2\/issues\/202407","targetHints":{"allow":["GET"]}}],"collection":[{"href":"https:\/\/potestlaunch.irpp.org\/fr\/wp-json\/wp\/v2\/issues"}],"about":[{"href":"https:\/\/potestlaunch.irpp.org\/fr\/wp-json\/wp\/v2\/types\/issues"}],"wp:featuredmedia":[{"embeddable":true,"href":"https:\/\/potestlaunch.irpp.org\/fr\/wp-json\/wp\/v2\/media\/86067"}],"wp:attachment":[{"href":"https:\/\/potestlaunch.irpp.org\/fr\/wp-json\/wp\/v2\/media?parent=202407"}],"wp:term":[{"taxonomy":"category","embeddable":true,"href":"https:\/\/potestlaunch.irpp.org\/fr\/wp-json\/wp\/v2\/categories?post=202407"},{"taxonomy":"post_tag","embeddable":true,"href":"https:\/\/potestlaunch.irpp.org\/fr\/wp-json\/wp\/v2\/tags?post=202407"},{"taxonomy":"article-status","embeddable":true,"href":"https:\/\/potestlaunch.irpp.org\/fr\/wp-json\/wp\/v2\/article-status?post=202407"},{"taxonomy":"irpp-category","embeddable":true,"href":"https:\/\/potestlaunch.irpp.org\/fr\/wp-json\/wp\/v2\/irpp-category?post=202407"},{"taxonomy":"section","embeddable":true,"href":"https:\/\/potestlaunch.irpp.org\/fr\/wp-json\/wp\/v2\/section?post=202407"},{"taxonomy":"irpp-tag","embeddable":true,"href":"https:\/\/potestlaunch.irpp.org\/fr\/wp-json\/wp\/v2\/irpp-tag?post=202407"}],"curies":[{"name":"wp","href":"https:\/\/api.w.org\/{rel}","templated":true}]}}